{"id":5104,"date":"2025-11-26T15:19:30","date_gmt":"2025-11-26T14:19:30","guid":{"rendered":"https:\/\/www.edelweiss.at\/the-edelweiss\/impressions\/"},"modified":"2026-03-26T10:20:08","modified_gmt":"2026-03-26T09:20:08","slug":"impressions","status":"publish","type":"page","link":"https:\/\/www.edelweiss.at\/en\/the-edelweiss\/impressions\/","title":{"rendered":"Impressions"},"content":{"rendered":"<p>[et_pb_section fb_built=&#8221;1&#8243; _builder_version=&#8221;4.27.4&#8243; _module_preset=&#8221;default&#8221; global_colors_info=&#8221;{}&#8221;][et_pb_row _builder_version=&#8221;4.27.4&#8243; _module_preset=&#8221;default&#8221; global_colors_info=&#8221;{}&#8221;][et_pb_column type=&#8221;4_4&#8243; _builder_version=&#8221;4.27.4&#8243; _module_preset=&#8221;default&#8221; global_colors_info=&#8221;{}&#8221;][et_pb_heading title=&#8221;Impressions&#8221; _builder_version=&#8221;4.27.4&#8243; _module_preset=&#8221;default&#8221; title_font=&#8221;Oswald||||||||&#8221; global_colors_info=&#8221;{}&#8221;][\/et_pb_heading][\/et_pb_column][\/et_pb_row][et_pb_row column_structure=&#8221;3_5,2_5&#8243; _builder_version=&#8221;4.27.4&#8243; _module_preset=&#8221;default&#8221; global_colors_info=&#8221;{}&#8221;][et_pb_column type=&#8221;3_5&#8243; _builder_version=&#8221;4.27.4&#8243; _module_preset=&#8221;default&#8221; global_colors_info=&#8221;{}&#8221;][dipl_masonry_gallery image_ids=&#8221;1705,207,206,1709,1718,9234,1734,1742,1744,9235,1745,9232,1760,1762,1764,1766,1767,1768,1769,1771,1773,1775,1776,1779,1782,1790,1794,1801,1804,1806,1813,1816,2570,2615,2619,2617,2430,2431,2432,2434,2436,1791,1729&#8243; number_of_columns=&#8221;3&#8243; disable_lazy_loading=&#8221;off&#8221; _builder_version=&#8221;4.27.6&#8243; _module_preset=&#8221;default&#8221; hover_enabled=&#8221;0&#8243; global_colors_info=&#8221;{}&#8221; sticky_enabled=&#8221;0&#8243;][\/dipl_masonry_gallery][\/et_pb_column][et_pb_column type=&#8221;2_5&#8243; _builder_version=&#8221;4.27.4&#8243; _module_preset=&#8221;default&#8221; global_colors_info=&#8221;{}&#8221;][et_pb_text _builder_version=&#8221;4.27.4&#8243; _module_preset=&#8221;064f11a0-6b82-4885-81c2-e85da605fa3c&#8221; global_colors_info=&#8221;{}&#8221;]<\/p>\n<blockquote>\n<p>At the Hotel Edelweiss in Lermoos you can expect atmospheric impressions:<\/p>\n<p>&nbsp;<\/p>\n<p>Alpine elegance, a warm atmosphere and impressive views that promise unforgettable vacation moments.<\/p>\n<\/blockquote>\n<p>[\/et_pb_text][\/et_pb_column][\/et_pb_row][\/et_pb_section]<\/p>\n","protected":false},"excerpt":{"rendered":"<p><div class=\"et_pb_module dipl_masonry_gallery dipl_masonry_gallery_0\">\n\t\t\t\t\n\t\t\t\t\n\t\t\t\t\n\t\t\t\t\n\t\t\t\t\n\t\t\t\t\n\t\t\t\t<div class=\"et_pb_module_inner\">\n\t\t\t\t\t<div class=\"dipl_masonry_gallery_wrapper\">\n\t\t\t\t<div class=\"dipl_masonry_gallery_item_gutter\"><\/div>\n\t\t\t\t<div class=\"dipl_masonry_gallery_item\">\n\t\t\t\t\t\t<div class=\"dipl_masonry_gallery_image_wrapper\"><img width=\"300\" height=\"211\" src=\"https:\/\/www.edelweiss.at\/wp-content\/uploads\/2025\/09\/Edelweiss-Schild-300x211.jpg\" class=\"attachment-medium size-medium\" alt=\"Modernes Hotel-Schild mit blauer Blumenillustration und Hotelnamen, 4-Sterne-Hotel in Wien, entspannte Urlaubsatmosph\u00e4re, gepflegte Blumenrabatte, stilvolle Unterkunft, erlebnisreicher Aufenthalt.\" decoding=\"async\" \/> <\/div>\n\t\t\t\t\t\t\n\t\t\t\t\t<\/div><div class=\"dipl_masonry_gallery_item\">\n\t\t\t\t\t\t<div class=\"dipl_masonry_gallery_image_wrapper\"><img width=\"300\" height=\"200\" src=\"https:\/\/www.edelweiss.at\/wp-content\/uploads\/2025\/09\/1-Bar_Theke_3-300x200.jpg\" class=\"attachment-medium size-medium\" alt=\"\" decoding=\"async\" \/> <\/div>\n\t\t\t\t\t\t\n\t\t\t\t\t<\/div><div class=\"dipl_masonry_gallery_item\">\n\t\t\t\t\t\t<div class=\"dipl_masonry_gallery_image_wrapper\"><img width=\"300\" height=\"200\" src=\"https:\/\/www.edelweiss.at\/wp-content\/uploads\/2025\/09\/Bar-oben-Tisch-300x200.jpg\" class=\"attachment-medium size-medium\" alt=\"\" decoding=\"async\" \/> <\/div>\n\t\t\t\t\t\t\n\t\t\t\t\t<\/div><div class=\"dipl_masonry_gallery_item\">\n\t\t\t\t\t\t<div class=\"dipl_masonry_gallery_image_wrapper\"><img width=\"300\" height=\"193\" src=\"https:\/\/www.edelweiss.at\/wp-content\/uploads\/2025\/09\/Empfangshalle-300x193.jpg\" class=\"attachment-medium size-medium\" alt=\"Eleganter Hotellobby mit holzvert\u00e4feltem Decken, Lounge-Bereich und Empfangstresen, ideal f\u00fcr einen angenehmen Aufenthalt in Eilweile, \u00d6sterreich.\" decoding=\"async\" \/> <\/div>\n\t\t\t\t\t\t\n\t\t\t\t\t<\/div><div class=\"dipl_masonry_gallery_item\">\n\t\t\t\t\t\t<div class=\"dipl_masonry_gallery_image_wrapper\"><img width=\"300\" height=\"202\" src=\"https:\/\/www.edelweiss.at\/wp-content\/uploads\/2025\/09\/Fruehstueckskoechin-300x202.jpg\" class=\"attachment-medium size-medium\" alt=\"Fr\u00f6hliche K\u00f6chin beim Braten in einer traditionellen Tiroler K\u00fcche mit Holzregalen und gem\u00fctlicher Atmosph\u00e4re.\" decoding=\"async\" \/> <\/div>\n\t\t\t\t\t\t\n\t\t\t\t\t<\/div><div class=\"dipl_masonry_gallery_item\">\n\t\t\t\t\t\t<div class=\"dipl_masonry_gallery_image_wrapper\"><img width=\"300\" height=\"200\" src=\"https:\/\/www.edelweiss.at\/wp-content\/uploads\/2026\/03\/Dessertbuffet-Edelweiss-300x200.jpg\" class=\"attachment-medium size-medium\" alt=\"Dessertbuffet mit vielen K\u00f6stlichkeiten, kleinen K\u00fcchlein und feinen Patisserie. Ein helles freundliches Buffet, das f\u00fcr einen erholsamen und gen\u00fcsslichen Aufenthalt sorgt.\" decoding=\"async\" \/> <\/div>\n\t\t\t\t\t\t\n\t\t\t\t\t<\/div><div class=\"dipl_masonry_gallery_item\">\n\t\t\t\t\t\t<div class=\"dipl_masonry_gallery_image_wrapper\"><img width=\"210\" height=\"300\" src=\"https:\/\/www.edelweiss.at\/wp-content\/uploads\/2025\/09\/Abendessen-210x300.jpg\" class=\"attachment-medium size-medium\" alt=\"Eleganter festlicher Tisch mit Kerzen, WeinGl\u00e4sern und Blumendekor f\u00fcr Hochzeiten oder Events bei Edelweiss.\" decoding=\"async\" \/> <\/div>\n\t\t\t\t\t\t\n\t\t\t\t\t<\/div><div class=\"dipl_masonry_gallery_item\">\n\t\t\t\t\t\t<div class=\"dipl_masonry_gallery_image_wrapper\"><img width=\"300\" height=\"183\" src=\"https:\/\/www.edelweiss.at\/wp-content\/uploads\/2025\/09\/Bauernstube-300x183.jpg\" class=\"attachment-medium size-medium\" alt=\"Gem\u00fctliches Restaurant mit traditioneller holzvert\u00e4felter Einrichtung und rustikalem Charme, perfekt f\u00fcr authentische \u00f6sterreichische K\u00fcche.\" decoding=\"async\" \/> <\/div>\n\t\t\t\t\t\t\n\t\t\t\t\t<\/div><div class=\"dipl_masonry_gallery_item\">\n\t\t\t\t\t\t<div class=\"dipl_masonry_gallery_image_wrapper\"><img width=\"300\" height=\"183\" src=\"https:\/\/www.edelweiss.at\/wp-content\/uploads\/2025\/09\/Bauernstube2-300x183.jpg\" class=\"attachment-medium size-medium\" alt=\"Dekorierter Esstisch in einem gem\u00fctlichen Restaurant, elegante Wei\u00dfweingl\u00e4ser, Blumen in einer Vase, Holzdekoration, traditionelle alpine Atmosph\u00e4re, perfekt f\u00fcr Urlaubs- und Wellnessurlaub in \u00d6sterreich.\" decoding=\"async\" \/> <\/div>\n\t\t\t\t\t\t\n\t\t\t\t\t<\/div><div class=\"dipl_masonry_gallery_item\">\n\t\t\t\t\t\t<div class=\"dipl_masonry_gallery_image_wrapper\"><img width=\"300\" height=\"200\" src=\"https:\/\/www.edelweiss.at\/wp-content\/uploads\/2026\/03\/Salatbuffet-300x200.jpg\" class=\"attachment-medium size-medium\" alt=\"modernes Salatbuffet in einem eleganten Hotel, offen gestaltet mit Stein, viel Licht, internationale Speisen und gem\u00fctliche Atmosph\u00e4re, ideal f\u00fcr einen erholsamen Aufenthalt am Fu\u00dfe der Zugspitze\" decoding=\"async\" \/> <\/div>\n\t\t\t\t\t\t\n\t\t\t\t\t<\/div><div class=\"dipl_masonry_gallery_item\">\n\t\t\t\t\t\t<div class=\"dipl_masonry_gallery_image_wrapper\"><img width=\"300\" height=\"200\" src=\"https:\/\/www.edelweiss.at\/wp-content\/uploads\/2025\/09\/Dessertbuffet-300x200.jpg\" class=\"attachment-medium size-medium\" alt=\"Leckeres Kuchenbuffet im Hotel Edelweiss in \u00d6sterreich, mit traditionellen Backwaren und s\u00fc\u00dfen Spezialit\u00e4ten. Perfekt f\u00fcr genussvolle Fr\u00fchst\u00fccke und Nachmittagskaffee.\" decoding=\"async\" \/> <\/div>\n\t\t\t\t\t\t\n\t\t\t\t\t<\/div><div class=\"dipl_masonry_gallery_item\">\n\t\t\t\t\t\t<div class=\"dipl_masonry_gallery_image_wrapper\"><img width=\"300\" height=\"200\" src=\"https:\/\/www.edelweiss.at\/wp-content\/uploads\/2026\/03\/Buffetbereich-300x200.jpg\" class=\"attachment-medium size-medium\" alt=\"modernes Salatbuffet in einem eleganten Hotel, offen gestaltet mit Stein, viel Licht, internationale Speisen und gem\u00fctliche Atmosph\u00e4re, ideal f\u00fcr einen erholsamen Aufenthalt am Fu\u00dfe der Zugspitze\" decoding=\"async\" \/> <\/div>\n\t\t\t\t\t\t\n\t\t\t\t\t<\/div><div class=\"dipl_masonry_gallery_item\">\n\t\t\t\t\t\t<div class=\"dipl_masonry_gallery_image_wrapper\"><img width=\"300\" height=\"200\" src=\"https:\/\/www.edelweiss.at\/wp-content\/uploads\/2025\/09\/Aussenpool1-1-300x200.jpg\" class=\"attachment-medium size-medium\" alt=\"Badepool mit Blick auf die Alpen und die Berge in der N\u00e4he, entspannende Atmosph\u00e4re, Wellnessurlaub in \u00d6sterreich, Alpenhotel mit Spa, Erholung in der Natur.\" decoding=\"async\" \/> <\/div>\n\t\t\t\t\t\t\n\t\t\t\t\t<\/div><div class=\"dipl_masonry_gallery_item\">\n\t\t\t\t\t\t<div class=\"dipl_masonry_gallery_image_wrapper\"><img width=\"300\" height=\"185\" src=\"https:\/\/www.edelweiss.at\/wp-content\/uploads\/2025\/09\/Badeland.Felsen-300x185.jpg\" class=\"attachment-medium size-medium\" alt=\"Entspannendes Hallenbad mit Wasserfall, blaue Fliesen, gem\u00fctliche Liegen und gro\u00dfe Fenster, viel Licht, in einem Wellnesshotel in \u00d6sterreich.\" decoding=\"async\" \/> <\/div>\n\t\t\t\t\t\t\n\t\t\t\t\t<\/div><div class=\"dipl_masonry_gallery_item\">\n\t\t\t\t\t\t<div class=\"dipl_masonry_gallery_image_wrapper\"><img width=\"300\" height=\"185\" src=\"https:\/\/www.edelweiss.at\/wp-content\/uploads\/2025\/09\/Badeland.Whirlpool-300x185.jpg\" class=\"attachment-medium size-medium\" alt=\"Entspannender Indoor-Poolbereich mit Whirlpool und hohen Liegefl\u00e4chen, ideal f\u00fcr Erholung und Wellness.\" decoding=\"async\" \/> <\/div>\n\t\t\t\t\t\t\n\t\t\t\t\t<\/div><div class=\"dipl_masonry_gallery_item\">\n\t\t\t\t\t\t<div class=\"dipl_masonry_gallery_image_wrapper\"><img width=\"300\" height=\"189\" src=\"https:\/\/www.edelweiss.at\/wp-content\/uploads\/2025\/09\/Blockhaussauna1-300x189.jpg\" class=\"attachment-medium size-medium\" alt=\"Rustikale Blockh\u00fctte Sauna mit Holzofen, entspannte Atmosph\u00e4re, Wellness, Holzbrand, Natur, Erholung, Tirol, Edelweiss.\" decoding=\"async\" \/> <\/div>\n\t\t\t\t\t\t\n\t\t\t\t\t<\/div><div class=\"dipl_masonry_gallery_item\">\n\t\t\t\t\t\t<div class=\"dipl_masonry_gallery_image_wrapper\"><img width=\"189\" height=\"300\" src=\"https:\/\/www.edelweiss.at\/wp-content\/uploads\/2025\/09\/Blockhaussauna2-189x300.jpg\" class=\"attachment-medium size-medium\" alt=\"H\u00f6lzerner Saunabereich mit warmer Beleuchtung, Saunatuch, Eimer und Holzl\u00f6ffel, authentisches finnisches Sauna-Erlebnis.\" decoding=\"async\" \/> <\/div>\n\t\t\t\t\t\t\n\t\t\t\t\t<\/div><div class=\"dipl_masonry_gallery_item\">\n\t\t\t\t\t\t<div class=\"dipl_masonry_gallery_image_wrapper\"><img width=\"300\" height=\"189\" src=\"https:\/\/www.edelweiss.at\/wp-content\/uploads\/2025\/09\/Liegebereich-Sauna-300x189.jpg\" class=\"attachment-medium size-medium\" alt=\"Entspannungsraum mit blauen Liegen, Sauna- und Wellnessbereich, ruhige Atmosph\u00e4re, moderne Einrichtung, Holzboden und helle W\u00e4nde.\" decoding=\"async\" \/> <\/div>\n\t\t\t\t\t\t\n\t\t\t\t\t<\/div><div class=\"dipl_masonry_gallery_item\">\n\t\t\t\t\t\t<div class=\"dipl_masonry_gallery_image_wrapper\"><img width=\"300\" height=\"200\" src=\"https:\/\/www.edelweiss.at\/wp-content\/uploads\/2025\/09\/Pool-Sauna-300x200.jpg\" class=\"attachment-medium size-medium\" alt=\"Gem\u00fctliches Indoor-Schwimmbad mit Whirlpool, Entspannungsm\u00f6glichkeiten, Sauna und Wellnessbereich im Hotel Edelweiss. Perfekter Ort f\u00fcr Erholung und Wohlbefinden.\" decoding=\"async\" \/> <\/div>\n\t\t\t\t\t\t\n\t\t\t\t\t<\/div><div class=\"dipl_masonry_gallery_item\">\n\t\t\t\t\t\t<div class=\"dipl_masonry_gallery_image_wrapper\"><img width=\"300\" height=\"200\" src=\"https:\/\/www.edelweiss.at\/wp-content\/uploads\/2025\/09\/Ruheraum-neu-300x200.jpg\" class=\"attachment-medium size-medium\" alt=\"Entspannungsraum mit Panoramablick auf die Berge, moderne Loungem\u00f6bel und Holzdekor im alpinen Stil. Perfekt zum Relaxen in einem Wellnesshotel in den \u00f6sterreichischen Alpen.\" decoding=\"async\" \/> <\/div>\n\t\t\t\t\t\t\n\t\t\t\t\t<\/div><div class=\"dipl_masonry_gallery_item\">\n\t\t\t\t\t\t<div class=\"dipl_masonry_gallery_image_wrapper\"><img width=\"300\" height=\"200\" src=\"https:\/\/www.edelweiss.at\/wp-content\/uploads\/2025\/09\/Ruhereaum-Neu2-300x200.jpg\" class=\"attachment-medium size-medium\" alt=\"Entspannungsraum mit komfortablen Liegen und gro\u00dfen Fenstern, Naturholzm\u00f6bel und ruhige Atmosph\u00e4re f\u00fcr Wellness und Erholung.\" decoding=\"async\" \/> <\/div>\n\t\t\t\t\t\t\n\t\t\t\t\t<\/div><div class=\"dipl_masonry_gallery_item\">\n\t\t\t\t\t\t<div class=\"dipl_masonry_gallery_image_wrapper\"><img width=\"200\" height=\"300\" src=\"https:\/\/www.edelweiss.at\/wp-content\/uploads\/2025\/09\/Terrasse-Aussenpool1-200x300.jpg\" class=\"attachment-medium size-medium\" alt=\"Hoteleigenes Schwimmbad mit Infinity-Design, Liegest\u00fchlen und Bergblick in den \u00f6sterreichischen Alpen, ideal f\u00fcr Erholung und Wellness.\" decoding=\"async\" \/> <\/div>\n\t\t\t\t\t\t\n\t\t\t\t\t<\/div><div class=\"dipl_masonry_gallery_item\">\n\t\t\t\t\t\t<div class=\"dipl_masonry_gallery_image_wrapper\"><img width=\"300\" height=\"225\" src=\"https:\/\/www.edelweiss.at\/wp-content\/uploads\/2025\/09\/Vogelperspektive2-1-300x225.jpg\" class=\"attachment-medium size-medium\" alt=\"Modernes Hotel mit Au\u00dfenpool, sonnigen Liegen und Balkon mit Blumen, umgeben von gr\u00fcnen Bergen in \u00d6sterreich, ideal f\u00fcr Wellness- und Urlaubsreisen, Edelweiss Hotel Tourismus, Sommerurlaub, Bergblick.\" decoding=\"async\" \/> <\/div>\n\t\t\t\t\t\t\n\t\t\t\t\t<\/div><div class=\"dipl_masonry_gallery_item\">\n\t\t\t\t\t\t<div class=\"dipl_masonry_gallery_image_wrapper\"><img width=\"300\" height=\"200\" src=\"https:\/\/www.edelweiss.at\/wp-content\/uploads\/2025\/09\/Terrasse-Aussenpool-1-300x200.jpg\" class=\"attachment-medium size-medium\" alt=\"Luxushotel mit beheiztem Au\u00dfenpool, Sonnenschirmliegen und Bergblick in den Alpen, ideal f\u00fcr Erholung und Wellness in \u00d6sterreich.\" decoding=\"async\" \/> <\/div>\n\t\t\t\t\t\t\n\t\t\t\t\t<\/div><div class=\"dipl_masonry_gallery_item\">\n\t\t\t\t\t\t<div class=\"dipl_masonry_gallery_image_wrapper\"><img width=\"211\" height=\"300\" src=\"https:\/\/www.edelweiss.at\/wp-content\/uploads\/2025\/09\/Eingang-Rezeption-211x300.jpg\" class=\"attachment-medium size-medium\" alt=\"Hoteleingang des Hotel Edelweiss in den Bergen mit bl\u00fchendem Garten und Alpenpanorama, \u00f6sterreichischer Hotelkomfort, Unterkunft in den Alpen, Urlaub in den Bergen, gem\u00fctliches Hotel in den Alpen.\" decoding=\"async\" \/> <\/div>\n\t\t\t\t\t\t\n\t\t\t\t\t<\/div><div class=\"dipl_masonry_gallery_item\">\n\t\t\t\t\t\t<div class=\"dipl_masonry_gallery_image_wrapper\"><img width=\"300\" height=\"300\" src=\"https:\/\/www.edelweiss.at\/wp-content\/uploads\/2025\/09\/Ausblick-Zimmer1-300x300.jpg\" class=\"attachment-medium size-medium\" alt=\"Wundersch\u00f6nes Alpen-Dorf mit Blick auf die majest\u00e4tischen Berge im Hintergrund, umgeben von bl\u00fchenden Blumen und gr\u00fcner Natur, ideal f\u00fcr einen erholsamen Urlaub in \u00d6sterreich.\" decoding=\"async\" \/> <\/div>\n\t\t\t\t\t\t\n\t\t\t\t\t<\/div><div class=\"dipl_masonry_gallery_item\">\n\t\t\t\t\t\t<div class=\"dipl_masonry_gallery_image_wrapper\"><img width=\"300\" height=\"200\" src=\"https:\/\/www.edelweiss.at\/wp-content\/uploads\/2025\/09\/Mann-am-Seebensee-300x200.jpg\" class=\"attachment-medium size-medium\" alt=\"Ger\u00fchrte Frau mit Rucksack am Bergsee in den Alpen, umgeben von beeindruckenden Gipfeln und gr\u00fcnen Wiesen, ideal f\u00fcr Wander- und Naturerlebnis, Tirol, \u00d6sterreich.\" decoding=\"async\" \/> <\/div>\n\t\t\t\t\t\t\n\t\t\t\t\t<\/div><div class=\"dipl_masonry_gallery_item\">\n\t\t\t\t\t\t<div class=\"dipl_masonry_gallery_image_wrapper\"><img width=\"300\" height=\"169\" src=\"https:\/\/www.edelweiss.at\/wp-content\/uploads\/2025\/09\/Aussenpool_Vogelperspektive-300x169.jpg\" class=\"attachment-medium size-medium\" alt=\"Modernes Bewegungsbad bei Nacht, abends beleuchtetes Au\u00dfenbecken, entspannte Wellness-Atmosph\u00e4re, ideal f\u00fcr Erholung am Berg, inklusive komfortabler Einrichtungen.\" decoding=\"async\" \/> <\/div>\n\t\t\t\t\t\t\n\t\t\t\t\t<\/div><div class=\"dipl_masonry_gallery_item\">\n\t\t\t\t\t\t<div class=\"dipl_masonry_gallery_image_wrapper\"><img width=\"300\" height=\"181\" src=\"https:\/\/www.edelweiss.at\/wp-content\/uploads\/2025\/09\/Aussenpool_2-300x181.jpg\" class=\"attachment-medium size-medium\" alt=\"Luxuri\u00f6ses Hotel mit beheiztem Au\u00dfenpool und gem\u00fctlicher Lounge bei Nacht, perfekte Kulisse f\u00fcr Entspannung und Erholung in den \u00f6sterreichischen Alpen.\" decoding=\"async\" \/> <\/div>\n\t\t\t\t\t\t\n\t\t\t\t\t<\/div><div class=\"dipl_masonry_gallery_item\">\n\t\t\t\t\t\t<div class=\"dipl_masonry_gallery_image_wrapper\"><img width=\"300\" height=\"200\" src=\"https:\/\/www.edelweiss.at\/wp-content\/uploads\/2025\/09\/Bar_Theke_2-300x200.jpg\" class=\"attachment-medium size-medium\" alt=\"Gem\u00fctliche Bar mit Holzm\u00f6beln und stilvoller Beleuchtung, ideal f\u00fcr alpine Skifahrten und Apr\u00e8s-Ski in \u00d6sterreich.\" decoding=\"async\" \/> <\/div>\n\t\t\t\t\t\t\n\t\t\t\t\t<\/div><div class=\"dipl_masonry_gallery_item\">\n\t\t\t\t\t\t<div class=\"dipl_masonry_gallery_image_wrapper\"><img width=\"300\" height=\"200\" src=\"https:\/\/www.edelweiss.at\/wp-content\/uploads\/2025\/09\/Hotelhalle-300x200.jpg\" class=\"attachment-medium size-medium\" alt=\"Gem\u00fctliches Hotelrestaurant mit Holzdecke, stilvollen Sitzgelegenheiten und barbereich, ideal f\u00fcr kulinarische Erlebnisse in entspannter Atmosph\u00e4re, hoher Komfort, modernes Design.\" decoding=\"async\" \/> <\/div>\n\t\t\t\t\t\t\n\t\t\t\t\t<\/div><div class=\"dipl_masonry_gallery_item\">\n\t\t\t\t\t\t<div class=\"dipl_masonry_gallery_image_wrapper\"><img width=\"300\" height=\"209\" src=\"https:\/\/www.edelweiss.at\/wp-content\/uploads\/2025\/09\/Bar-300x209.jpg\" class=\"attachment-medium size-medium\" alt=\"Stilvolle Bar mit roten Samtst\u00fchlen, warmes Holzinterieur, modernes Ambiente, perfekte Location f\u00fcr Apr\u00e8s-Ski in \u00d6sterreich.\" decoding=\"async\" \/> <\/div>\n\t\t\t\t\t\t\n\t\t\t\t\t<\/div><div class=\"dipl_masonry_gallery_item\">\n\t\t\t\t\t\t<div class=\"dipl_masonry_gallery_image_wrapper\"><img width=\"300\" height=\"196\" src=\"https:\/\/www.edelweiss.at\/wp-content\/uploads\/2025\/11\/FH8A6307-e1763548948975-300x196.jpg\" class=\"attachment-medium size-medium\" alt=\"\" decoding=\"async\" \/> <\/div>\n\t\t\t\t\t\t\n\t\t\t\t\t<\/div><div class=\"dipl_masonry_gallery_item\">\n\t\t\t\t\t\t<div class=\"dipl_masonry_gallery_image_wrapper\"><img width=\"300\" height=\"225\" src=\"https:\/\/www.edelweiss.at\/wp-content\/uploads\/2025\/11\/spa-03-300x225.jpg\" class=\"attachment-medium size-medium\" alt=\"\" decoding=\"async\" \/> <\/div>\n\t\t\t\t\t\t\n\t\t\t\t\t<\/div><div class=\"dipl_masonry_gallery_item\">\n\t\t\t\t\t\t<div class=\"dipl_masonry_gallery_image_wrapper\"><img width=\"300\" height=\"225\" src=\"https:\/\/www.edelweiss.at\/wp-content\/uploads\/2025\/11\/spa-01-300x225.jpg\" class=\"attachment-medium size-medium\" alt=\"\" decoding=\"async\" \/> <\/div>\n\t\t\t\t\t\t\n\t\t\t\t\t<\/div><div class=\"dipl_masonry_gallery_item\">\n\t\t\t\t\t\t<div class=\"dipl_masonry_gallery_image_wrapper\"><img width=\"300\" height=\"225\" src=\"https:\/\/www.edelweiss.at\/wp-content\/uploads\/2025\/11\/spa-05-300x225.jpg\" class=\"attachment-medium size-medium\" alt=\"\" decoding=\"async\" \/> <\/div>\n\t\t\t\t\t\t\n\t\t\t\t\t<\/div><div class=\"dipl_masonry_gallery_item\">\n\t\t\t\t\t\t<div class=\"dipl_masonry_gallery_image_wrapper\"><img width=\"300\" height=\"188\" src=\"https:\/\/www.edelweiss.at\/wp-content\/uploads\/2025\/11\/Almrausch_Web-300x188.jpg\" class=\"attachment-medium size-medium\" alt=\"Zimmer Almrausch im Hotel Edelweiss in Lermoos\" decoding=\"async\" \/> <\/div>\n\t\t\t\t\t\t\n\t\t\t\t\t<\/div><div class=\"dipl_masonry_gallery_item\">\n\t\t\t\t\t\t<div class=\"dipl_masonry_gallery_image_wrapper\"><img width=\"300\" height=\"188\" src=\"https:\/\/www.edelweiss.at\/wp-content\/uploads\/2025\/11\/Arnika_Almrausch_Web-1-300x188.jpg\" class=\"attachment-medium size-medium\" alt=\"Familienzimmer Arnika im Hotel Edelweiss in Lermoos\" decoding=\"async\" \/> <\/div>\n\t\t\t\t\t\t\n\t\t\t\t\t<\/div><div class=\"dipl_masonry_gallery_item\">\n\t\t\t\t\t\t<div class=\"dipl_masonry_gallery_image_wrapper\"><img width=\"300\" height=\"195\" src=\"https:\/\/www.edelweiss.at\/wp-content\/uploads\/2025\/11\/arnika-01-300x195.jpg\" class=\"attachment-medium size-medium\" alt=\"Familienzimmer Arnika im Hotel Edelweiss in Lermoos\" decoding=\"async\" \/> <\/div>\n\t\t\t\t\t\t\n\t\t\t\t\t<\/div><div class=\"dipl_masonry_gallery_item\">\n\t\t\t\t\t\t<div class=\"dipl_masonry_gallery_image_wrapper\"><img width=\"300\" height=\"185\" src=\"https:\/\/www.edelweiss.at\/wp-content\/uploads\/2025\/11\/001_fotostudiorene-300x185.jpg\" class=\"attachment-medium size-medium\" alt=\"Zimmer Edelweiss im Hotel Edelweiss in Lermoos\" decoding=\"async\" \/> <\/div>\n\t\t\t\t\t\t\n\t\t\t\t\t<\/div><div class=\"dipl_masonry_gallery_item\">\n\t\t\t\t\t\t<div class=\"dipl_masonry_gallery_image_wrapper\"><img width=\"300\" height=\"196\" src=\"https:\/\/www.edelweiss.at\/wp-content\/uploads\/2025\/11\/edelweiss-03-300x196.jpg\" class=\"attachment-medium size-medium\" alt=\"Zimmer Edelweiss im Hotel Edelweiss in Lermoos\" decoding=\"async\" \/> <\/div>\n\t\t\t\t\t\t\n\t\t\t\t\t<\/div><div class=\"dipl_masonry_gallery_item\">\n\t\t\t\t\t\t<div class=\"dipl_masonry_gallery_image_wrapper\"><img width=\"300\" height=\"300\" src=\"https:\/\/www.edelweiss.at\/wp-content\/uploads\/2025\/09\/Aussichtspunkt-Tuftl-300x300.jpg\" class=\"attachment-medium size-medium\" alt=\"Atemberaubender Blick auf die \u00f6sterreichischen Alpen von einer Aussichtsplattform mit Fahne, Sommerwald, blauer Himmel und Sonne, ideal f\u00fcr Natur- und Wanderliebhaber.\" decoding=\"async\" \/> <\/div>\n\t\t\t\t\t\t\n\t\t\t\t\t<\/div><div class=\"dipl_masonry_gallery_item\">\n\t\t\t\t\t\t<div class=\"dipl_masonry_gallery_image_wrapper\"><img width=\"300\" height=\"200\" src=\"https:\/\/www.edelweiss.at\/wp-content\/uploads\/2025\/09\/Obstbuffet-300x200.jpg\" class=\"attachment-medium size-medium\" alt=\"Frischer Obstteller mit Ananas, \u00c4pfeln, Erdbeeren, Pfirsichen und Trauben, abwechslungsreiche Auswahl an Obst f\u00fcr gesunden Genuss.\" decoding=\"async\" \/> <\/div>\n\t\t\t\t\t\t\n\t\t\t\t\t<\/div>\n\t\t\t<\/div>\n\t\t\t\t<\/div>\n\t\t\t<\/div> At the Hotel Edelweiss in Lermoos you can expect atmospheric impressions: &nbsp; Alpine elegance, a warm atmosphere and impressive views that promise unforgettable vacation moments.<\/p>\n","protected":false},"author":4,"featured_media":0,"parent":3173,"menu_order":4,"comment_status":"closed","ping_status":"closed","template":"","meta":{"_et_pb_use_builder":"on","_et_pb_old_content":"","_et_gb_content_width":"","footnotes":""},"class_list":["post-5104","page","type-page","status-publish","hentry"],"_links":{"self":[{"href":"https:\/\/www.edelweiss.at\/en\/wp-json\/wp\/v2\/pages\/5104","targetHints":{"allow":["GET"]}}],"collection":[{"href":"https:\/\/www.edelweiss.at\/en\/wp-json\/wp\/v2\/pages"}],"about":[{"href":"https:\/\/www.edelweiss.at\/en\/wp-json\/wp\/v2\/types\/page"}],"author":[{"embeddable":true,"href":"https:\/\/www.edelweiss.at\/en\/wp-json\/wp\/v2\/users\/4"}],"replies":[{"embeddable":true,"href":"https:\/\/www.edelweiss.at\/en\/wp-json\/wp\/v2\/comments?post=5104"}],"version-history":[{"count":8,"href":"https:\/\/www.edelweiss.at\/en\/wp-json\/wp\/v2\/pages\/5104\/revisions"}],"predecessor-version":[{"id":9279,"href":"https:\/\/www.edelweiss.at\/en\/wp-json\/wp\/v2\/pages\/5104\/revisions\/9279"}],"up":[{"embeddable":true,"href":"https:\/\/www.edelweiss.at\/en\/wp-json\/wp\/v2\/pages\/3173"}],"wp:attachment":[{"href":"https:\/\/www.edelweiss.at\/en\/wp-json\/wp\/v2\/media?parent=5104"}],"curies":[{"name":"wp","href":"https:\/\/api.w.org\/{rel}","templated":true}]}}