{"id":3929,"date":"2025-10-30T10:15:02","date_gmt":"2025-10-30T09:15:02","guid":{"rendered":"https:\/\/www.edelweiss.at\/chambres-prix\/"},"modified":"2026-03-23T08:53:11","modified_gmt":"2026-03-23T07:53:11","slug":"chambres-prix","status":"publish","type":"page","link":"https:\/\/www.edelweiss.at\/fr\/chambres-prix\/","title":{"rendered":"Chambres &amp; prix"},"content":{"rendered":"<p>[et_pb_section fb_built=\u00a0\u00bb1&Prime; admin_label=\u00a0\u00bbSektion Sommerpreise\u00a0\u00bb _builder_version=\u00a0\u00bb4.27.4&Prime; _module_preset=\u00a0\u00bbdefault\u00a0\u00bb collapsed=\u00a0\u00bbon\u00a0\u00bb global_colors_info=\u00a0\u00bb{}\u00a0\u00bb][et_pb_row _builder_version=\u00a0\u00bb4.27.4&Prime; _module_preset=\u00a0\u00bbdefault\u00a0\u00bb global_colors_info=\u00a0\u00bb{}\u00a0\u00bb][et_pb_column type=\u00a0\u00bb4_4&Prime; _builder_version=\u00a0\u00bb4.27.4&Prime; _module_preset=\u00a0\u00bbdefault\u00a0\u00bb global_colors_info=\u00a0\u00bb{}\u00a0\u00bb][et_pb_heading title=\u00a0\u00bbChambres et tarifs \u00e9t\u00e9 2026&Prime; _builder_version=\u00a0\u00bb4.27.4&Prime; _module_preset=\u00a0\u00bbdefault\u00a0\u00bb title_font=\u00a0\u00bbOswald||||||||\u00a0\u00bb global_colors_info=\u00a0\u00bb{}\u00a0\u00bb][\/et_pb_heading][\/et_pb_column][\/et_pb_row][et_pb_row column_structure=\u00a0\u00bb3_5,2_5&Prime; _builder_version=\u00a0\u00bb4.27.4&Prime; _module_preset=\u00a0\u00bbdefault\u00a0\u00bb global_colors_info=\u00a0\u00bb{}\u00a0\u00bb][et_pb_column type=\u00a0\u00bb3_5&Prime; _builder_version=\u00a0\u00bb4.27.4&Prime; _module_preset=\u00a0\u00bbdefault\u00a0\u00bb global_colors_info=\u00a0\u00bb{}\u00a0\u00bb][et_pb_text _builder_version=\u00a0\u00bb4.27.4&Prime; _module_preset=\u00a0\u00bbdefault\u00a0\u00bb global_colors_info=\u00a0\u00bb{}\u00a0\u00bb]<\/p>\n<p>Prix par personne et par nuit. Sous r\u00e9serve de modifications. <\/p>\n<p>[\/et_pb_text][\/et_pb_column][et_pb_column type=\u00a0\u00bb2_5&Prime; _builder_version=\u00a0\u00bb4.27.4&Prime; _module_preset=\u00a0\u00bbdefault\u00a0\u00bb global_colors_info=\u00a0\u00bb{}\u00a0\u00bb][\/et_pb_column][\/et_pb_row][et_pb_row module_class=\u00a0\u00bbslPriceRow\u00a0\u00bb _builder_version=\u00a0\u00bb4.27.5&Prime; _module_preset=\u00a0\u00bbdefault\u00a0\u00bb width_tablet=\u00a0\u00bb\u00a0\u00bb width_phone=\u00a0\u00bb100%\u00a0\u00bb width_last_edited=\u00a0\u00bbon|phone\u00a0\u00bb max_width=\u00a0\u00bb80%\u00a0\u00bb max_width_tablet=\u00a0\u00bb80%\u00a0\u00bb max_width_phone=\u00a0\u00bb100%\u00a0\u00bb max_width_last_edited=\u00a0\u00bbon|phone\u00a0\u00bb global_colors_info=\u00a0\u00bb{}\u00a0\u00bb][et_pb_column type=\u00a0\u00bb4_4&Prime; _builder_version=\u00a0\u00bb4.27.4&Prime; _module_preset=\u00a0\u00bbdefault\u00a0\u00bb global_colors_info=\u00a0\u00bb{}\u00a0\u00bb][dvmd_table_maker tbl_button_width=\u00a0\u00bbblock\u00a0\u00bb tbl_image_ids=\u00a0\u00bb2316,2437,2434,2450,2429,2433,2443,2454,2457,2456&Prime; tbl_image_quality=\u00a0\u00bbmedium_large\u00a0\u00bb tbl_image_proportion=\u00a0\u00bb150%\u00a0\u00bb tbl_frame_gap_col=\u00a0\u00bb10px\u00a0\u00bb tbl_frame_gap_row=\u00a0\u00bb10px\u00a0\u00bb tbl_stripes_active=\u00a0\u00bbon\u00a0\u00bb tbl_stripes_tint=\u00a0\u00bb55&Prime; tbl_stripes_apply=\u00a0\u00bbon|off|on|off|on\u00a0\u00bb tbl_tcell_cell_color=\u00a0\u00bb#EADEDA\u00a0\u00bb tbl_tcell_cell_align_horz=\u00a0\u00bbcenter\u00a0\u00bb tbl_tcell_cell_align_vert=\u00a0\u00bbcenter\u00a0\u00bb tbl_tcell_cell_padding=\u00a0\u00bb0px|0px|0px|0px|true|true\u00a0\u00bb tbl_chead_cell_color=\u00a0\u00bb#A9C52F\u00a0\u00bb tbl_chead_cell_align_vert=\u00a0\u00bbleft\u00a0\u00bb tbl_chead_cell_padding=\u00a0\u00bb15px||15px||true|false\u00a0\u00bb tbl_rhead_cell_color=\u00a0\u00bb#A9C52F\u00a0\u00bb _builder_version=\u00a0\u00bb4.27.5&Prime; _module_preset=\u00a0\u00bbdefault\u00a0\u00bb tbl_chead_text_font_size=\u00a0\u00bb16px\u00a0\u00bb custom_button=\u00a0\u00bbon\u00a0\u00bb button_text_size=\u00a0\u00bb14px\u00a0\u00bb button_text_color=\u00a0\u00bb#FFFFFF\u00a0\u00bb button_bg_color=\u00a0\u00bb#A9C52F\u00a0\u00bb button_border_width=\u00a0\u00bb6px\u00a0\u00bb button_border_color=\u00a0\u00bb#A9C52F\u00a0\u00bb button_border_radius=\u00a0\u00bb0px\u00a0\u00bb button_font=\u00a0\u00bb|700|||||||\u00a0\u00bb custom_css_free_form=\u00a0\u00bbselector .dvmd_tm_button {||  width: 100%;||}\u00a0\u00bb global_colors_info=\u00a0\u00bb{}\u00a0\u00bb button_bg_color__hover_enabled=\u00a0\u00bbon|hover\u00a0\u00bb button_bg_color__hover=\u00a0\u00bb#223675&Prime; button_bg_enable_color__hover=\u00a0\u00bbon\u00a0\u00bb button_border_color__hover_enabled=\u00a0\u00bbon|hover\u00a0\u00bb button_border_color__hover=\u00a0\u00bb#223675&Prime;][dvmd_table_maker_item col_content=\u00a0\u00bb\u00c9t\u00e9<br \/>\n<image data-et-target-link=%22_blank%22 href=%22#%22>1<\/image><br \/>\nLa fra\u00eecheur de l&apos;\u00e9t\u00e9 :<br \/>14.05. - 04.07.2026<br \/>\nL&apos;\u00e9t\u00e9 \u00e0 la montagne :<br \/>04.07. - 29.08.2026<br \/>\nL&apos;automne :<br \/>29.08. - 04.10.2026&Prime; _builder_version=\u00a0\u00bb4.27.5&Prime; _module_preset=\u00a0\u00bbdefault\u00a0\u00bb global_colors_info=\u00a0\u00bb{}\u00a0\u00bb][\/dvmd_table_maker_item][dvmd_table_maker_item col_content=\u00a0\u00bb<b>Chambre double<br \/>Enzian<\/b><br \/>\n<image href=%22\/zimmer\/enzian\/%22>2<\/image><\/p>\n<div class=%22slButtonWrap%22>%91sl_link id=%222385%22 text=%22Demande%22 params=%22chambre=Enzian%22 only_url=%22false%22 class=%22et_pb_button dvmd_tm_button%22%93%91sl_link id=%222486%22 text=%22D\u00e9tails%22 only_url=%22false%22 class=%22et_pb_button dvmd_tm_button%22%93<\/div>\n<p>95,00<br \/>\n102,00<br \/>\n99,00&Prime; _builder_version=\u00a0\u00bb4.27.5&Prime; _module_preset=\u00a0\u00bbdefault\u00a0\u00bb global_colors_info=\u00a0\u00bb{}\u00a0\u00bb][\/dvmd_table_maker_item][dvmd_table_maker_item col_content=\u00a0\u00bb<b>Chambre double<br \/>Edelweiss<\/b><br \/>\n<image href=%22\/zimmer\/edelweiss\/%22>3<\/image><\/p>\n<div class=%22slButtonWrap%22>%91sl_link id=%222385%22 text=%22Demande%22 params=%22chambre=Edelweiss%22 only_url=%22false%22 class=%22et_pb_button dvmd_tm_button%22%93%91sl_link id=%222527%22 text=%22D\u00e9tails%22 only_url=%22false%22 class=%22et_pb_button dvmd_tm_button%22%93<\/div>\n<p>100,00<br \/>\n107,00<br \/>\n104,00&Prime; _builder_version=\u00a0\u00bb4.27.5&Prime; _module_preset=\u00a0\u00bbdefault\u00a0\u00bb global_colors_info=\u00a0\u00bb{}\u00a0\u00bb][\/dvmd_table_maker_item][dvmd_table_maker_item col_content=\u00a0\u00bb<b>Chambre double<br \/>Almrausch<\/b><br \/>\n<image href=%22\/zimmer\/almrausch\/%22>5<\/image><\/p>\n<div class=%22slButtonWrap%22>%91sl_link id=%222385%22 text=%22Demande%22 params=%22chambre=Almrausch%22 only_url=%22false%22 class=%22et_pb_button dvmd_tm_button%22%93%91sl_link id=%222518%22 text=%22D\u00e9tails%22 only_url=%22false%22 class=%22et_pb_button dvmd_tm_button%22%93<\/div>\n<p>105,00<br \/>\n112,00<br \/>\n109,00&Prime; _builder_version=\u00a0\u00bb4.27.5&Prime; _module_preset=\u00a0\u00bbdefault\u00a0\u00bb global_colors_info=\u00a0\u00bb{}\u00a0\u00bb][\/dvmd_table_maker_item][dvmd_table_maker_item col_content=\u00a0\u00bb<b>Chambre familiale<br \/>Narzisse<\/b><br \/>\n<image href=%22\/zimmer\/narzisse\/%22>4<\/image><\/p>\n<div class=%22slButtonWrap%22>%91sl_link id=%222385%22 text=%22Demande%22 params=%22chambre=Narcisse%22 only_url=%22false%22 class=%22et_pb_button dvmd_tm_button%22%93%91sl_link id=%222539%22 text=%22D\u00e9tails%22 only_url=%22false%22 class=%22et_pb_button dvmd_tm_button%22%93<\/div>\n<p>105,00<br \/>\n112,00<br \/>\n109,00&Prime; _builder_version=\u00a0\u00bb4.27.5&Prime; _module_preset=\u00a0\u00bbdefault\u00a0\u00bb global_colors_info=\u00a0\u00bb{}\u00a0\u00bb][\/dvmd_table_maker_item][dvmd_table_maker_item col_content=\u00a0\u00bb<b>Chambre familiale<br \/>Arnika<\/b><br \/>\n<image href=%22\/zimmer\/arnika\/%22>6<\/image><\/p>\n<div class=%22slButtonWrap%22>%91sl_link id=%222385%22 text=%22Demande%22 params=%22room=FZArnika%22 only_url=%22false%22 class=%22et_pb_button dvmd_tm_button%22%93%91sl_link id=%222523%22 text=%22Details%22 only_url=%22false%22 class=%22et_pb_button dvmd_tm_button%22%93<\/div>\n<p>110,00<br \/>\n117,00<br \/>\n114,00&Prime; _builder_version=\u00a0\u00bb4.27.5&Prime; _module_preset=\u00a0\u00bbdefault\u00a0\u00bb global_colors_info=\u00a0\u00bb{}\u00a0\u00bb][\/dvmd_table_maker_item][dvmd_table_maker_item col_content=\u00a0\u00bb<b>Chambre familiale<br \/>Feuerlilie<\/b><br \/>\n<image href=%22\/zimmer\/feuerlilie\/%22>7<\/image><\/p>\n<div class=%22slButtonWrap%22>%91sl_link id=%222385%22 text=%22Demande%22 params=%22room=FZFeuerlilie%22 only_url=%22false%22 class=%22et_pb_button dvmd_tm_button%22%93%91sl_link id=%222535%22 text=%22Details%22 only_url=%22false%22 class=%22et_pb_button dvmd_tm_button%22%93<\/div>\n<p>110,00<br \/>\n117,00<br \/>\n114,00&Prime; _builder_version=\u00a0\u00bb4.27.5&Prime; _module_preset=\u00a0\u00bbdefault\u00a0\u00bb global_colors_info=\u00a0\u00bb{}\u00a0\u00bb][\/dvmd_table_maker_item][dvmd_table_maker_item col_content=\u00a0\u00bb<b>Appartement<br \/>Silberdistel<\/b><br \/>\n<image href=%22\/zimmer\/silberdistel\/%22>8<\/image><\/p>\n<div class=%22slButtonWrap%22>%91sl_link id=%222385%22 text=%22Demande%22 params=%22chambre=Silverdistel%22 only_url=%22false%22 class=%22et_pb_button dvmd_tm_button%22%93%91sl_link id=%222543%22 text=%22D\u00e9tails%22 only_url=%22false%22 class=%22et_pb_button dvmd_tm_button%22%93<\/div>\n<p>100,00<br \/>\n107,00<br \/>\n104,00&Prime; _builder_version=\u00a0\u00bb4.27.5&Prime; _module_preset=\u00a0\u00bbdefault\u00a0\u00bb global_colors_info=\u00a0\u00bb{}\u00a0\u00bb][\/dvmd_table_maker_item][dvmd_table_maker_item col_content=\u00a0\u00bb<b>Chambre simple<br \/>Enzian<\/b><br \/>\n<image href=%22\/zimmer\/einzelzimmer-enzian\/%22>9<\/image><\/p>\n<div class=%22slButtonWrap%22>%91sl_link id=%222385%22 text=%22Demande%22 params=%22room=EZEnzian%22 only_url=%22false%22 class=%22et_pb_button dvmd_tm_button%22%93%91sl_link id=%222553%22 text=%22Details%22 only_url=%22false%22 class=%22et_pb_button dvmd_tm_button%22%93<\/div>\n<p>95,00<br \/>\n102,00<br \/>\n99,00&Prime; _builder_version=\u00a0\u00bb4.27.5&Prime; _module_preset=\u00a0\u00bbdefault\u00a0\u00bb global_colors_info=\u00a0\u00bb{}\u00a0\u00bb][\/dvmd_table_maker_item][dvmd_table_maker_item col_content=\u00a0\u00bb<b>Chambre simple<br \/>Edelweiss<\/b><br \/>\n<image href=%22\/zimmer\/einzelzimmer-edelweiss\/%22>10<\/image><\/p>\n<div class=%22slButtonWrap%22>%91sl_link id=%222385%22 text=%22Demande%22 params=%22room=EZEdelweiss%22 only_url=%22false%22 class=%22et_pb_button dvmd_tm_button%22%93%91sl_link id=%222547%22 text=%22Details%22 only_url=%22false%22 class=%22et_pb_button dvmd_tm_button%22%93<\/div>\n<p>105,00<br \/>\n112,00<br \/>\n109,00&Prime; _builder_version=\u00a0\u00bb4.27.5&Prime; _module_preset=\u00a0\u00bbdefault\u00a0\u00bb global_colors_info=\u00a0\u00bb{}\u00a0\u00bb][\/dvmd_table_maker_item][\/dvmd_table_maker][\/et_pb_column][\/et_pb_row][\/et_pb_section][et_pb_section fb_built=\u00a0\u00bb1&Prime; admin_label=\u00a0\u00bbSektion Sommer Inklusiv\u00a0\u00bb _builder_version=\u00a0\u00bb4.27.4&Prime; _module_preset=\u00a0\u00bbdefault\u00a0\u00bb custom_margin=\u00a0\u00bb||150px||false|false\u00a0\u00bb collapsed=\u00a0\u00bbon\u00a0\u00bb global_colors_info=\u00a0\u00bb{}\u00a0\u00bb][et_pb_row admin_label=\u00a0\u00bbLigne\u00a0\u00bb _builder_version=\u00a0\u00bb4.27.4&Prime; _module_preset=\u00a0\u00bbdefault\u00a0\u00bb global_colors_info=\u00a0\u00bb{}\u00a0\u00bb][et_pb_column type=\u00a0\u00bb4_4&Prime; _builder_version=\u00a0\u00bb4.27.4&Prime; _module_preset=\u00a0\u00bbdefault\u00a0\u00bb global_colors_info=\u00a0\u00bb{}\u00a0\u00bb][et_pb_text _builder_version=\u00a0\u00bb4.27.4&Prime; _module_preset=\u00a0\u00bbdefault\u00a0\u00bb global_colors_info=\u00a0\u00bb{}\u00a0\u00bb]<\/p>\n<h2 class=\"csc-firstHeader\">Services inclus et informations sur l&rsquo;h\u00f4tel Edelweiss Lermoos<\/h2>\n<p>[\/et_pb_text][\/et_pb_column][\/et_pb_row][et_pb_row column_structure=\u00a0\u00bb1_2,1_2&Prime; _builder_version=\u00a0\u00bb4.27.4&Prime; _module_preset=\u00a0\u00bbdefault\u00a0\u00bb global_colors_info=\u00a0\u00bb{}\u00a0\u00bb][et_pb_column type=\u00a0\u00bb1_2&Prime; _builder_version=\u00a0\u00bb4.27.4&Prime; _module_preset=\u00a0\u00bbdefault\u00a0\u00bb global_colors_info=\u00a0\u00bb{}\u00a0\u00bb][et_pb_text _builder_version=\u00a0\u00bb4.27.4&Prime; _module_preset=\u00a0\u00bbdefault\u00a0\u00bb global_colors_info=\u00a0\u00bb{}\u00a0\u00bb]<\/p>\n<div id=\"c573\" class=\"csc-default\">\n<div id=\"c26\" class=\"csc-default\">\n<div class=\"csc-header csc-header-n1\">\n<h2 class=\"csc-firstHeader\"><span style=\"font-size: 16px;\">Pour l&rsquo;\u00e9t\u00e9, il faut<\/span><\/h2>\n<\/div>\n<\/div>\n<div id=\"c27\" class=\"csc-default\">\n<div>\n<ul>\n<li>Abri \u00e0 v\u00e9los avec possibilit\u00e9 de chargement des v\u00e9los \u00e9lectriques et station de lavage des v\u00e9los<\/li>\n<li>Z-Ticket disponible directement \u00e0 la r\u00e9ception<\/li>\n<li>Soir\u00e9es dansantes avec musique live 1x par semaine, selon programme d&rsquo;activit\u00e9s<\/li>\n<\/ul>\n<\/div>\n<\/div>\n<div id=\"c29\" class=\"csc-default\">\n<div class=\"csc-header csc-header-n3\">\n<h5>Relax &amp; Beauty<\/h5>\n<\/div>\n<div>\n<ul>\n<li>Espace aquatique : piscine g\u00e9ante, rivi\u00e8re sauvage, cascade, fontaine, tourbillon, jacuzzi<\/li>\n<li>Paradis des saunas : Thermarium, grotte de vapeur, jacuzzi, bassin de plong\u00e9e dans la roche, salle d&rsquo;air frais, lits \u00e0 eau, cabines infrarouges, sauna finlandais original en rondins.<\/li>\n<li>Peignoir de bain \u00e0 l&rsquo;arriv\u00e9e dans la chambre (pour les adultes uniquement)<\/li>\n<li>Serviettes de bain disponibles dans l&rsquo;espace aquatique<\/li>\n<\/ul>\n<\/div>\n<\/div>\n<div id=\"c30\" class=\"csc-default\">\n<div class=\"csc-header csc-header-n4\">\n<h5>Ados &amp; Tweens<\/h5>\n<\/div>\n<ul>\n<li>Mini-club pour nos plus petits (sans surveillance) avec des jouets et un ch\u00e2teau de jeu.<\/li>\n<li>Club ado pour les plus grands avec billard, flipper, jeux TV, ping-pong, etc.<\/li>\n<\/ul>\n<\/div>\n<div id=\"c646\" class=\"csc-default\">\n<div class=\"csc-header csc-header-n5\">\n<h5>Wi-Fi &amp; Wifi :<\/h5>\n<\/div>\n<p class=\"bodytext\"><span lang=\"DE-AT\">Utilisable gratuitement par nos clients dans tout l&rsquo;h\u00f4tel.<\/span><\/p>\n<\/div>\n<\/div>\n<div id=\"c610\" class=\"csc-default\">\n<div>\n<p class=\"bodytext\"><b>Les prix des chambres en euros s&rsquo;entendent par personne et par jour en demi-pension.<\/b><\/p>\n<p class=\"bodytext\"><span style=\"font-size: 17px;\">Nuit\u00e9e avec petit-d\u00e9jeuner : prix de la demi-pension moins 25 euros par personne et par jour<\/span><\/p>\n<\/div>\n<div>\n<p class=\"bodytext\">Late check-out sous r\u00e9serve de disponibilit\u00e9, sur demande et avec frais suppl\u00e9mentaires<\/p>\n<p class=\"bodytext\"><b>TAXE DE SEJOUR<\/b>: Euro 3,00 par personne\/jour \u00e0 partir de 16 ans, en plus du prix de l&rsquo;h\u00f4tel<\/p>\n<p class=\"bodytext\"><b>Paiement : <\/b><span style=\"font-size: 17px;\">Nous acceptons les esp\u00e8ces en EURO, les cartes EC, VISA et Mastercard.<\/span><\/p>\n<p class=\"bodytext\"><b>Arriv\u00e9e et d\u00e9part<\/b><\/p>\n<p class=\"bodytext\">La chambre que vous avez r\u00e9serv\u00e9e est disponible \u00e0 partir de 15 heures le jour de votre arriv\u00e9e. Le jour du d\u00e9part, les chambres ou les appartements doivent \u00eatre lib\u00e9r\u00e9s avant 11 heures. <\/p>\n<p class=\"bodytext\">Tous les prix et informations sont donn\u00e9s \u00e0 titre indicatif. Sous r\u00e9serve de modifications et d&rsquo;erreurs. Le  <span> <\/span><a href=\"https:\/\/www.wko.at\/tirol\/tourismus-freizeitwirtschaft\/hotellerie\/agb-hotellerie.pdf\" title=\"Conditions g\u00e9n\u00e9rales de l&#039;HOTELLE\" target=\"_blank\" class=\"external-link-new-window\" rel=\"noopener\">R\u00e8glement autrichien sur les h\u00f4tels<\/a>.<\/p>\n<\/div>\n<\/div>\n<div id=\"c600\" class=\"csc-default\">\n<p class=\"bodytext\">\n<\/div>\n<p>[\/et_pb_text][\/et_pb_column][et_pb_column type=\u00a0\u00bb1_2&Prime; _builder_version=\u00a0\u00bb4.27.4&Prime; _module_preset=\u00a0\u00bbdefault\u00a0\u00bb global_colors_info=\u00a0\u00bb{}\u00a0\u00bb][et_pb_text _builder_version=\u00a0\u00bb4.27.5&Prime; _module_preset=\u00a0\u00bbdefault\u00a0\u00bb global_colors_info=\u00a0\u00bb{}\u00a0\u00bb]<\/p>\n<div id=\"c610\" class=\"csc-default\">\n<div>\n<p class=\"bodytext\"><span style=\"font-size: 26px;\">R\u00e9duction pour les enfants<\/span><\/p>\n<\/div>\n<\/div>\n<div id=\"c601\" class=\"csc-default\">\n<div>\n<p class=\"bodytext\">Pour les enfants dans la chambre de 2 personnes payant plein tarif ou 4 dans la chambre Silberdistel<br \/>Nous facturons exclusivement la m\u00eame pension que celle des parents.<br \/>Enfants en bas \u00e2ge 0-2 ans EUR 15,00 par jour (y compris lit de voyage, chaise haute, seau \u00e0 couches)<br \/>3 \u00e0 6 ans 75%, 7 \u00e0 11 ans 50%, 12 \u00e0 15 ans 25%, 16 \u00e0 18 ans 10%.<\/p>\n<p class=\"bodytext\">\n<\/div>\n<\/div>\n<div id=\"c600\" class=\"csc-default\">\n<div class=\"csc-header csc-header-n1\">\n<h2 class=\"csc-firstHeader\">Suppl\u00e9ments<\/h2>\n<\/div>\n<p class=\"bodytext\"><b>Suppl\u00e9ment pour Enzian chambre double \u00e0 usage individuel<\/b><\/p>\n<p class=\"bodytext\">Euro 30,- par jour<\/p>\n<p class=\"bodytext\"><b>Utilisation du garage<\/b><\/p>\n<p class=\"bodytext\">Euro 5,- par jour en \u00e9t\u00e9<\/p>\n<p class=\"bodytext\"><b>Courts s\u00e9jours<\/b><\/p>\n<p class=\"bodytext\">Suppl\u00e9ment de 5 euros par personne et par nuit pour les s\u00e9jours de moins de 3 nuits.<\/p>\n<p class=\"bodytext\"><b>Pour les chiens<\/b><\/p>\n<p class=\"bodytext\">Les chiens sont admis dans certaines chambres sur demande,<br \/>ainsi que dans le lobby de l&rsquo;h\u00f4tel et le bar, mais pas dans les salles \u00e0 manger et l&rsquo;espace aquatique.<\/p>\n<p class=\"bodytext\">Nous facturons pour les chiens jusqu&rsquo;\u00e0 12kg EUR 10,00 \/ \u00e0 partir de 13kg EUR 15,00 \/ \u00e0 partir de 25kg EUR 25,00 par jour (sans nourriture).<\/p>\n<p>Une couverture et une gamelle d&rsquo;eau sont fournies.<\/p>\n<\/div>\n<p>[\/et_pb_text][\/et_pb_column][\/et_pb_row][\/et_pb_section][et_pb_section fb_built=\u00a0\u00bb1&Prime; admin_label=\u00a0\u00bbSektion Winterpreise\u00a0\u00bb _builder_version=\u00a0\u00bb4.27.4&Prime; _module_preset=\u00a0\u00bbdefault\u00a0\u00bb collapsed=\u00a0\u00bboff\u00a0\u00bb global_colors_info=\u00a0\u00bb{}\u00a0\u00bb][et_pb_row _builder_version=\u00a0\u00bb4.27.4&Prime; _module_preset=\u00a0\u00bbdefault\u00a0\u00bb global_colors_info=\u00a0\u00bb{}\u00a0\u00bb][et_pb_column type=\u00a0\u00bb4_4&Prime; _builder_version=\u00a0\u00bb4.27.4&Prime; _module_preset=\u00a0\u00bbdefault\u00a0\u00bb global_colors_info=\u00a0\u00bb{}\u00a0\u00bb][et_pb_heading title=\u00a0\u00bbChambres et tarifs hiver 2026\/2027&Prime; _builder_version=\u00a0\u00bb4.27.4&Prime; _module_preset=\u00a0\u00bbdefault\u00a0\u00bb title_font=\u00a0\u00bbOswald||||||||\u00a0\u00bb global_colors_info=\u00a0\u00bb{}\u00a0\u00bb][\/et_pb_heading][\/et_pb_column][\/et_pb_row][et_pb_row column_structure=\u00a0\u00bb3_5,2_5&Prime; _builder_version=\u00a0\u00bb4.27.4&Prime; _module_preset=\u00a0\u00bbdefault\u00a0\u00bb global_colors_info=\u00a0\u00bb{}\u00a0\u00bb][et_pb_column type=\u00a0\u00bb3_5&Prime; _builder_version=\u00a0\u00bb4.27.4&Prime; _module_preset=\u00a0\u00bbdefault\u00a0\u00bb global_colors_info=\u00a0\u00bb{}\u00a0\u00bb][et_pb_text _builder_version=\u00a0\u00bb4.27.4&Prime; _module_preset=\u00a0\u00bbdefault\u00a0\u00bb global_colors_info=\u00a0\u00bb{}\u00a0\u00bb]<\/p>\n<p>Prix par personne et par nuit. Sous r\u00e9serve de modifications. <\/p>\n<p>[\/et_pb_text][\/et_pb_column][et_pb_column type=\u00a0\u00bb2_5&Prime; _builder_version=\u00a0\u00bb4.27.4&Prime; _module_preset=\u00a0\u00bbdefault\u00a0\u00bb global_colors_info=\u00a0\u00bb{}\u00a0\u00bb][\/et_pb_column][\/et_pb_row][et_pb_row module_class=\u00a0\u00bbslPriceRow\u00a0\u00bb _builder_version=\u00a0\u00bb4.27.5&Prime; _module_preset=\u00a0\u00bbdefault\u00a0\u00bb width_tablet=\u00a0\u00bb\u00a0\u00bb width_phone=\u00a0\u00bb100%\u00a0\u00bb width_last_edited=\u00a0\u00bbon|phone\u00a0\u00bb max_width=\u00a0\u00bb80%\u00a0\u00bb max_width_tablet=\u00a0\u00bb80%\u00a0\u00bb max_width_phone=\u00a0\u00bb100%\u00a0\u00bb max_width_last_edited=\u00a0\u00bbon|phone\u00a0\u00bb custom_margin=\u00a0\u00bb||||false|false\u00a0\u00bb custom_margin_tablet=\u00a0\u00bb||||false|false\u00a0\u00bb custom_margin_phone=\u00a0\u00bb|0px||0px|false|false\u00a0\u00bb custom_margin_last_edited=\u00a0\u00bbon|phone\u00a0\u00bb custom_padding=\u00a0\u00bb||||false|false\u00a0\u00bb global_colors_info=\u00a0\u00bb{}\u00a0\u00bb][et_pb_column type=\u00a0\u00bb4_4&Prime; _builder_version=\u00a0\u00bb4.27.4&Prime; _module_preset=\u00a0\u00bbdefault\u00a0\u00bb custom_padding_last_edited=\u00a0\u00bboff|phone\u00a0\u00bb global_colors_info=\u00a0\u00bb{}\u00a0\u00bb][dvmd_table_maker tbl_button_width=\u00a0\u00bbblock\u00a0\u00bb tbl_image_ids=\u00a0\u00bb113,2437,2434,2450,2429,2433,2443,2454,2457,2456&Prime; tbl_image_quality=\u00a0\u00bbmedium_large\u00a0\u00bb tbl_image_proportion=\u00a0\u00bb150%\u00a0\u00bb tbl_frame_gap_col=\u00a0\u00bb10px\u00a0\u00bb tbl_frame_gap_row=\u00a0\u00bb10px\u00a0\u00bb tbl_stripes_active=\u00a0\u00bbon\u00a0\u00bb tbl_stripes_tint=\u00a0\u00bb55&Prime; tbl_stripes_apply=\u00a0\u00bbon|off|on|off|on\u00a0\u00bb tbl_tcell_cell_color=\u00a0\u00bb#EADEDA\u00a0\u00bb tbl_tcell_cell_align_horz=\u00a0\u00bbcenter\u00a0\u00bb tbl_tcell_cell_align_vert=\u00a0\u00bbcenter\u00a0\u00bb tbl_tcell_cell_padding=\u00a0\u00bb0px|0px|0px|0px|true|true\u00a0\u00bb tbl_chead_cell_color=\u00a0\u00bb#223675&Prime; tbl_chead_cell_align_vert=\u00a0\u00bbleft\u00a0\u00bb tbl_chead_cell_padding=\u00a0\u00bb15px||15px||true|false\u00a0\u00bb tbl_rhead_cell_color=\u00a0\u00bb#223675&Prime; admin_label=\u00a0\u00bbTable Maker\u00a0\u00bb _builder_version=\u00a0\u00bb4.27.6&Prime; _module_preset=\u00a0\u00bbdefault\u00a0\u00bb tbl_chead_text_font_size=\u00a0\u00bb16px\u00a0\u00bb custom_button=\u00a0\u00bbon\u00a0\u00bb button_text_size=\u00a0\u00bb14px\u00a0\u00bb button_text_color=\u00a0\u00bb#FFFFFF\u00a0\u00bb button_bg_color=\u00a0\u00bb#223675&Prime; button_border_width=\u00a0\u00bb6px\u00a0\u00bb button_border_color=\u00a0\u00bb#223675&Prime; button_border_radius=\u00a0\u00bb0px\u00a0\u00bb button_font=\u00a0\u00bb|700|||||||\u00a0\u00bb custom_margin_phone=\u00a0\u00bb||||false|false\u00a0\u00bb custom_margin_last_edited=\u00a0\u00bboff|phone\u00a0\u00bb custom_padding=\u00a0\u00bb||||false|false\u00a0\u00bb custom_css_free_form=\u00a0\u00bbselector .dvmd_tm_button {||  width: 100%;||}\u00a0\u00bb global_colors_info=\u00a0\u00bb{}\u00a0\u00bb button_bg_color__hover_enabled=\u00a0\u00bbon|hover\u00a0\u00bb button_bg_color__hover=\u00a0\u00bb#A9C52F\u00a0\u00bb button_bg_enable_color__hover=\u00a0\u00bbon\u00a0\u00bb button_border_color__hover_enabled=\u00a0\u00bbon|hover\u00a0\u00bb button_border_color__hover=\u00a0\u00bb#A9C52F\u00a0\u00bb][dvmd_table_maker_item col_content=\u00a0\u00bbHiver<br \/>\n<image data-et-target-link=%22_blank%22 href=%22#%22>1<\/image><br \/>\nLe temps de la neige :<br \/>23.01. - 06.02.2027<br \/>\nJours de f\u00eate :<br \/>18.12.2026 - 06.01.2027<br \/>\nSemaines de Wedel :<br \/>06.01. - 23.01.2027<br \/>27.02. - Fin de saison<br \/>\nPlaisir d&apos;hiver :<br \/>06.02. - 27.02.2027&Prime; _builder_version=\u00a0\u00bb4.27.6&Prime; _module_preset=\u00a0\u00bbdefault\u00a0\u00bb global_colors_info=\u00a0\u00bb{}\u00a0\u00bb][\/dvmd_table_maker_item][dvmd_table_maker_item col_content=\u00a0\u00bb<b>Chambre double<br \/>Enzian<\/b><br \/>\n<image href=%22\/zimmer\/enzian\/%22>2<\/image><\/p>\n<div class=%22slButtonWrap%22>%91sl_link id=%222385%22 text=%22Demande%22 only_url=%22false%22 class=%22et_pb_button dvmd_tm_button%22 params=%22room%3DEnzian%22 \/%93%91sl_link id=%222486%22 text=%22Details%22 only_url=%22false%22 class=%22et_pb_button dvmd_tm_button%22 \/%93<\/div>\n<p>126,00<br \/>\n144,00<br \/>\n119,00<br \/>\n138,00&Prime; _builder_version=\u00a0\u00bb4.27.6&Prime; _module_preset=\u00a0\u00bbdefault\u00a0\u00bb global_colors_info=\u00a0\u00bb{}\u00a0\u00bb][\/dvmd_table_maker_item][dvmd_table_maker_item col_content=\u00a0\u00bb<b>Chambre double<br \/>Edelweiss<\/b><br \/>\n<image href=%22\/zimmer\/edelweiss\/%22>3<\/image><\/p>\n<div class=%22slButtonWrap%22>%91sl_link id=%222385%22 text=%22Demande%22 only_url=%22false%22 class=%22et_pb_button dvmd_tm_button%22 params=%22room%3DEdelweiss%22 \/%93%91sl_link id=%222527%22 text=%22Details%22 only_url=%22false%22 class=%22et_pb_button dvmd_tm_button%22 \/%93<\/div>\n<p>130,00<br \/>\n148,00<br \/>\n124,00<br \/>\n142,00&Prime; _builder_version=\u00a0\u00bb4.27.6&Prime; _module_preset=\u00a0\u00bbdefault\u00a0\u00bb global_colors_info=\u00a0\u00bb{}\u00a0\u00bb][\/dvmd_table_maker_item][dvmd_table_maker_item col_content=\u00a0\u00bb<b>Chambre double<br \/>Almrausch<\/b><br \/>\n<image href=%22\/zimmer\/almrausch\/%22>5<\/image><\/p>\n<div class=%22slButtonWrap%22>%91sl_link id=%222385%22 text=%22Demande%22 only_url=%22false%22 class=%22et_pb_button dvmd_tm_button%22 params=%22room%3DAlmrausch%22 \/%93%91sl_link id=%222518%22 text=%22Details%22 only_url=%22false%22 class=%22et_pb_button dvmd_tm_button%22 \/%93<\/div>\n<p>136,00<br \/>\n154,00<br \/>\n130,00<br \/>\n148,00&Prime; _builder_version=\u00a0\u00bb4.27.6&Prime; _module_preset=\u00a0\u00bbdefault\u00a0\u00bb global_colors_info=\u00a0\u00bb{}\u00a0\u00bb][\/dvmd_table_maker_item][dvmd_table_maker_item col_content=\u00a0\u00bb<b>Chambre familiale<br \/>Narzisse<\/b><br \/>\n<image href=%22\/zimmer\/narzisse\/%22>4<\/image><\/p>\n<div class=%22slButtonWrap%22>%91sl_link id=%222385%22 text=%22Demande%22 only_url=%22false%22 class=%22et_pb_button dvmd_tm_button%22 params=%22room=Narzisse%22 \/%93%91sl_link id=%222539%22 text=%22D\u00e9tails%22 only_url=%22false%22 class=%22et_pb_button dvmd_tm_button%22 \/%93<\/div>\n<p>136,00<br \/>\n154,00<br \/>\n130,00<br \/>\n148,00&Prime; _builder_version=\u00a0\u00bb4.27.6&Prime; _module_preset=\u00a0\u00bbdefault\u00a0\u00bb global_colors_info=\u00a0\u00bb{}\u00a0\u00bb][\/dvmd_table_maker_item][dvmd_table_maker_item col_content=\u00a0\u00bb<b>Chambre familiale<br \/>Arnika<\/b><br \/>\n<image href=%22\/zimmer\/arnika\/%22>6<\/image><\/p>\n<div class=%22slButtonWrap%22>%91sl_link id=%222385%22 text=%22Demande%22 only_url=%22false%22 class=%22et_pb_button dvmd_tm_button%22 params=%22room%3DFZArnika%22 \/%93%91sl_link id=%222523%22 text=%22Details%22 only_url=%22false%22 class=%22et_pb_button dvmd_tm_button%22 \/%93<\/div>\n<p>144,00<br \/>\n162,00<br \/>\n138,00<br \/>\n156,00&Prime; _builder_version=\u00a0\u00bb4.27.6&Prime; _module_preset=\u00a0\u00bbdefault\u00a0\u00bb global_colors_info=\u00a0\u00bb{}\u00a0\u00bb][\/dvmd_table_maker_item][dvmd_table_maker_item col_content=\u00a0\u00bb<b>Chambre familiale<br \/>Feuerlilie<\/b><br \/>\n<image href=%22\/zimmer\/feuerlilie\/%22>7<\/image><\/p>\n<div class=%22slButtonWrap%22>%91sl_link id=%222385%22 text=%22Demande%22 only_url=%22false%22 class=%22et_pb_button dvmd_tm_button%22 params=%22room%3DFZFeuerlilie%22 \/%93%91sl_link id=%222535%22 text=%22D\u00e9tails%22 only_url=%22false%22 class=%22et_pb_button dvmd_tm_button%22 \/%93<\/div>\n<p>144,00<br \/>\n162,00<br \/>\n138,00<br \/>\n156,00&Prime; _builder_version=\u00a0\u00bb4.27.6&Prime; _module_preset=\u00a0\u00bbdefault\u00a0\u00bb global_colors_info=\u00a0\u00bb{}\u00a0\u00bb][\/dvmd_table_maker_item][dvmd_table_maker_item col_content=\u00a0\u00bb<b>Appartement<br \/>Silberdistel<\/b><br \/>\n<image href=%22\/zimmer\/silberdistel\/%22>8<\/image><\/p>\n<div class=%22slButtonWrap%22>%91sl_link id=%222385%22 text=%22Demande%22 only_url=%22false%22 class=%22et_pb_button dvmd_tm_button%22 params=%22room%3DSilberdistel%22 \/%93%91sl_link id=%222543%22 text=%22Details%22 only_url=%22false%22 class=%22et_pb_button dvmd_tm_button%22 \/%93<\/div>\n<p>130,00<br \/>\n148,00<br \/>\n124,00<br \/>\n142,00&Prime; _builder_version=\u00a0\u00bb4.27.6&Prime; _module_preset=\u00a0\u00bbdefault\u00a0\u00bb global_colors_info=\u00a0\u00bb{}\u00a0\u00bb][\/dvmd_table_maker_item][dvmd_table_maker_item col_content=\u00a0\u00bb<b>Chambre simple<br \/>Enzian<\/b><br \/>\n<image href=%22\/zimmer\/einzelzimmer-enzian\/%22>9<\/image><\/p>\n<div class=%22slButtonWrap%22>%91sl_link id=%222385%22 text=%22Demande%22 only_url=%22false%22 class=%22et_pb_button dvmd_tm_button%22 params=%22room%3DEZEnzian%22 \/%93%91sl_link id=%222553%22 text=%22Details%22 only_url=%22false%22 class=%22et_pb_button dvmd_tm_button%22 \/%93<\/div>\n<p>126,00<br \/>\n144,00<br \/>\n119,00<br \/>\n138,00&Prime; _builder_version=\u00a0\u00bb4.27.6&Prime; _module_preset=\u00a0\u00bbdefault\u00a0\u00bb global_colors_info=\u00a0\u00bb{}\u00a0\u00bb][\/dvmd_table_maker_item][dvmd_table_maker_item col_content=\u00a0\u00bb<b>Chambre simple<br \/>Edelweiss<\/b><br \/>\n<image href=%22\/zimmer\/einzelzimmer-edelweiss\/%22>10<\/image><\/p>\n<div class=%22slButtonWrap%22>%91sl_link id=%222385%22 text=%22Demande%22 only_url=%22false%22 class=%22et_pb_button dvmd_tm_button%22 params=%22room%3DEZEdelweiss%22 \/%93%91sl_link id=%222547%22 text=%22D\u00e9tails%22 only_url=%22false%22 class=%22et_pb_button dvmd_tm_button%22 \/%93<\/div>\n<p>136,00<br \/>\n154,00<br \/>\n130,00<br \/>\n148,00&Prime; _builder_version=\u00a0\u00bb4.27.6&Prime; _module_preset=\u00a0\u00bbdefault\u00a0\u00bb global_colors_info=\u00a0\u00bb{}\u00a0\u00bb][\/dvmd_table_maker_item][\/dvmd_table_maker][\/et_pb_column][\/et_pb_row][\/et_pb_section][et_pb_section fb_built=\u00a0\u00bb1&Prime; admin_label=\u00a0\u00bbSektion Winter Inklusiv\u00a0\u00bb _builder_version=\u00a0\u00bb4.27.4&Prime; _module_preset=\u00a0\u00bbdefault\u00a0\u00bb custom_margin=\u00a0\u00bb||150px||false|false\u00a0\u00bb collapsed=\u00a0\u00bbon\u00a0\u00bb global_colors_info=\u00a0\u00bb{}\u00a0\u00bb][et_pb_row _builder_version=\u00a0\u00bb4.27.4&Prime; _module_preset=\u00a0\u00bbdefault\u00a0\u00bb global_colors_info=\u00a0\u00bb{}\u00a0\u00bb][et_pb_column type=\u00a0\u00bb4_4&Prime; _builder_version=\u00a0\u00bb4.27.4&Prime; _module_preset=\u00a0\u00bbdefault\u00a0\u00bb global_colors_info=\u00a0\u00bb{}\u00a0\u00bb][et_pb_text _builder_version=\u00a0\u00bb4.27.4&Prime; _module_preset=\u00a0\u00bbdefault\u00a0\u00bb global_colors_info=\u00a0\u00bb{}\u00a0\u00bb]<\/p>\n<h2 class=\"csc-firstHeader\">Services inclus et informations sur l&rsquo;h\u00f4tel Edelweiss Lermoos<\/h2>\n<p>[\/et_pb_text][\/et_pb_column][\/et_pb_row][et_pb_row column_structure=\u00a0\u00bb1_2,1_2&Prime; _builder_version=\u00a0\u00bb4.27.4&Prime; _module_preset=\u00a0\u00bbdefault\u00a0\u00bb global_colors_info=\u00a0\u00bb{}\u00a0\u00bb][et_pb_column type=\u00a0\u00bb1_2&Prime; _builder_version=\u00a0\u00bb4.27.4&Prime; _module_preset=\u00a0\u00bbdefault\u00a0\u00bb global_colors_info=\u00a0\u00bb{}\u00a0\u00bb][et_pb_text _builder_version=\u00a0\u00bb4.27.4&Prime; _module_preset=\u00a0\u00bbdefault\u00a0\u00bb global_colors_info=\u00a0\u00bb{}\u00a0\u00bb]<\/p>\n<div id=\"c573\" class=\"csc-default\">\n<div id=\"c26\" class=\"csc-default\">\n<div class=\"csc-header csc-header-n1\">\n<h2 class=\"csc-firstHeader\"><span style=\"font-size: 16px;\">Pour l&rsquo;hiver, il faut<\/span><\/h2>\n<\/div>\n<\/div>\n<div id=\"c27\" class=\"csc-default\">\n<div>\n<ul>\n<li>Menu de No\u00ebl &amp; Nouvel An en demi-pension<\/li>\n<li>Carte TOP-SNOW disponible \u00e0 la r\u00e9ception<\/li>\n<li>Soir\u00e9es dansantes avec musique live 1x par semaine, selon programme d&rsquo;activit\u00e9s<\/li>\n<\/ul>\n<\/div>\n<\/div>\n<div id=\"c29\" class=\"csc-default\">\n<div class=\"csc-header csc-header-n3\">\n<h5>Relax &amp; Beauty<\/h5>\n<\/div>\n<div>\n<ul>\n<li>Espace aquatique : piscine g\u00e9ante, rivi\u00e8re sauvage, cascade, fontaine, tourbillon, jacuzzi<\/li>\n<li>Paradis des saunas : Thermarium, grotte de vapeur, jacuzzi, bassin de plong\u00e9e dans la roche, salle d&rsquo;air frais, lits \u00e0 eau, cabines infrarouges, sauna finlandais original en rondins.<\/li>\n<li>Peignoir de bain \u00e0 l&rsquo;arriv\u00e9e dans la chambre (pour les adultes uniquement)<\/li>\n<li>Serviettes de bain disponibles dans l&rsquo;espace aquatique<\/li>\n<\/ul>\n<\/div>\n<\/div>\n<div id=\"c30\" class=\"csc-default\">\n<div class=\"csc-header csc-header-n4\">\n<h5>Ados &amp; Tweens<\/h5>\n<\/div>\n<ul>\n<li>Mini-club pour nos plus petits (sans surveillance) avec des jouets et un ch\u00e2teau de jeu.<\/li>\n<li>Club ado pour les plus grands avec billard, flipper, jeux TV, ping-pong, etc.<\/li>\n<\/ul>\n<\/div>\n<div id=\"c646\" class=\"csc-default\">\n<div class=\"csc-header csc-header-n5\">\n<h5>Wi-Fi &amp; Wifi :<\/h5>\n<\/div>\n<p class=\"bodytext\"><span lang=\"DE-AT\">Utilisable gratuitement par nos clients dans tout l&rsquo;h\u00f4tel.<\/span><\/p>\n<\/div>\n<\/div>\n<div id=\"c610\" class=\"csc-default\">\n<div>\n<p class=\"bodytext\"><b>Les prix des chambres en euros s&rsquo;entendent par personne et par jour en demi-pension.<\/b><\/p>\n<p class=\"bodytext\">Entr\u00e9es au parc aquatique et au paradis des saunas, peignoir pour adultes et serviettes inclus <\/p>\n<\/div>\n<div>\n<p class=\"bodytext\">Nuit\u00e9e avec petit-d\u00e9jeuner : prix de la demi-pension moins 25 euros par personne et par jour<\/p>\n<p class=\"bodytext\">Late check-out sous r\u00e9serve de disponibilit\u00e9, sur demande et avec frais suppl\u00e9mentaires<\/p>\n<p class=\"bodytext\"><b>TAXE DE SEJOUR<\/b>: Euro 3,00 par personne\/jour \u00e0 partir de 16 ans, en plus du prix de l&rsquo;h\u00f4tel<\/p>\n<p class=\"bodytext\"><b>Paiement<\/b><\/p>\n<p class=\"bodytext\">Nous acceptons volontiers les esp\u00e8ces en euros, les cartes EC, VISA et Mastercard.<\/p>\n<p class=\"bodytext\"><b>Arriv\u00e9e et d\u00e9part<\/b><\/p>\n<p class=\"bodytext\">La chambre que vous avez r\u00e9serv\u00e9e est disponible \u00e0 partir de 15 heures le jour de votre arriv\u00e9e. Le jour du d\u00e9part, les chambres ou les appartements doivent \u00eatre lib\u00e9r\u00e9s avant 11 heures. <\/p>\n<p class=\"bodytext\">Tous les prix et informations sont donn\u00e9s \u00e0 titre indicatif. Sous r\u00e9serve de modifications et d&rsquo;erreurs. Le  <span> <\/span><a href=\"https:\/\/www.wko.at\/tirol\/tourismus-freizeitwirtschaft\/hotellerie\/agb-hotellerie.pdf\" title=\"Conditions g\u00e9n\u00e9rales de l&#039;HOTELLE\" target=\"_blank\" class=\"external-link-new-window\" rel=\"noopener\">R\u00e8glement autrichien sur les h\u00f4tels<\/a>.<\/p>\n<\/div>\n<\/div>\n<div id=\"c600\" class=\"csc-default\">\n<p class=\"bodytext\"><\/div>\n<p>[\/et_pb_text][\/et_pb_column][et_pb_column type=\u00a0\u00bb1_2&Prime; _builder_version=\u00a0\u00bb4.27.4&Prime; _module_preset=\u00a0\u00bbdefault\u00a0\u00bb global_colors_info=\u00a0\u00bb{}\u00a0\u00bb][et_pb_text _builder_version=\u00a0\u00bb4.27.5&Prime; _module_preset=\u00a0\u00bbdefault\u00a0\u00bb global_colors_info=\u00a0\u00bb{}\u00a0\u00bb]<\/p>\n<div id=\"c610\" class=\"csc-default\">\n<div>\n<p class=\"bodytext\">\n<\/div>\n<\/div>\n<div id=\"c601\" class=\"csc-default\">\n<div class=\"csc-header csc-header-n1\">\n<h2 class=\"csc-firstHeader\">R\u00e9duction pour les enfants<\/h2>\n<\/div>\n<div>\n<p class=\"bodytext\">Pour les enfants dans la chambre de 2 personnes payant plein tarif ou 4 personnes dans la chambre Silberdistel.<br \/>Nous facturons exclusivement la m\u00eame pension que celle des parents.<br \/>Enfants en bas \u00e2ge 0-2 ans EUR 15,00 par jour (y compris lit de voyage, chaise haute, seau \u00e0 couches)<br \/>3 \u00e0 6 ans 75%, 7 \u00e0 11 ans 50%, 12 \u00e0 15 ans 25%, 16 \u00e0 18 ans 10%.<\/p>\n<p class=\"bodytext\">\n<\/div>\n<\/div>\n<div id=\"c600\" class=\"csc-default\">\n<div class=\"csc-header csc-header-n1\">\n<h2 class=\"csc-firstHeader\">Suppl\u00e9ments<\/h2>\n<\/div>\n<p class=\"bodytext\"><b>Suppl\u00e9ment pour Enzian chambre double \u00e0 usage individuel<\/b><\/p>\n<p class=\"bodytext\">Euro 30,- par jour<\/p>\n<p class=\"bodytext\"><b>Utilisation du garage<\/b><\/p>\n<p class=\"bodytext\">Euro 10,- par jour en hiver<\/p>\n<p class=\"bodytext\"><b>Courts s\u00e9jours<\/b><\/p>\n<p class=\"bodytext\">Suppl\u00e9ment de 10 EUR par personne et par nuit pour un s\u00e9jour de moins de 3 nuits<\/p>\n<p class=\"bodytext\"><b>Pour les chiens<\/b><\/p>\n<p class=\"bodytext\">Les chiens sont admis dans certaines chambres sur demande,<br \/>ainsi que dans le lobby de l&rsquo;h\u00f4tel et le bar, mais pas dans les salles \u00e0 manger et l&rsquo;espace aquatique.<\/p>\n<p class=\"bodytext\">Nous facturons pour les chiens jusqu&rsquo;\u00e0 12kg EUR 10,00 \/ \u00e0 partir de 13kg EUR 15,00 \/ \u00e0 partir de 25kg EUR 25,00 par jour (sans nourriture).<\/p>\n<p>Une couverture et une gamelle d&rsquo;eau sont fournies.<\/p>\n<\/div>\n<p>[\/et_pb_text][\/et_pb_column][\/et_pb_row][\/et_pb_section]<\/p>\n","protected":false},"excerpt":{"rendered":"<p>Prix par personne et par nuit. Sous r\u00e9serve de modifications. <div class=\"et_pb_module dvmd_table_maker dvmd_table_maker_0 dvmd_tm_version_4_0_1\">\n\t\t\t\t\n\t\t\t\t\n\t\t\t\t\n\t\t\t\t\n\t\t\t\t\n\t\t\t\t\n\t\t\t\t<div class=\"et_pb_module_inner\">\n\t\t\t\t\t\n\t\t\t\t<\/div>\n\t\t\t<\/div><div class=\"dvmd_outer\">\n\t\t\t\t\n\t\t\t\t\n\t\t\t\t\n\t\t\t\t\n\t\t\t\t\n\t\t\t\t\n\t\t\t\t<div class=\"dvmd_inner\">\n\t\t\t\t\t\n\t\t\t\t<\/div>\n\t\t\t<\/div><\/p>\n","protected":false},"author":4,"featured_media":0,"parent":0,"menu_order":5,"comment_status":"closed","ping_status":"closed","template":"","meta":{"_et_pb_use_builder":"on","_et_pb_old_content":"","_et_gb_content_width":"","footnotes":""},"class_list":["post-3929","page","type-page","status-publish","hentry"],"_links":{"self":[{"href":"https:\/\/www.edelweiss.at\/fr\/wp-json\/wp\/v2\/pages\/3929","targetHints":{"allow":["GET"]}}],"collection":[{"href":"https:\/\/www.edelweiss.at\/fr\/wp-json\/wp\/v2\/pages"}],"about":[{"href":"https:\/\/www.edelweiss.at\/fr\/wp-json\/wp\/v2\/types\/page"}],"author":[{"embeddable":true,"href":"https:\/\/www.edelweiss.at\/fr\/wp-json\/wp\/v2\/users\/4"}],"replies":[{"embeddable":true,"href":"https:\/\/www.edelweiss.at\/fr\/wp-json\/wp\/v2\/comments?post=3929"}],"version-history":[{"count":89,"href":"https:\/\/www.edelweiss.at\/fr\/wp-json\/wp\/v2\/pages\/3929\/revisions"}],"predecessor-version":[{"id":8966,"href":"https:\/\/www.edelweiss.at\/fr\/wp-json\/wp\/v2\/pages\/3929\/revisions\/8966"}],"wp:attachment":[{"href":"https:\/\/www.edelweiss.at\/fr\/wp-json\/wp\/v2\/media?parent=3929"}],"curies":[{"name":"wp","href":"https:\/\/api.w.org\/{rel}","templated":true}]}}