{"id":4348,"date":"2025-11-21T11:28:37","date_gmt":"2025-11-21T10:28:37","guid":{"rendered":"https:\/\/www.edelweiss.at\/natation\/"},"modified":"2026-03-26T11:19:21","modified_gmt":"2026-03-26T10:19:21","slug":"natation","status":"publish","type":"page","link":"https:\/\/www.edelweiss.at\/fr\/activites\/natation\/","title":{"rendered":"Natation"},"content":{"rendered":"<p>[et_pb_section fb_built=\u00a0\u00bb1&Prime; _builder_version=\u00a0\u00bb4.27.4&Prime; _module_preset=\u00a0\u00bbdefault\u00a0\u00bb global_colors_info=\u00a0\u00bb{}\u00a0\u00bb][et_pb_row _builder_version=\u00a0\u00bb4.27.4&Prime; _module_preset=\u00a0\u00bbdefault\u00a0\u00bb global_colors_info=\u00a0\u00bb{}\u00a0\u00bb][et_pb_column type=\u00a0\u00bb4_4&Prime; _builder_version=\u00a0\u00bb4.27.4&Prime; _module_preset=\u00a0\u00bbdefault\u00a0\u00bb global_colors_info=\u00a0\u00bb{}\u00a0\u00bb][et_pb_heading title=\u00a0\u00bbLacs de montagne, natation, &#8230;\u00a0\u00bb _builder_version=\u00a0\u00bb4.27.4&Prime; _module_preset=\u00a0\u00bbdefault\u00a0\u00bb title_font=\u00a0\u00bbOswald||||||||\u00a0\u00bb global_colors_info=\u00a0\u00bb{}\u00a0\u00bb][\/et_pb_heading][\/et_pb_column][\/et_pb_row][et_pb_row column_structure=\u00a0\u00bb3_5,2_5&Prime; _builder_version=\u00a0\u00bb4.27.4&Prime; _module_preset=\u00a0\u00bbdefault\u00a0\u00bb global_colors_info=\u00a0\u00bb{}\u00a0\u00bb][et_pb_column type=\u00a0\u00bb3_5&Prime; _builder_version=\u00a0\u00bb4.27.4&Prime; _module_preset=\u00a0\u00bbdefault\u00a0\u00bb global_colors_info=\u00a0\u00bb{}\u00a0\u00bb][et_pb_text _builder_version=\u00a0\u00bb4.27.4&Prime; _module_preset=\u00a0\u00bbdefault\u00a0\u00bb global_colors_info=\u00a0\u00bb{}\u00a0\u00bb]<\/p>\n<div>\n<div id=\"c81\">\n<div>\n<p>En \u00e9t\u00e9, les eaux claires des lacs de baignade et de montagne de la Tiroler Zugspitz Arena vous invitent \u00e0 vous rafra\u00eechir apr\u00e8s une longue randonn\u00e9e.<\/p>\n<p>La piscine en plein air de Lermoos est ouverte de fin mai \u00e0 mi-septembre si le temps le permet et est accessible depuis l&rsquo;h\u00f4tel en 10 minutes \u00e0 pied environ.<\/p>\n<p>Les clients de l&rsquo;h\u00f4tel peuvent bien entendu profiter gratuitement de l&rsquo;espace aquatique de l&rsquo;h\u00f4tel, qui s&rsquo;\u00e9tend sur plus de 300 m\u00b2, tous les jours de 7h \u00e0 21h.<\/p>\n<p>Attention \u00e0 ne pas avoir les pieds palm\u00e9s&#8230;<\/p>\n<div id=\"c102\"><\/div>\n<\/div>\n<\/div>\n<\/div>\n<p>[\/et_pb_text][\/et_pb_column][et_pb_column type=\u00a0\u00bb2_5&Prime; _builder_version=\u00a0\u00bb4.27.4&Prime; _module_preset=\u00a0\u00bbdefault\u00a0\u00bb global_colors_info=\u00a0\u00bb{}\u00a0\u00bb][et_pb_text _builder_version=\u00a0\u00bb4.27.4&Prime; _module_preset=\u00a0\u00bb064f11a0-6b82-4885-81c2-e85da605fa3c\u00a0\u00bb global_colors_info=\u00a0\u00bb{}\u00a0\u00bb]<\/p>\n<blockquote>\n<p>En \u00e9t\u00e9, les lacs scintillants de la Tiroler Zugspitz Arena, avec leurs eaux claires, attirent comme par magie<\/p>\n<\/blockquote>\n<p>[\/et_pb_text][\/et_pb_column][\/et_pb_row][\/et_pb_section][et_pb_section fb_built=\u00a0\u00bb1&Prime; _builder_version=\u00a0\u00bb4.27.4&Prime; _module_preset=\u00a0\u00bbdefault\u00a0\u00bb global_colors_info=\u00a0\u00bb{}\u00a0\u00bb][et_pb_row column_structure=\u00a0\u00bb1_5,1_5,1_5,1_5,1_5&Prime; _builder_version=\u00a0\u00bb4.27.4&Prime; _module_preset=\u00a0\u00bbdc5c2f5f-8414-453d-b24b-2e466a5de151&Prime; min_height=\u00a0\u00bb25vh\u00a0\u00bb global_colors_info=\u00a0\u00bb{}\u00a0\u00bb][et_pb_column type=\u00a0\u00bb1_5&Prime; _builder_version=\u00a0\u00bb4.27.4&Prime; _module_preset=\u00a0\u00bbdefault\u00a0\u00bb background_image=\u00a0\u00bbhttps:\/\/www.edelweiss.at\/wp-content\/uploads\/2025\/11\/Heiterwanger-SeecZABT_C.-Jorda-52.jpg\u00a0\u00bb global_colors_info=\u00a0\u00bb{}\u00a0\u00bb][et_pb_code admin_label=\u00a0\u00bbPorte-plaquette\u00a0\u00bb _builder_version=\u00a0\u00bb4.27.4&Prime; _module_preset=\u00a0\u00bb236727f5-1545-4c4f-8fb2-6b2a93023e65&Prime; global_colors_info=\u00a0\u00bb{}\u00a0\u00bb]<!-- placeholder -->[\/et_pb_code][\/et_pb_column][et_pb_column type=\u00a0\u00bb1_5&Prime; _builder_version=\u00a0\u00bb4.27.4&Prime; _module_preset=\u00a0\u00bbdefault\u00a0\u00bb background_image=\u00a0\u00bbhttps:\/\/www.edelweiss.at\/wp-content\/uploads\/2025\/11\/Heiterwanger-SeecZABT_C.-Jorda-47.jpg\u00a0\u00bb global_colors_info=\u00a0\u00bb{}\u00a0\u00bb][et_pb_code admin_label=\u00a0\u00bbPorte-plaquette\u00a0\u00bb _builder_version=\u00a0\u00bb4.27.4&Prime; _module_preset=\u00a0\u00bb236727f5-1545-4c4f-8fb2-6b2a93023e65&Prime; global_colors_info=\u00a0\u00bb{}\u00a0\u00bb]<!-- placeholder -->[\/et_pb_code][\/et_pb_column][et_pb_column type=\u00a0\u00bb1_5&Prime; _builder_version=\u00a0\u00bb4.27.4&Prime; _module_preset=\u00a0\u00bbdefault\u00a0\u00bb background_image=\u00a0\u00bbhttps:\/\/www.edelweiss.at\/wp-content\/uploads\/2025\/11\/Heiterwanger-SeecZABT_C.-Jorda-13.jpg\u00a0\u00bb global_colors_info=\u00a0\u00bb{}\u00a0\u00bb][et_pb_code admin_label=\u00a0\u00bbPorte-plaquette\u00a0\u00bb _builder_version=\u00a0\u00bb4.27.4&Prime; _module_preset=\u00a0\u00bb236727f5-1545-4c4f-8fb2-6b2a93023e65&Prime; global_colors_info=\u00a0\u00bb{}\u00a0\u00bb]<!-- placeholder -->[\/et_pb_code][\/et_pb_column][et_pb_column type=\u00a0\u00bb1_5&Prime; _builder_version=\u00a0\u00bb4.27.4&Prime; _module_preset=\u00a0\u00bbdefault\u00a0\u00bb background_image=\u00a0\u00bbhttps:\/\/www.edelweiss.at\/wp-content\/uploads\/2025\/11\/ZA\u00a9AlbinNiederstrasser-110.jpg\u00a0\u00bb global_colors_info=\u00a0\u00bb{}\u00a0\u00bb][et_pb_code admin_label=\u00a0\u00bbPorte-plaquette\u00a0\u00bb _builder_version=\u00a0\u00bb4.27.4&Prime; _module_preset=\u00a0\u00bb236727f5-1545-4c4f-8fb2-6b2a93023e65&Prime; global_colors_info=\u00a0\u00bb{}\u00a0\u00bb]<!-- placeholder -->[\/et_pb_code][\/et_pb_column][et_pb_column type=\u00a0\u00bb1_5&Prime; _builder_version=\u00a0\u00bb4.27.4&Prime; _module_preset=\u00a0\u00bbdefault\u00a0\u00bb background_image=\u00a0\u00bbhttps:\/\/www.edelweiss.at\/wp-content\/uploads\/2025\/11\/ZA\u00a9AlbinNiederstrasser-117.jpg\u00a0\u00bb global_colors_info=\u00a0\u00bb{}\u00a0\u00bb][et_pb_code admin_label=\u00a0\u00bbPorte-plaquette\u00a0\u00bb _builder_version=\u00a0\u00bb4.27.4&Prime; _module_preset=\u00a0\u00bb236727f5-1545-4c4f-8fb2-6b2a93023e65&Prime; global_colors_info=\u00a0\u00bb{}\u00a0\u00bb]<!-- placeholder -->[\/et_pb_code][\/et_pb_column][\/et_pb_row][\/et_pb_section][et_pb_section fb_built=\u00a0\u00bb1&Prime; _builder_version=\u00a0\u00bb4.27.4&Prime; _module_preset=\u00a0\u00bbdefault\u00a0\u00bb background_image=\u00a0\u00bbhttps:\/\/www.edelweiss.at\/wp-content\/uploads\/2025\/11\/ZA\u00a9AlbinNiederstrasser-113.jpg\u00a0\u00bb background_position=\u00a0\u00bbtop_center\u00a0\u00bb min_height=\u00a0\u00bb100vh\u00a0\u00bb custom_padding=\u00a0\u00bb0px||||false|false\u00a0\u00bb global_colors_info=\u00a0\u00bb{}\u00a0\u00bb][et_pb_row _builder_version=\u00a0\u00bb4.27.4&Prime; _module_preset=\u00a0\u00bbdefault\u00a0\u00bb custom_margin=\u00a0\u00bb0px||0px||true|false\u00a0\u00bb custom_padding=\u00a0\u00bb0px||||false|false\u00a0\u00bb global_colors_info=\u00a0\u00bb{}\u00a0\u00bb][et_pb_column type=\u00a0\u00bb4_4&Prime; _builder_version=\u00a0\u00bb4.27.4&Prime; _module_preset=\u00a0\u00bbdefault\u00a0\u00bb global_colors_info=\u00a0\u00bb{}\u00a0\u00bb][et_pb_text _builder_version=\u00a0\u00bb4.27.4&Prime; _module_preset=\u00a0\u00bb6f816b85-54bb-465f-83ef-9b2a5de5fa1f\u00a0\u00bb global_colors_info=\u00a0\u00bb{}\u00a0\u00bb]<\/p>\n<p>Les plaisirs de l&rsquo;eau<\/p>\n<p>[\/et_pb_text][\/et_pb_column][\/et_pb_row][\/et_pb_section][et_pb_section fb_built=\u00a0\u00bb1&Prime; _builder_version=\u00a0\u00bb4.27.4&Prime; _module_preset=\u00a0\u00bbdefault\u00a0\u00bb background_color=\u00a0\u00bbRGBA(255,255,255,0)\u00a0\u00bb custom_margin=\u00a0\u00bb-150px||0px||false|false\u00a0\u00bb custom_padding=\u00a0\u00bb0px||0px||false|false\u00a0\u00bb global_colors_info=\u00a0\u00bb{}\u00a0\u00bb][et_pb_row column_structure=\u00a0\u00bb1_3,2_3&Prime; use_custom_gutter=\u00a0\u00bbon\u00a0\u00bb gutter_width=\u00a0\u00bb1&Prime; _builder_version=\u00a0\u00bb4.27.4&Prime; _module_preset=\u00a0\u00bbdefault\u00a0\u00bb custom_margin=\u00a0\u00bb0px||0px||false|false\u00a0\u00bb custom_padding=\u00a0\u00bb0px||0px||false|false\u00a0\u00bb global_colors_info=\u00a0\u00bb{}\u00a0\u00bb][et_pb_column type=\u00a0\u00bb1_3&Prime; _builder_version=\u00a0\u00bb4.27.4&Prime; _module_preset=\u00a0\u00bbdefault\u00a0\u00bb global_colors_info=\u00a0\u00bb{}\u00a0\u00bb][et_pb_image src=\u00a0\u00bbhttps:\/\/www.edelweiss.at\/wp-content\/uploads\/2025\/09\/ci-2025-square-green.svg\u00a0\u00bb title_text=\u00a0\u00bbci-2025-square-green\u00a0\u00bb _builder_version=\u00a0\u00bb4.27.4&Prime; _module_preset=\u00a0\u00bbdefault\u00a0\u00bb width=\u00a0\u00bb250px\u00a0\u00bb module_alignment=\u00a0\u00bbcenter\u00a0\u00bb height=\u00a0\u00bb250px\u00a0\u00bb custom_margin=\u00a0\u00bb0px|0px|0px|0px|false|false\u00a0\u00bb custom_padding=\u00a0\u00bb0px|0px|0px|0px|false|false\u00a0\u00bb global_colors_info=\u00a0\u00bb{}\u00a0\u00bb][\/et_pb_image][\/et_pb_column][et_pb_column type=\u00a0\u00bb2_3&Prime; _builder_version=\u00a0\u00bb4.27.4&Prime; _module_preset=\u00a0\u00bbdefault\u00a0\u00bb global_colors_info=\u00a0\u00bb{}\u00a0\u00bb][et_pb_text _builder_version=\u00a0\u00bb4.27.4&Prime; _module_preset=\u00a0\u00bbbb216964-205c-407e-95e0-94788f95e2c1&Prime; dvmd_acat_aria_hidden=\u00a0\u00bbon\u00a0\u00bb dvmd_acat_aria_hidden_selector=\u00a0\u00bb.et_pb_text_inner\u00a0\u00bb global_colors_info=\u00a0\u00bb{}\u00a0\u00bb]<\/p>\n<p style=\"text-align: center;\">La plus belle fleur des Alpes.<\/p>\n<p>[\/et_pb_text][\/et_pb_column][\/et_pb_row][\/et_pb_section][et_pb_section fb_built=\u00a0\u00bb1&Prime; _builder_version=\u00a0\u00bb4.27.4&Prime; _module_preset=\u00a0\u00bbdefault\u00a0\u00bb global_colors_info=\u00a0\u00bb{}\u00a0\u00bb][et_pb_row column_structure=\u00a0\u00bb1_2,1_2&Prime; _builder_version=\u00a0\u00bb4.27.4&Prime; _module_preset=\u00a0\u00bbdefault\u00a0\u00bb max_width=\u00a0\u00bb80%\u00a0\u00bb global_colors_info=\u00a0\u00bb{}\u00a0\u00bb][et_pb_column type=\u00a0\u00bb1_2&Prime; _builder_version=\u00a0\u00bb4.27.4&Prime; _module_preset=\u00a0\u00bbdefault\u00a0\u00bb global_colors_info=\u00a0\u00bb{}\u00a0\u00bb][et_pb_text quote_border_color=\u00a0\u00bb#806C47&Prime; _builder_version=\u00a0\u00bb4.27.4&Prime; _module_preset=\u00a0\u00bbdefault\u00a0\u00bb quote_font=\u00a0\u00bbAboreto|300|||||||\u00a0\u00bb quote_text_color=\u00a0\u00bb#806C47&Prime; global_colors_info=\u00a0\u00bb{}\u00a0\u00bb]<\/p>\n<blockquote>\n<p>Parfaites pour se d\u00e9tendre apr\u00e8s une randonn\u00e9e \u00e0 pied ou \u00e0 v\u00e9lo - les eaux pittoresques de la Zugspitz Arena<\/p>\n<\/blockquote>\n<p>[\/et_pb_text][et_pb_text _builder_version=\u00a0\u00bb4.27.4&Prime; _module_preset=\u00a0\u00bbdefault\u00a0\u00bb global_colors_info=\u00a0\u00bb{}\u00a0\u00bb]<\/p>\n<p>Vivez les sensations fortes de la Blindseetrail en VTT. Ce parcours vari\u00e9 vous fera traverser des paysages \u00e0 couper le souffle qui vous laisseront bouche b\u00e9e. Ressentez l&rsquo;adr\u00e9naline en roulant sur les racines et les pierres et profitez de l&rsquo;air frais qui ravive vos sens. Apr\u00e8s une journ\u00e9e passionnante sur le sentier, le rafra\u00eechissant lac Blind vous attend. Plongez dans l&rsquo;eau claire et laissez derri\u00e8re vous les efforts de la journ\u00e9e. Que vous partiez seul ou avec des amis, cette journ\u00e9e vous promet des moments inoubliables de plaisir et de d\u00e9tente en pleine nature.<\/p>\n<p>[\/et_pb_text][\/et_pb_column][et_pb_column type=\u00a0\u00bb1_2&Prime; _builder_version=\u00a0\u00bb4.27.4&Prime; _module_preset=\u00a0\u00bbdefault\u00a0\u00bb global_colors_info=\u00a0\u00bb{}\u00a0\u00bb][et_pb_image src=\u00a0\u00bbhttps:\/\/www.edelweiss.at\/wp-content\/uploads\/2025\/11\/Mountainbike_Am_See_01.jpg\u00a0\u00bb title_text=\u00a0\u00bbVTT_au_lac_01&Prime; _builder_version=\u00a0\u00bb4.27.4&Prime; _module_preset=\u00a0\u00bbdefault\u00a0\u00bb global_colors_info=\u00a0\u00bb{}\u00a0\u00bb][\/et_pb_image][\/et_pb_column][\/et_pb_row][\/et_pb_section]<\/p>\n","protected":false},"excerpt":{"rendered":"<p>En \u00e9t\u00e9, les eaux claires des lacs de baignade et de montagne de la Tiroler Zugspitz Arena vous invitent \u00e0 vous rafra\u00eechir apr\u00e8s une longue randonn\u00e9e. La piscine en plein air de Lermoos est ouverte de fin mai \u00e0 mi-septembre si le temps le permet et est accessible depuis l&rsquo;h\u00f4tel en 10 minutes \u00e0 pied [&hellip;]<\/p>\n","protected":false},"author":4,"featured_media":0,"parent":4702,"menu_order":26,"comment_status":"closed","ping_status":"closed","template":"","meta":{"_et_pb_use_builder":"on","_et_pb_old_content":"","_et_gb_content_width":"","footnotes":""},"class_list":["post-4348","page","type-page","status-publish","hentry"],"_links":{"self":[{"href":"https:\/\/www.edelweiss.at\/fr\/wp-json\/wp\/v2\/pages\/4348","targetHints":{"allow":["GET"]}}],"collection":[{"href":"https:\/\/www.edelweiss.at\/fr\/wp-json\/wp\/v2\/pages"}],"about":[{"href":"https:\/\/www.edelweiss.at\/fr\/wp-json\/wp\/v2\/types\/page"}],"author":[{"embeddable":true,"href":"https:\/\/www.edelweiss.at\/fr\/wp-json\/wp\/v2\/users\/4"}],"replies":[{"embeddable":true,"href":"https:\/\/www.edelweiss.at\/fr\/wp-json\/wp\/v2\/comments?post=4348"}],"version-history":[{"count":17,"href":"https:\/\/www.edelweiss.at\/fr\/wp-json\/wp\/v2\/pages\/4348\/revisions"}],"predecessor-version":[{"id":9348,"href":"https:\/\/www.edelweiss.at\/fr\/wp-json\/wp\/v2\/pages\/4348\/revisions\/9348"}],"up":[{"embeddable":true,"href":"https:\/\/www.edelweiss.at\/fr\/wp-json\/wp\/v2\/pages\/4702"}],"wp:attachment":[{"href":"https:\/\/www.edelweiss.at\/fr\/wp-json\/wp\/v2\/media?parent=4348"}],"curies":[{"name":"wp","href":"https:\/\/api.w.org\/{rel}","templated":true}]}}