{"id":4366,"date":"2025-11-20T15:58:53","date_gmt":"2025-11-20T14:58:53","guid":{"rendered":"https:\/\/www.edelweiss.at\/golf\/"},"modified":"2026-03-26T11:17:07","modified_gmt":"2026-03-26T10:17:07","slug":"golf","status":"publish","type":"page","link":"https:\/\/www.edelweiss.at\/fr\/activites\/golf\/","title":{"rendered":"Golf"},"content":{"rendered":"<p>[et_pb_section fb_built=\u00a0\u00bb1&Prime; _builder_version=\u00a0\u00bb4.27.4&Prime; _module_preset=\u00a0\u00bbdefault\u00a0\u00bb global_colors_info=\u00a0\u00bb{}\u00a0\u00bb][et_pb_row _builder_version=\u00a0\u00bb4.27.4&Prime; _module_preset=\u00a0\u00bbdefault\u00a0\u00bb global_colors_info=\u00a0\u00bb{}\u00a0\u00bb][et_pb_column type=\u00a0\u00bb4_4&Prime; _builder_version=\u00a0\u00bb4.27.4&Prime; _module_preset=\u00a0\u00bbdefault\u00a0\u00bb global_colors_info=\u00a0\u00bb{}\u00a0\u00bb][et_pb_heading title=\u00a0\u00bbGolf \u00e0 Edelweiss\u00a0\u00bb _builder_version=\u00a0\u00bb4.27.4&Prime; _module_preset=\u00a0\u00bbdefault\u00a0\u00bb title_font=\u00a0\u00bbOswald||||||||\u00a0\u00bb global_colors_info=\u00a0\u00bb{}\u00a0\u00bb][\/et_pb_heading][\/et_pb_column][\/et_pb_row][et_pb_row column_structure=\u00a0\u00bb3_5,2_5&Prime; _builder_version=\u00a0\u00bb4.27.4&Prime; _module_preset=\u00a0\u00bbdefault\u00a0\u00bb global_colors_info=\u00a0\u00bb{}\u00a0\u00bb][et_pb_column type=\u00a0\u00bb3_5&Prime; _builder_version=\u00a0\u00bb4.27.4&Prime; _module_preset=\u00a0\u00bbdefault\u00a0\u00bb global_colors_info=\u00a0\u00bb{}\u00a0\u00bb][et_pb_text _builder_version=\u00a0\u00bb4.27.4&Prime; _module_preset=\u00a0\u00bbdefault\u00a0\u00bb global_colors_info=\u00a0\u00bb{}\u00a0\u00bb]<\/p>\n<div>\n<div>\n<div id=\"c81\">\n<div>\n<p>Nous sommes l&rsquo;h\u00f4tel fondateur du terrain de golf \u00ab\u00a0Tiroler Zugspitzgolf\u00a0\u00bb.<br \/>Vous trouverez plus d&rsquo;informations sur le <a href=\"http:\/\/www.tiroler-zugspitzgolf.at\/\" target=\"_blank\" rel=\"noopener\">site officiel du Tiroler Zugspitzgolf<\/a><\/p>\n<p><strong>Construit sur des prairies naturelles, ce parcours de 9 trous r\u00e9pond aux crit\u00e8res internationaux les plus r\u00e9cents qu&rsquo;un futur parcours de championnat doit offrir.<\/strong>  Les contrastes et les situations qui changent constamment se pr\u00e9sentent comme un d\u00e9fi sportif, mais tout \u00e0 fait \u00e9quitable. Des parcours difficiles de type par 3 alternent avec des parcours faciles de type par 4. Sur les parcours par 5, notamment le 9, le joueur est \u00e9galement mis \u00e0 l&rsquo;\u00e9preuve sur la longueur. Avec ce m\u00e9lange d&rsquo;exigences changeantes, notre parcours se distingue de nombreux autres parcours de golf dans les Alpes.  <\/p>\n<div id=\"c100\">\n<p>Le driving range, avec vue sur la Zugspitze, est directement reli\u00e9 au terrain de golf.<\/p>\n<\/div>\n<div id=\"c101\">\n<p>Le clubhouse \u00ab\u00a0Golfino\u00a0\u00bb surprend par son architecture unique en harmonie avec la nature. Vous trouverez \u00e9galement dans le clubhouse une boutique de golf et le caddy hall avec les caddy boxes qui peuvent \u00eatre lou\u00e9s pour l&rsquo;\u00e9quipement de golf.<\/p>\n<\/div>\n<div id=\"c102\">\n<p>Envie d&rsquo;en savoir plus ?<\/p>\n<p>Contactez-nous pour les offres et les forfaits de golf.<br \/>Nos clients de l&rsquo;h\u00f4tel b\u00e9n\u00e9ficient de 20% sur les green fees et de 10% sur les range fees.<\/p>\n<p><a href=\"http:\/\/www.tiroler-zugspitzgolf.at\/\" target=\"_blank\" rel=\"noopener\">www.tiroler-zugspitzgolf.at<\/a><\/p>\n<\/div>\n<\/div>\n<\/div>\n<\/div>\n<\/div>\n<p>[\/et_pb_text][\/et_pb_column][et_pb_column type=\u00a0\u00bb2_5&Prime; _builder_version=\u00a0\u00bb4.27.4&Prime; _module_preset=\u00a0\u00bbdefault\u00a0\u00bb global_colors_info=\u00a0\u00bb{}\u00a0\u00bb][et_pb_text _builder_version=\u00a0\u00bb4.27.4&Prime; _module_preset=\u00a0\u00bb064f11a0-6b82-4885-81c2-e85da605fa3c\u00a0\u00bb global_colors_info=\u00a0\u00bb{}\u00a0\u00bb]<\/p>\n<blockquote>\n<p>Le golf tyrolien de la Zugspitze s\u00e9duit par sa situation unique et son magnifique panorama.<\/p>\n<\/blockquote>\n<p>[\/et_pb_text][\/et_pb_column][\/et_pb_row][\/et_pb_section][et_pb_section fb_built=\u00a0\u00bb1&Prime; _builder_version=\u00a0\u00bb4.27.4&Prime; _module_preset=\u00a0\u00bbdefault\u00a0\u00bb global_colors_info=\u00a0\u00bb{}\u00a0\u00bb][et_pb_row column_structure=\u00a0\u00bb1_5,1_5,1_5,1_5,1_5&Prime; _builder_version=\u00a0\u00bb4.27.4&Prime; _module_preset=\u00a0\u00bbdc5c2f5f-8414-453d-b24b-2e466a5de151&Prime; min_height=\u00a0\u00bb25vh\u00a0\u00bb global_colors_info=\u00a0\u00bb{}\u00a0\u00bb][et_pb_column type=\u00a0\u00bb1_5&Prime; _builder_version=\u00a0\u00bb4.27.4&Prime; _module_preset=\u00a0\u00bbdefault\u00a0\u00bb background_image=\u00a0\u00bbhttps:\/\/www.edelweiss.at\/wp-content\/uploads\/2025\/11\/GC-ZUGSPITZE\u00a9A.Niederstrasser-238.jpg\u00a0\u00bb global_colors_info=\u00a0\u00bb{}\u00a0\u00bb][et_pb_code admin_label=\u00a0\u00bbPorte-plaquette\u00a0\u00bb _builder_version=\u00a0\u00bb4.27.4&Prime; _module_preset=\u00a0\u00bb236727f5-1545-4c4f-8fb2-6b2a93023e65&Prime; global_colors_info=\u00a0\u00bb{}\u00a0\u00bb]<!-- placeholder -->[\/et_pb_code][\/et_pb_column][et_pb_column type=\u00a0\u00bb1_5&Prime; _builder_version=\u00a0\u00bb4.27.4&Prime; _module_preset=\u00a0\u00bbdefault\u00a0\u00bb background_image=\u00a0\u00bbhttps:\/\/www.edelweiss.at\/wp-content\/uploads\/2025\/11\/GC-ZUGSPITZE\u00a9A.Niederstrasser-304.jpg\u00a0\u00bb global_colors_info=\u00a0\u00bb{}\u00a0\u00bb][et_pb_code admin_label=\u00a0\u00bbPorte-plaquette\u00a0\u00bb _builder_version=\u00a0\u00bb4.27.4&Prime; _module_preset=\u00a0\u00bb236727f5-1545-4c4f-8fb2-6b2a93023e65&Prime; global_colors_info=\u00a0\u00bb{}\u00a0\u00bb]<!-- placeholder -->[\/et_pb_code][\/et_pb_column][et_pb_column type=\u00a0\u00bb1_5&Prime; _builder_version=\u00a0\u00bb4.27.4&Prime; _module_preset=\u00a0\u00bbdefault\u00a0\u00bb background_image=\u00a0\u00bbhttps:\/\/www.edelweiss.at\/wp-content\/uploads\/2025\/11\/GC-ZUGSPITZE\u00a9A.Niederstrasser-217b.jpg\u00a0\u00bb global_colors_info=\u00a0\u00bb{}\u00a0\u00bb][et_pb_code admin_label=\u00a0\u00bbPorte-plaquette\u00a0\u00bb _builder_version=\u00a0\u00bb4.27.4&Prime; _module_preset=\u00a0\u00bb236727f5-1545-4c4f-8fb2-6b2a93023e65&Prime; global_colors_info=\u00a0\u00bb{}\u00a0\u00bb]<!-- placeholder -->[\/et_pb_code][\/et_pb_column][et_pb_column type=\u00a0\u00bb1_5&Prime; _builder_version=\u00a0\u00bb4.27.4&Prime; _module_preset=\u00a0\u00bbdefault\u00a0\u00bb background_image=\u00a0\u00bbhttps:\/\/www.edelweiss.at\/wp-content\/uploads\/2025\/11\/GC-ZUGSPITZE\u00a9A.Niederstrasser-302.jpg\u00a0\u00bb global_colors_info=\u00a0\u00bb{}\u00a0\u00bb][et_pb_code admin_label=\u00a0\u00bbPorte-plaquette\u00a0\u00bb _builder_version=\u00a0\u00bb4.27.4&Prime; _module_preset=\u00a0\u00bb236727f5-1545-4c4f-8fb2-6b2a93023e65&Prime; global_colors_info=\u00a0\u00bb{}\u00a0\u00bb]<!-- placeholder -->[\/et_pb_code][\/et_pb_column][et_pb_column type=\u00a0\u00bb1_5&Prime; _builder_version=\u00a0\u00bb4.27.4&Prime; _module_preset=\u00a0\u00bbdefault\u00a0\u00bb background_image=\u00a0\u00bbhttps:\/\/www.edelweiss.at\/wp-content\/uploads\/2025\/11\/GC-ZUGSPITZE\u00a9A.Niederstrasser-305.jpg\u00a0\u00bb global_colors_info=\u00a0\u00bb{}\u00a0\u00bb][et_pb_code admin_label=\u00a0\u00bbPorte-plaquette\u00a0\u00bb _builder_version=\u00a0\u00bb4.27.4&Prime; _module_preset=\u00a0\u00bb236727f5-1545-4c4f-8fb2-6b2a93023e65&Prime; global_colors_info=\u00a0\u00bb{}\u00a0\u00bb]<!-- placeholder -->[\/et_pb_code][\/et_pb_column][\/et_pb_row][\/et_pb_section][et_pb_section fb_built=\u00a0\u00bb1&Prime; _builder_version=\u00a0\u00bb4.27.4&Prime; _module_preset=\u00a0\u00bbdefault\u00a0\u00bb background_image=\u00a0\u00bbhttps:\/\/www.edelweiss.at\/wp-content\/uploads\/2025\/11\/GC-ZUGSPITZE\u00a9A.Niederstrasser-21.jpg\u00a0\u00bb background_position=\u00a0\u00bbtop_center\u00a0\u00bb min_height=\u00a0\u00bb100vh\u00a0\u00bb custom_padding=\u00a0\u00bb0px||||false|false\u00a0\u00bb global_colors_info=\u00a0\u00bb{}\u00a0\u00bb][et_pb_row _builder_version=\u00a0\u00bb4.27.4&Prime; _module_preset=\u00a0\u00bbdefault\u00a0\u00bb custom_margin=\u00a0\u00bb0px||0px||true|false\u00a0\u00bb custom_padding=\u00a0\u00bb0px||||false|false\u00a0\u00bb global_colors_info=\u00a0\u00bb{}\u00a0\u00bb][et_pb_column type=\u00a0\u00bb4_4&Prime; _builder_version=\u00a0\u00bb4.27.4&Prime; _module_preset=\u00a0\u00bbdefault\u00a0\u00bb global_colors_info=\u00a0\u00bb{}\u00a0\u00bb][et_pb_text _builder_version=\u00a0\u00bb4.27.4&Prime; _module_preset=\u00a0\u00bb6f816b85-54bb-465f-83ef-9b2a5de5fa1f\u00a0\u00bb global_colors_info=\u00a0\u00bb{}\u00a0\u00bb]<\/p>\n<p>Zugspitzgolf<\/p>\n<p>[\/et_pb_text][\/et_pb_column][\/et_pb_row][\/et_pb_section][et_pb_section fb_built=\u00a0\u00bb1&Prime; _builder_version=\u00a0\u00bb4.27.4&Prime; _module_preset=\u00a0\u00bbdefault\u00a0\u00bb background_color=\u00a0\u00bbRGBA(255,255,255,0)\u00a0\u00bb custom_margin=\u00a0\u00bb-150px||0px||false|false\u00a0\u00bb custom_padding=\u00a0\u00bb0px||0px||false|false\u00a0\u00bb global_colors_info=\u00a0\u00bb{}\u00a0\u00bb][et_pb_row column_structure=\u00a0\u00bb1_3,2_3&Prime; use_custom_gutter=\u00a0\u00bbon\u00a0\u00bb gutter_width=\u00a0\u00bb1&Prime; _builder_version=\u00a0\u00bb4.27.4&Prime; _module_preset=\u00a0\u00bbdefault\u00a0\u00bb custom_margin=\u00a0\u00bb0px||0px||false|false\u00a0\u00bb custom_padding=\u00a0\u00bb0px||0px||false|false\u00a0\u00bb global_colors_info=\u00a0\u00bb{}\u00a0\u00bb][et_pb_column type=\u00a0\u00bb1_3&Prime; _builder_version=\u00a0\u00bb4.27.4&Prime; _module_preset=\u00a0\u00bbdefault\u00a0\u00bb global_colors_info=\u00a0\u00bb{}\u00a0\u00bb][et_pb_image src=\u00a0\u00bbhttps:\/\/www.edelweiss.at\/wp-content\/uploads\/2025\/09\/ci-2025-square-green.svg\u00a0\u00bb title_text=\u00a0\u00bbci-2025-square-green\u00a0\u00bb _builder_version=\u00a0\u00bb4.27.4&Prime; _module_preset=\u00a0\u00bbdefault\u00a0\u00bb width=\u00a0\u00bb250px\u00a0\u00bb module_alignment=\u00a0\u00bbcenter\u00a0\u00bb height=\u00a0\u00bb250px\u00a0\u00bb custom_margin=\u00a0\u00bb0px|0px|0px|0px|false|false\u00a0\u00bb custom_padding=\u00a0\u00bb0px|0px|0px|0px|false|false\u00a0\u00bb global_colors_info=\u00a0\u00bb{}\u00a0\u00bb][\/et_pb_image][\/et_pb_column][et_pb_column type=\u00a0\u00bb2_3&Prime; _builder_version=\u00a0\u00bb4.27.4&Prime; _module_preset=\u00a0\u00bbdefault\u00a0\u00bb global_colors_info=\u00a0\u00bb{}\u00a0\u00bb][et_pb_text _builder_version=\u00a0\u00bb4.27.4&Prime; _module_preset=\u00a0\u00bbbb216964-205c-407e-95e0-94788f95e2c1&Prime; dvmd_acat_aria_hidden=\u00a0\u00bbon\u00a0\u00bb dvmd_acat_aria_hidden_selector=\u00a0\u00bb.et_pb_text_inner\u00a0\u00bb global_colors_info=\u00a0\u00bb{}\u00a0\u00bb]<\/p>\n<p style=\"text-align: center;\">La plus belle fleur des Alpes.<\/p>\n<p>[\/et_pb_text][\/et_pb_column][\/et_pb_row][\/et_pb_section][et_pb_section fb_built=\u00a0\u00bb1&Prime; _builder_version=\u00a0\u00bb4.27.4&Prime; _module_preset=\u00a0\u00bbdefault\u00a0\u00bb global_colors_info=\u00a0\u00bb{}\u00a0\u00bb][et_pb_row column_structure=\u00a0\u00bb1_2,1_2&Prime; _builder_version=\u00a0\u00bb4.27.4&Prime; _module_preset=\u00a0\u00bbdefault\u00a0\u00bb max_width=\u00a0\u00bb80%\u00a0\u00bb global_colors_info=\u00a0\u00bb{}\u00a0\u00bb][et_pb_column type=\u00a0\u00bb1_2&Prime; _builder_version=\u00a0\u00bb4.27.4&Prime; _module_preset=\u00a0\u00bbdefault\u00a0\u00bb global_colors_info=\u00a0\u00bb{}\u00a0\u00bb][et_pb_text quote_border_color=\u00a0\u00bb#806C47&Prime; _builder_version=\u00a0\u00bb4.27.4&Prime; _module_preset=\u00a0\u00bbdefault\u00a0\u00bb quote_font=\u00a0\u00bbAboreto|300|||||||\u00a0\u00bb quote_text_color=\u00a0\u00bb#806C47&Prime; global_colors_info=\u00a0\u00bb{}\u00a0\u00bb]<\/p>\n<blockquote>\n<p>L&#8217;emplacement et le panorama du jeu sont tout simplement magnifiques ici. Une journ\u00e9e d&rsquo;\u00e9t\u00e9 \u00e0 jouer au golf de la Zugspitze : une exp\u00e9rience \u00e0 vivre<\/p>\n<\/blockquote>\n<p>[\/et_pb_text][et_pb_text _builder_version=\u00a0\u00bb4.27.4&Prime; _module_preset=\u00a0\u00bbdefault\u00a0\u00bb global_colors_info=\u00a0\u00bb{}\u00a0\u00bb]<\/p>\n<p>Faites l&rsquo;exp\u00e9rience du golf dans un d\u00e9cor de montagnes majestueuses qui vous coupera le souffle. Notre parcours de golf offre non seulement des fairways stimulants, mais aussi des vues spectaculaires sur les majestueux sommets des Alpes. Chaque coup de d\u00e9part devient une exp\u00e9rience inoubliable, tandis que vous profitez du calme de la nature. Que vous soyez d\u00e9butant ou professionnel, chaque golfeur trouvera ici le d\u00e9fi parfait. Apr\u00e8s un parcours sur le terrain, vous pouvez vous d\u00e9tendre dans notre clubhouse et profiter de la vue magnifique en sirotant une boisson fra\u00eeche. Venez d\u00e9couvrir la symbiose parfaite entre le sport et la nature.<\/p>\n<p>[\/et_pb_text][\/et_pb_column][et_pb_column type=\u00a0\u00bb1_2&Prime; _builder_version=\u00a0\u00bb4.27.4&Prime; _module_preset=\u00a0\u00bbdefault\u00a0\u00bb global_colors_info=\u00a0\u00bb{}\u00a0\u00bb][et_pb_image src=\u00a0\u00bbhttps:\/\/www.edelweiss.at\/wp-content\/uploads\/2025\/11\/GC-ZUGSPITZE\u00a9A.Niederstrasser-311.jpg\u00a0\u00bb title_text=\u00a0\u00bbGC-ZUGSPITZE\u00a9A.Niederstrasser-311&Prime; _builder_version=\u00a0\u00bb4.27.4&Prime; _module_preset=\u00a0\u00bbdefault\u00a0\u00bb global_colors_info=\u00a0\u00bb{}\u00a0\u00bb][\/et_pb_image][\/et_pb_column][\/et_pb_row][\/et_pb_section]<\/p>\n","protected":false},"excerpt":{"rendered":"<p>Nous sommes l&rsquo;h\u00f4tel fondateur du terrain de golf \u00ab\u00a0Tiroler Zugspitzgolf\u00a0\u00bb.Vous trouverez plus d&rsquo;informations sur le site officiel du Tiroler Zugspitzgolf Construit sur des prairies naturelles, ce parcours de 9 trous r\u00e9pond aux crit\u00e8res internationaux les plus r\u00e9cents qu&rsquo;un futur parcours de championnat doit offrir. Les contrastes et les situations qui changent constamment se pr\u00e9sentent comme [&hellip;]<\/p>\n","protected":false},"author":4,"featured_media":0,"parent":4702,"menu_order":27,"comment_status":"closed","ping_status":"closed","template":"","meta":{"_et_pb_use_builder":"on","_et_pb_old_content":"","_et_gb_content_width":"","footnotes":""},"class_list":["post-4366","page","type-page","status-publish","hentry"],"_links":{"self":[{"href":"https:\/\/www.edelweiss.at\/fr\/wp-json\/wp\/v2\/pages\/4366","targetHints":{"allow":["GET"]}}],"collection":[{"href":"https:\/\/www.edelweiss.at\/fr\/wp-json\/wp\/v2\/pages"}],"about":[{"href":"https:\/\/www.edelweiss.at\/fr\/wp-json\/wp\/v2\/types\/page"}],"author":[{"embeddable":true,"href":"https:\/\/www.edelweiss.at\/fr\/wp-json\/wp\/v2\/users\/4"}],"replies":[{"embeddable":true,"href":"https:\/\/www.edelweiss.at\/fr\/wp-json\/wp\/v2\/comments?post=4366"}],"version-history":[{"count":13,"href":"https:\/\/www.edelweiss.at\/fr\/wp-json\/wp\/v2\/pages\/4366\/revisions"}],"predecessor-version":[{"id":9321,"href":"https:\/\/www.edelweiss.at\/fr\/wp-json\/wp\/v2\/pages\/4366\/revisions\/9321"}],"up":[{"embeddable":true,"href":"https:\/\/www.edelweiss.at\/fr\/wp-json\/wp\/v2\/pages\/4702"}],"wp:attachment":[{"href":"https:\/\/www.edelweiss.at\/fr\/wp-json\/wp\/v2\/media?parent=4366"}],"curies":[{"name":"wp","href":"https:\/\/api.w.org\/{rel}","templated":true}]}}