{"id":4513,"date":"2025-11-21T15:06:09","date_gmt":"2025-11-21T14:06:09","guid":{"rendered":"https:\/\/www.edelweiss.at\/ski-board\/"},"modified":"2026-03-26T11:27:11","modified_gmt":"2026-03-26T10:27:11","slug":"ski-board","status":"publish","type":"page","link":"https:\/\/www.edelweiss.at\/fr\/activites\/ski-board\/","title":{"rendered":"Ski &amp; Board"},"content":{"rendered":"<p>[et_pb_section fb_built=\u00a0\u00bb1&Prime; _builder_version=\u00a0\u00bb4.27.4&Prime; _module_preset=\u00a0\u00bbdefault\u00a0\u00bb global_colors_info=\u00a0\u00bb{}\u00a0\u00bb][et_pb_row _builder_version=\u00a0\u00bb4.27.4&Prime; _module_preset=\u00a0\u00bbdefault\u00a0\u00bb global_colors_info=\u00a0\u00bb{}\u00a0\u00bb][et_pb_column type=\u00a0\u00bb4_4&Prime; _builder_version=\u00a0\u00bb4.27.4&Prime; _module_preset=\u00a0\u00bbdefault\u00a0\u00bb global_colors_info=\u00a0\u00bb{}\u00a0\u00bb][et_pb_heading title=\u00a0\u00bbSki et snowboard\u00a0\u00bb _builder_version=\u00a0\u00bb4.27.4&Prime; _module_preset=\u00a0\u00bbdefault\u00a0\u00bb title_font=\u00a0\u00bbOswald||||||||\u00a0\u00bb global_colors_info=\u00a0\u00bb{}\u00a0\u00bb][\/et_pb_heading][\/et_pb_column][\/et_pb_row][et_pb_row column_structure=\u00a0\u00bb3_5,2_5&Prime; _builder_version=\u00a0\u00bb4.27.4&Prime; _module_preset=\u00a0\u00bbdefault\u00a0\u00bb global_colors_info=\u00a0\u00bb{}\u00a0\u00bb][et_pb_column type=\u00a0\u00bb3_5&Prime; _builder_version=\u00a0\u00bb4.27.4&Prime; _module_preset=\u00a0\u00bbdefault\u00a0\u00bb global_colors_info=\u00a0\u00bb{}\u00a0\u00bb][et_pb_text _builder_version=\u00a0\u00bb4.27.4&Prime; _module_preset=\u00a0\u00bbdefault\u00a0\u00bb global_colors_info=\u00a0\u00bb{}\u00a0\u00bb]<\/p>\n<div id=\"c81\">\n<div>\n<div class=\"row\">\n<div class=\"small-12 large-12 columns\">\n<div id=\"c105\" class=\"csc-default\">\n<div class=\"row\">\n<div class=\"small-12 large-12 columns\">\n<div id=\"c109\" class=\"csc-default\">\n<p class=\"bodytext\"><strong>L&rsquo;Edelweiss se trouve \u00e0 quelques m\u00e8tres seulement de la station inf\u00e9rieure des remont\u00e9es m\u00e9caniques Grubigsteinbahnen<\/strong><span> <\/span>- vous pouvez bien s\u00fbr acheter le forfait de ski qui vous convient directement dans notre h\u00f4tel, sans devoir faire la queue aux caisses des remont\u00e9es m\u00e9caniques.  <\/p>\n<\/div>\n<\/div>\n<\/div>\n<div class=\"row\">\n<div class=\"small-12 large-6 columns\">\n<div id=\"c110\" class=\"csc-default\">\n<p class=\"bodytext\">La montagne de Lermoos, le \u00ab\u00a0Grubigstein\u00a0\u00bb, offre de nombreuses possibilit\u00e9s de descente aux skieurs et snowboarders, qu&rsquo;ils soient d\u00e9butants ou plus sportifs.  <\/p>\n<p>Les plaisirs de l&rsquo;hiver jusqu&rsquo;\u00e0 \u00ab\u00a0presque\u00a0\u00bb votre porte !<\/p>\n<\/div>\n<\/div>\n<div class=\"small-12 large-6 columns\">\n<div id=\"c111\" class=\"csc-default\">\n<div>\n<p class=\"bodytext\">Plus d&rsquo;informations sur le domaine skiable<a href=\"http:\/\/www.langes.at\/\" title=\"Ouvrir le lien externe dans une nouvelle fen\u00eatre\" target=\"_blank\" class=\"external-link-new-window\" rel=\"noopener\">\u00ab\u00a0Grubig<\/a><\/p>\n<\/div>\n<div>\n<p class=\"bodytext\">Informations sur le domaine skiable sur<span> <\/span><a href=\"http:\/\/www.zugspitze.at\/\" title=\"Ouvrir le lien externe dans une nouvelle fen\u00eatre\" target=\"_blank\" class=\"external-link-new-window\" rel=\"noopener\">Zugspitzplatt<\/a><span> <\/span>et le<span> <\/span><a href=\"http:\/\/www.zugspitze.at\/\" title=\"Ouvrir le lien externe dans une nouvelle fen\u00eatre\" target=\"_blank\" class=\"external-link-new-window\" rel=\"noopener\">Ehrwalder Almbahn<\/a><\/p>\n<\/div>\n<\/div>\n<\/div>\n<\/div>\n<\/div>\n<\/div>\n<\/div>\n<div class=\"row\">\n<div class=\"small-12 large-6 columns\">\n<div id=\"c107\" class=\"csc-default\"><\/div>\n<\/div>\n<\/div>\n<\/div>\n<\/div>\n<p>[\/et_pb_text][\/et_pb_column][et_pb_column type=\u00a0\u00bb2_5&Prime; _builder_version=\u00a0\u00bb4.27.4&Prime; _module_preset=\u00a0\u00bbdefault\u00a0\u00bb global_colors_info=\u00a0\u00bb{}\u00a0\u00bb][et_pb_text _builder_version=\u00a0\u00bb4.27.4&Prime; _module_preset=\u00a0\u00bb064f11a0-6b82-4885-81c2-e85da605fa3c\u00a0\u00bb global_colors_info=\u00a0\u00bb{}\u00a0\u00bb]<\/p>\n<blockquote>\n<p>Notre situation g\u00e9ographique est id\u00e9ale. Le t\u00e9l\u00e9ski en face est facilement accessible. L&rsquo;enneigement est garanti.<\/p>\n<\/blockquote>\n<p>[\/et_pb_text][\/et_pb_column][\/et_pb_row][\/et_pb_section][et_pb_section fb_built=\u00a0\u00bb1&Prime; _builder_version=\u00a0\u00bb4.27.4&Prime; _module_preset=\u00a0\u00bbdefault\u00a0\u00bb global_colors_info=\u00a0\u00bb{}\u00a0\u00bb][et_pb_row column_structure=\u00a0\u00bb1_5,1_5,1_5,1_5,1_5&Prime; _builder_version=\u00a0\u00bb4.27.4&Prime; _module_preset=\u00a0\u00bbdc5c2f5f-8414-453d-b24b-2e466a5de151&Prime; min_height=\u00a0\u00bb25vh\u00a0\u00bb global_colors_info=\u00a0\u00bb{}\u00a0\u00bb][et_pb_column type=\u00a0\u00bb1_5&Prime; _builder_version=\u00a0\u00bb4.27.4&Prime; _module_preset=\u00a0\u00bbdefault\u00a0\u00bb background_image=\u00a0\u00bbhttps:\/\/www.edelweiss.at\/wp-content\/uploads\/2025\/11\/SkifahrencTZA_C-Jorda-231.jpg\u00a0\u00bb global_colors_info=\u00a0\u00bb{}\u00a0\u00bb][et_pb_code admin_label=\u00a0\u00bbPorte-plaquette\u00a0\u00bb _builder_version=\u00a0\u00bb4.27.4&Prime; _module_preset=\u00a0\u00bb236727f5-1545-4c4f-8fb2-6b2a93023e65&Prime; global_colors_info=\u00a0\u00bb{}\u00a0\u00bb]<!-- placeholder -->[\/et_pb_code][\/et_pb_column][et_pb_column type=\u00a0\u00bb1_5&Prime; _builder_version=\u00a0\u00bb4.27.4&Prime; _module_preset=\u00a0\u00bbdefault\u00a0\u00bb background_image=\u00a0\u00bbhttps:\/\/www.edelweiss.at\/wp-content\/uploads\/2025\/11\/SkifahrencTZA_C-Jorda-228.jpg\u00a0\u00bb global_colors_info=\u00a0\u00bb{}\u00a0\u00bb][et_pb_code admin_label=\u00a0\u00bbPorte-plaquette\u00a0\u00bb _builder_version=\u00a0\u00bb4.27.4&Prime; _module_preset=\u00a0\u00bb236727f5-1545-4c4f-8fb2-6b2a93023e65&Prime; global_colors_info=\u00a0\u00bb{}\u00a0\u00bb]<!-- placeholder -->[\/et_pb_code][\/et_pb_column][et_pb_column type=\u00a0\u00bb1_5&Prime; _builder_version=\u00a0\u00bb4.27.4&Prime; _module_preset=\u00a0\u00bbdefault\u00a0\u00bb background_image=\u00a0\u00bbhttps:\/\/www.edelweiss.at\/wp-content\/uploads\/2025\/11\/SkifahrencTZA_C-Jorda-259.jpg\u00a0\u00bb global_colors_info=\u00a0\u00bb{}\u00a0\u00bb][et_pb_code admin_label=\u00a0\u00bbPorte-plaquette\u00a0\u00bb _builder_version=\u00a0\u00bb4.27.4&Prime; _module_preset=\u00a0\u00bb236727f5-1545-4c4f-8fb2-6b2a93023e65&Prime; global_colors_info=\u00a0\u00bb{}\u00a0\u00bb]<!-- placeholder -->[\/et_pb_code][\/et_pb_column][et_pb_column type=\u00a0\u00bb1_5&Prime; _builder_version=\u00a0\u00bb4.27.4&Prime; _module_preset=\u00a0\u00bbdefault\u00a0\u00bb background_image=\u00a0\u00bbhttps:\/\/www.edelweiss.at\/wp-content\/uploads\/2025\/11\/SkifahrencTZA_C-Jorda-289.jpg\u00a0\u00bb global_colors_info=\u00a0\u00bb{}\u00a0\u00bb][et_pb_code admin_label=\u00a0\u00bbPorte-plaquette\u00a0\u00bb _builder_version=\u00a0\u00bb4.27.4&Prime; _module_preset=\u00a0\u00bb236727f5-1545-4c4f-8fb2-6b2a93023e65&Prime; global_colors_info=\u00a0\u00bb{}\u00a0\u00bb]<!-- placeholder -->[\/et_pb_code][\/et_pb_column][et_pb_column type=\u00a0\u00bb1_5&Prime; _builder_version=\u00a0\u00bb4.27.4&Prime; _module_preset=\u00a0\u00bbdefault\u00a0\u00bb background_image=\u00a0\u00bbhttps:\/\/www.edelweiss.at\/wp-content\/uploads\/2025\/11\/SkifahrencTZA_C-Jorda-327.jpg\u00a0\u00bb global_colors_info=\u00a0\u00bb{}\u00a0\u00bb][et_pb_code admin_label=\u00a0\u00bbPorte-plaquette\u00a0\u00bb _builder_version=\u00a0\u00bb4.27.4&Prime; _module_preset=\u00a0\u00bb236727f5-1545-4c4f-8fb2-6b2a93023e65&Prime; global_colors_info=\u00a0\u00bb{}\u00a0\u00bb]<!-- placeholder -->[\/et_pb_code][\/et_pb_column][\/et_pb_row][\/et_pb_section][et_pb_section fb_built=\u00a0\u00bb1&Prime; _builder_version=\u00a0\u00bb4.27.4&Prime; _module_preset=\u00a0\u00bbdefault\u00a0\u00bb background_image=\u00a0\u00bbhttps:\/\/www.edelweiss.at\/wp-content\/uploads\/2025\/11\/SkifahrencTZA_C-Jorda-286.jpg\u00a0\u00bb background_position=\u00a0\u00bbbottom_center\u00a0\u00bb min_height=\u00a0\u00bb100vh\u00a0\u00bb custom_padding=\u00a0\u00bb0px||||false|false\u00a0\u00bb global_colors_info=\u00a0\u00bb{}\u00a0\u00bb][et_pb_row _builder_version=\u00a0\u00bb4.27.4&Prime; _module_preset=\u00a0\u00bbdefault\u00a0\u00bb custom_margin=\u00a0\u00bb0px||0px||true|false\u00a0\u00bb custom_padding=\u00a0\u00bb0px||||false|false\u00a0\u00bb global_colors_info=\u00a0\u00bb{}\u00a0\u00bb][et_pb_column type=\u00a0\u00bb4_4&Prime; _builder_version=\u00a0\u00bb4.27.4&Prime; _module_preset=\u00a0\u00bbdefault\u00a0\u00bb global_colors_info=\u00a0\u00bb{}\u00a0\u00bb][et_pb_text _builder_version=\u00a0\u00bb4.27.4&Prime; _module_preset=\u00a0\u00bb6f816b85-54bb-465f-83ef-9b2a5de5fa1f\u00a0\u00bb background_color=\u00a0\u00bb#223675&Prime; global_colors_info=\u00a0\u00bb{}\u00a0\u00bb]<\/p>\n<p>Paradis du ski<\/p>\n<p>[\/et_pb_text][\/et_pb_column][\/et_pb_row][\/et_pb_section][et_pb_section fb_built=\u00a0\u00bb1&Prime; _builder_version=\u00a0\u00bb4.27.4&Prime; _module_preset=\u00a0\u00bbdefault\u00a0\u00bb background_color=\u00a0\u00bbRGBA(255,255,255,0)\u00a0\u00bb custom_margin=\u00a0\u00bb-150px||0px||false|false\u00a0\u00bb custom_padding=\u00a0\u00bb0px||0px||false|false\u00a0\u00bb global_colors_info=\u00a0\u00bb{}\u00a0\u00bb][et_pb_row column_structure=\u00a0\u00bb1_3,2_3&Prime; use_custom_gutter=\u00a0\u00bbon\u00a0\u00bb gutter_width=\u00a0\u00bb1&Prime; _builder_version=\u00a0\u00bb4.27.4&Prime; _module_preset=\u00a0\u00bbdefault\u00a0\u00bb custom_margin=\u00a0\u00bb0px||0px||false|false\u00a0\u00bb custom_padding=\u00a0\u00bb0px||0px||false|false\u00a0\u00bb global_colors_info=\u00a0\u00bb{}\u00a0\u00bb][et_pb_column type=\u00a0\u00bb1_3&Prime; _builder_version=\u00a0\u00bb4.27.4&Prime; _module_preset=\u00a0\u00bbdefault\u00a0\u00bb global_colors_info=\u00a0\u00bb{}\u00a0\u00bb][et_pb_image src=\u00a0\u00bbhttps:\/\/www.edelweiss.at\/wp-content\/uploads\/2025\/05\/ci-2025-square-blue.svg\u00a0\u00bb title_text=\u00a0\u00bbci-2025-square-blue\u00a0\u00bb _builder_version=\u00a0\u00bb4.27.4&Prime; _module_preset=\u00a0\u00bbdefault\u00a0\u00bb width=\u00a0\u00bb250px\u00a0\u00bb module_alignment=\u00a0\u00bbcenter\u00a0\u00bb height=\u00a0\u00bb250px\u00a0\u00bb custom_margin=\u00a0\u00bb0px|0px|0px|0px|false|false\u00a0\u00bb custom_padding=\u00a0\u00bb0px|0px|0px|0px|false|false\u00a0\u00bb global_colors_info=\u00a0\u00bb{}\u00a0\u00bb][\/et_pb_image][\/et_pb_column][et_pb_column type=\u00a0\u00bb2_3&Prime; _builder_version=\u00a0\u00bb4.27.4&Prime; _module_preset=\u00a0\u00bbdefault\u00a0\u00bb global_colors_info=\u00a0\u00bb{}\u00a0\u00bb][et_pb_text _builder_version=\u00a0\u00bb4.27.4&Prime; _module_preset=\u00a0\u00bbbb216964-205c-407e-95e0-94788f95e2c1&Prime; dvmd_acat_aria_hidden=\u00a0\u00bbon\u00a0\u00bb dvmd_acat_aria_hidden_selector=\u00a0\u00bb.et_pb_text_inner\u00a0\u00bb global_colors_info=\u00a0\u00bb{}\u00a0\u00bb]<\/p>\n<p style=\"text-align: center;\">La plus belle fleur des Alpes.<\/p>\n<p>[\/et_pb_text][\/et_pb_column][\/et_pb_row][\/et_pb_section][et_pb_section fb_built=\u00a0\u00bb1&Prime; _builder_version=\u00a0\u00bb4.27.4&Prime; _module_preset=\u00a0\u00bbdefault\u00a0\u00bb global_colors_info=\u00a0\u00bb{}\u00a0\u00bb][et_pb_row column_structure=\u00a0\u00bb1_2,1_2&Prime; _builder_version=\u00a0\u00bb4.27.4&Prime; _module_preset=\u00a0\u00bbdefault\u00a0\u00bb max_width=\u00a0\u00bb80%\u00a0\u00bb global_colors_info=\u00a0\u00bb{}\u00a0\u00bb][et_pb_column type=\u00a0\u00bb1_2&Prime; _builder_version=\u00a0\u00bb4.27.4&Prime; _module_preset=\u00a0\u00bbdefault\u00a0\u00bb global_colors_info=\u00a0\u00bb{}\u00a0\u00bb][et_pb_text quote_border_color=\u00a0\u00bb#806C47&Prime; _builder_version=\u00a0\u00bb4.27.4&Prime; _module_preset=\u00a0\u00bbdefault\u00a0\u00bb quote_font=\u00a0\u00bbAboreto|300|||||||\u00a0\u00bb quote_text_color=\u00a0\u00bb#806C47&Prime; global_colors_info=\u00a0\u00bb{}\u00a0\u00bb]<\/p>\n<blockquote>\n<p>L&rsquo;accueil des familles est une priorit\u00e9 dans nos stations de ski<\/p>\n<\/blockquote>\n<p>[\/et_pb_text][et_pb_text _builder_version=\u00a0\u00bb4.27.4&Prime; _module_preset=\u00a0\u00bbdefault\u00a0\u00bb global_colors_info=\u00a0\u00bb{}\u00a0\u00bb]<\/p>\n<p>Vivez des moments inoubliables avec les plus petits en faisant du ski dans l&rsquo;\u00e9poustouflante Zugspitzarena tyrolienne. Nos cours de ski sont parfaits pour tous les \u00e2ges et toutes les capacit\u00e9s, afin que chacun puisse d\u00e9couvrir les joies de la neige.<\/p>\n<p>Les pistes vari\u00e9es offrent des d\u00e9fis pour les d\u00e9butants comme pour les skieurs confirm\u00e9s. Laissez-vous envo\u00fbter par le paysage hivernal et profitez de l&rsquo;air frais de la montagne tout en d\u00e9valant les pentes avec vos enfants. Qu&rsquo;il s&rsquo;agisse de pentes douces ou de descentes palpitantes, chaque jour est ici une nouvelle aventure pleine de plaisir et de souvenirs inoubliables.<\/p>\n<p>[\/et_pb_text][\/et_pb_column][et_pb_column type=\u00a0\u00bb1_2&Prime; _builder_version=\u00a0\u00bb4.27.4&Prime; _module_preset=\u00a0\u00bbdefault\u00a0\u00bb global_colors_info=\u00a0\u00bb{}\u00a0\u00bb][et_pb_image src=\u00a0\u00bbhttps:\/\/www.edelweiss.at\/wp-content\/uploads\/2025\/11\/Skifahren-FamiliecTZA_C.-Jorda-59.jpg\u00a0\u00bb title_text=\u00a0\u00bbSki Famille(c)TZA_C. Jorda (59)\u00a0\u00bb _builder_version=\u00a0\u00bb4.27.4&Prime; _module_preset=\u00a0\u00bbdefault\u00a0\u00bb global_colors_info=\u00a0\u00bb{}\u00a0\u00bb][\/et_pb_image][\/et_pb_column][\/et_pb_row][\/et_pb_section]<\/p>\n","protected":false},"excerpt":{"rendered":"<p>L&rsquo;Edelweiss se trouve \u00e0 quelques m\u00e8tres seulement de la station inf\u00e9rieure des remont\u00e9es m\u00e9caniques Grubigsteinbahnen - vous pouvez bien s\u00fbr acheter le forfait de ski qui vous convient directement dans notre h\u00f4tel, sans devoir faire la queue aux caisses des remont\u00e9es m\u00e9caniques. La montagne de Lermoos, le \u00ab\u00a0Grubigstein\u00a0\u00bb, offre de nombreuses possibilit\u00e9s de descente aux [&hellip;]<\/p>\n","protected":false},"author":4,"featured_media":0,"parent":4702,"menu_order":32,"comment_status":"closed","ping_status":"closed","template":"","meta":{"_et_pb_use_builder":"on","_et_pb_old_content":"","_et_gb_content_width":"","footnotes":""},"class_list":["post-4513","page","type-page","status-publish","hentry"],"_links":{"self":[{"href":"https:\/\/www.edelweiss.at\/fr\/wp-json\/wp\/v2\/pages\/4513","targetHints":{"allow":["GET"]}}],"collection":[{"href":"https:\/\/www.edelweiss.at\/fr\/wp-json\/wp\/v2\/pages"}],"about":[{"href":"https:\/\/www.edelweiss.at\/fr\/wp-json\/wp\/v2\/types\/page"}],"author":[{"embeddable":true,"href":"https:\/\/www.edelweiss.at\/fr\/wp-json\/wp\/v2\/users\/4"}],"replies":[{"embeddable":true,"href":"https:\/\/www.edelweiss.at\/fr\/wp-json\/wp\/v2\/comments?post=4513"}],"version-history":[{"count":11,"href":"https:\/\/www.edelweiss.at\/fr\/wp-json\/wp\/v2\/pages\/4513\/revisions"}],"predecessor-version":[{"id":9376,"href":"https:\/\/www.edelweiss.at\/fr\/wp-json\/wp\/v2\/pages\/4513\/revisions\/9376"}],"up":[{"embeddable":true,"href":"https:\/\/www.edelweiss.at\/fr\/wp-json\/wp\/v2\/pages\/4702"}],"wp:attachment":[{"href":"https:\/\/www.edelweiss.at\/fr\/wp-json\/wp\/v2\/media?parent=4513"}],"curies":[{"name":"wp","href":"https:\/\/api.w.org\/{rel}","templated":true}]}}