{"id":4617,"date":"2025-11-21T17:47:32","date_gmt":"2025-11-21T16:47:32","guid":{"rendered":"https:\/\/www.edelweiss.at\/cooperation\/"},"modified":"2025-12-11T14:33:49","modified_gmt":"2025-12-11T13:33:49","slug":"cooperation","status":"publish","type":"page","link":"https:\/\/www.edelweiss.at\/fr\/activites\/cooperation\/","title":{"rendered":"Coop\u00e9ration"},"content":{"rendered":"<p>[et_pb_section fb_built=\u00a0\u00bb1&Prime; _builder_version=\u00a0\u00bb4.27.4&Prime; _module_preset=\u00a0\u00bbdefault\u00a0\u00bb global_colors_info=\u00a0\u00bb{}\u00a0\u00bb][et_pb_row _builder_version=\u00a0\u00bb4.27.4&Prime; _module_preset=\u00a0\u00bbdefault\u00a0\u00bb global_colors_info=\u00a0\u00bb{}\u00a0\u00bb][et_pb_column type=\u00a0\u00bb4_4&Prime; _builder_version=\u00a0\u00bb4.27.4&Prime; _module_preset=\u00a0\u00bbdefault\u00a0\u00bb global_colors_info=\u00a0\u00bb{}\u00a0\u00bb][et_pb_heading title=\u00a0\u00bbEntreprises partenaires\u00a0\u00bb _builder_version=\u00a0\u00bb4.27.4&Prime; _module_preset=\u00a0\u00bbdefault\u00a0\u00bb title_font=\u00a0\u00bbOswald||||||||\u00a0\u00bb global_colors_info=\u00a0\u00bb{}\u00a0\u00bb][\/et_pb_heading][\/et_pb_column][\/et_pb_row][et_pb_row column_structure=\u00a0\u00bb3_5,2_5&Prime; _builder_version=\u00a0\u00bb4.27.4&Prime; _module_preset=\u00a0\u00bbdefault\u00a0\u00bb global_colors_info=\u00a0\u00bb{}\u00a0\u00bb][et_pb_column type=\u00a0\u00bb3_5&Prime; _builder_version=\u00a0\u00bb4.27.4&Prime; _module_preset=\u00a0\u00bbdefault\u00a0\u00bb global_colors_info=\u00a0\u00bb{}\u00a0\u00bb][et_pb_text _builder_version=\u00a0\u00bb4.27.4&Prime; _module_preset=\u00a0\u00bbdefault\u00a0\u00bb global_colors_info=\u00a0\u00bb{}\u00a0\u00bb]<\/p>\n<div id=\"c81\">\n<div>\n<div class=\"row\">\n<div class=\"small-12 large-12 columns\">\n<div id=\"c105\" class=\"csc-default\">\n<div class=\"row\">\n<div class=\"small-12 large-12 columns\">\n<div id=\"c109\" class=\"csc-default\">\n<p>Nos coop\u00e9rations vous apportent de nombreux avantages pour les sports d&rsquo;hiver, que ce soit pour la location de ski ou pour les \u00e9coles de ski.<\/p>\n<p><strong>Location de Ski<\/strong><\/p>\n<p>Hofherr Location de Ski Lermoos - <a href=\"https:\/\/www.hofherr-verleih.at\/\" target=\"_blank\" rel=\"noopener\">https:\/\/www.hofherr-verleih.at\/<\/a><\/p>\n<p>Sport Schuster Lermoos - <a href=\"https:\/\/www.sport2000rent.com\/skiverleih\/haendler\/sport-2000-schuster\" target=\"_blank\" rel=\"noopener\">https:\/\/www.sport2000rent.com\/skiverleih\/haendler\/sport-2000-schuster<\/a><\/p>\n<p>Sport Mader Lermoos - <a href=\"https:\/\/www.sport-mader.at\/\" target=\"_blank\" rel=\"noopener\">https:\/\/www.sport-mader.at\/<\/a><\/p>\n<p><span style=\"font-size: 17px;\"><\/span><\/p>\n<\/div>\n<\/div>\n<\/div>\n<\/div>\n<\/div>\n<\/div>\n<\/div>\n<\/div>\n<p>[\/et_pb_text][et_pb_text _builder_version=\u00a0\u00bb4.27.5&Prime; _module_preset=\u00a0\u00bbdefault\u00a0\u00bb hover_enabled=\u00a0\u00bb0&Prime; global_colors_info=\u00a0\u00bb{}\u00a0\u00bb sticky_enabled=\u00a0\u00bb0&Prime;]<\/p>\n<div id=\"c81\">\n<div>\n<div class=\"row\">\n<div class=\"small-12 large-12 columns\">\n<div id=\"c105\" class=\"csc-default\">\n<div class=\"row\">\n<div class=\"small-12 large-12 columns\">\n<div id=\"c109\" class=\"csc-default\">\n<p><strong style=\"font-size: 17px;\"><span style=\"font-size: 17px;\">\u00c9coles de ski<\/span><\/strong><\/p>\n<p>\u00c9cole de ski bleue &amp; \u00e9cole de ski pour enfants avec Bobo :<br \/><a href=\"http:\/\/www.skischule-lermoos.tirol\" target=\"_blank\" rel=\"noopener\">www.skischule-lermoos.tirol<\/a><\/p>\n<p><span style=\"font-size: 17px;\">\u00c9cole de ski rouge &amp; cours priv\u00e9s :<br \/><\/span><span style=\"font-size: 17px;\"><a href=\"http:\/\/www.skischule-lermoos.com\" target=\"_blank\" rel=\"noopener\">www.skischule-lermoos.com<\/a><\/span><\/p>\n<p><span style=\"font-size: 17px;\"><\/span>\u00c9cole de ski Schuster :<br \/><a href=\"https:\/\/skischule-schuster.at\/\" target=\"_blank\" rel=\"noopener\">www.skischule-schuster.at<\/a><\/p>\n<\/div>\n<\/div>\n<\/div>\n<\/div>\n<\/div>\n<\/div>\n<\/div>\n<\/div>\n<p>[\/et_pb_text][et_pb_text _builder_version=\u00a0\u00bb4.27.4&Prime; _module_preset=\u00a0\u00bbdefault\u00a0\u00bb global_colors_info=\u00a0\u00bb{}\u00a0\u00bb]<\/p>\n<div id=\"c81\">\n<div>\n<div class=\"row\">\n<div class=\"small-12 large-12 columns\">\n<div id=\"c105\" class=\"csc-default\">\n<div class=\"row\">\n<div class=\"small-12 large-12 columns\">\n<div id=\"c109\" class=\"csc-default\">\n<p><strong style=\"font-size: 17px;\"><span style=\"font-size: 17px;\">Domaine skiable<\/span><\/strong><\/p>\n<p>Bergbahnen Langes - Domaines skiables de Lermoos &amp; Biberwier <a href=\"https:\/\/www.bergbahnen-langes.at\/\" target=\"_blank\" rel=\"noopener\">https:\/\/www.bergbahnen-langes.at\/<\/a><a href=\"http:\/\/www.skischule-lermoos.tirol\" target=\"_blank\" rel=\"noopener\"><\/a><span style=\"font-size: 17px;\"><a href=\"http:\/\/www.skischule-lermoos.com\" target=\"_blank\" rel=\"noopener\"><\/a><\/span><\/p>\n<p><span style=\"font-size: 17px;\"><\/span><\/p>\n<\/div>\n<\/div>\n<\/div>\n<\/div>\n<\/div>\n<\/div>\n<\/div>\n<\/div>\n<p>[\/et_pb_text][et_pb_text _builder_version=\u00a0\u00bb4.27.4&Prime; _module_preset=\u00a0\u00bbdefault\u00a0\u00bb global_colors_info=\u00a0\u00bb{}\u00a0\u00bb]<\/p>\n<div id=\"c81\">\n<div>\n<div class=\"row\">\n<div class=\"small-12 large-12 columns\">\n<div id=\"c105\" class=\"csc-default\">\n<div class=\"row\">\n<div class=\"small-12 large-12 columns\">\n<div id=\"c109\" class=\"csc-default\">\n<p><strong style=\"font-size: 17px;\"><span style=\"font-size: 17px;\">Massages<\/span><\/strong><\/p>\n<p><a href=\"https:\/\/www.bergbahnen-langes.at\/\" target=\"_blank\" rel=\"noopener\"><\/a>Katja Berster - Massagepraxis Heaven | Cabinet de massage holistique &amp; massages mobiles<\/p>\n<p><span style=\"font-size: 17px;\"><\/span><\/p>\n<\/div>\n<\/div>\n<\/div>\n<\/div>\n<\/div>\n<\/div>\n<\/div>\n<\/div>\n<p>[\/et_pb_text][\/et_pb_column][et_pb_column type=\u00a0\u00bb2_5&Prime; _builder_version=\u00a0\u00bb4.27.4&Prime; _module_preset=\u00a0\u00bbdefault\u00a0\u00bb global_colors_info=\u00a0\u00bb{}\u00a0\u00bb][et_pb_text _builder_version=\u00a0\u00bb4.27.4&Prime; _module_preset=\u00a0\u00bb064f11a0-6b82-4885-81c2-e85da605fa3c\u00a0\u00bb global_colors_info=\u00a0\u00bb{}\u00a0\u00bb]<\/p>\n<blockquote>\n<p>Nous connaissons personnellement Bobo et Moosle \ud83d\ude09<\/p>\n<\/blockquote>\n<p>[\/et_pb_text][\/et_pb_column][\/et_pb_row][\/et_pb_section]<\/p>\n","protected":false},"excerpt":{"rendered":"<p>Nos coop\u00e9rations vous apportent de nombreux avantages pour les sports d&rsquo;hiver, que ce soit pour la location de ski ou pour les \u00e9coles de ski. Location de Ski Hofherr Location de Ski Lermoos - https:\/\/www.hofherr-verleih.at\/ Sport Schuster Lermoos - https:\/\/www.sport2000rent.com\/skiverleih\/haendler\/sport-2000-schuster Sport Mader Lermoos - https:\/\/www.sport-mader.at\/ \u00c9coles de ski \u00c9cole de ski bleue &amp; \u00e9cole de [&hellip;]<\/p>\n","protected":false},"author":4,"featured_media":0,"parent":4702,"menu_order":35,"comment_status":"closed","ping_status":"closed","template":"","meta":{"_et_pb_use_builder":"on","_et_pb_old_content":"","_et_gb_content_width":"","footnotes":""},"class_list":["post-4617","page","type-page","status-publish","hentry"],"_links":{"self":[{"href":"https:\/\/www.edelweiss.at\/fr\/wp-json\/wp\/v2\/pages\/4617","targetHints":{"allow":["GET"]}}],"collection":[{"href":"https:\/\/www.edelweiss.at\/fr\/wp-json\/wp\/v2\/pages"}],"about":[{"href":"https:\/\/www.edelweiss.at\/fr\/wp-json\/wp\/v2\/types\/page"}],"author":[{"embeddable":true,"href":"https:\/\/www.edelweiss.at\/fr\/wp-json\/wp\/v2\/users\/4"}],"replies":[{"embeddable":true,"href":"https:\/\/www.edelweiss.at\/fr\/wp-json\/wp\/v2\/comments?post=4617"}],"version-history":[{"count":11,"href":"https:\/\/www.edelweiss.at\/fr\/wp-json\/wp\/v2\/pages\/4617\/revisions"}],"predecessor-version":[{"id":7782,"href":"https:\/\/www.edelweiss.at\/fr\/wp-json\/wp\/v2\/pages\/4617\/revisions\/7782"}],"up":[{"embeddable":true,"href":"https:\/\/www.edelweiss.at\/fr\/wp-json\/wp\/v2\/pages\/4702"}],"wp:attachment":[{"href":"https:\/\/www.edelweiss.at\/fr\/wp-json\/wp\/v2\/media?parent=4617"}],"curies":[{"name":"wp","href":"https:\/\/api.w.org\/{rel}","templated":true}]}}