{"id":4707,"date":"2025-10-30T10:24:22","date_gmt":"2025-10-30T09:24:22","guid":{"rendered":"https:\/\/www.edelweiss.at\/bien-etre-et-eau\/"},"modified":"2025-12-11T14:12:28","modified_gmt":"2025-12-11T13:12:28","slug":"bien-etre-et-eau","status":"publish","type":"page","link":"https:\/\/www.edelweiss.at\/fr\/bien-etre-et-eau\/","title":{"rendered":"Bien-\u00eatre et eau"},"content":{"rendered":"<p>[et_pb_section fb_built=\u00a0\u00bb1&Prime; _builder_version=\u00a0\u00bb4.27.4&Prime; _module_preset=\u00a0\u00bbdefault\u00a0\u00bb global_colors_info=\u00a0\u00bb{}\u00a0\u00bb][et_pb_row _builder_version=\u00a0\u00bb4.27.4&Prime; _module_preset=\u00a0\u00bbdefault\u00a0\u00bb global_colors_info=\u00a0\u00bb{}\u00a0\u00bb][et_pb_column type=\u00a0\u00bb4_4&Prime; _builder_version=\u00a0\u00bb4.27.4&Prime; _module_preset=\u00a0\u00bbdefault\u00a0\u00bb global_colors_info=\u00a0\u00bb{}\u00a0\u00bb][et_pb_heading title=\u00a0\u00bbL&#039;eau comme bienfait &#8230;\u00a0\u00bb _builder_version=\u00a0\u00bb4.27.4&Prime; _module_preset=\u00a0\u00bbdefault\u00a0\u00bb title_font=\u00a0\u00bbOswald||||||||\u00a0\u00bb global_colors_info=\u00a0\u00bb{}\u00a0\u00bb][\/et_pb_heading][\/et_pb_column][\/et_pb_row][et_pb_row column_structure=\u00a0\u00bb3_5,2_5&Prime; _builder_version=\u00a0\u00bb4.27.4&Prime; _module_preset=\u00a0\u00bbdefault\u00a0\u00bb global_colors_info=\u00a0\u00bb{}\u00a0\u00bb][et_pb_column type=\u00a0\u00bb3_5&Prime; _builder_version=\u00a0\u00bb4.27.4&Prime; _module_preset=\u00a0\u00bbdefault\u00a0\u00bb global_colors_info=\u00a0\u00bb{}\u00a0\u00bb][et_pb_text _builder_version=\u00a0\u00bb4.27.4&Prime; _module_preset=\u00a0\u00bbdefault\u00a0\u00bb global_colors_info=\u00a0\u00bb{}\u00a0\u00bb]<\/p>\n<p class=\"bodytext\"><b>et on se sent revivre<\/b><\/p>\n<p class=\"bodytext\">Faire du bien \u00e0 son corps, se d\u00e9tendre apr\u00e8s une journ\u00e9e bien remplie, profiter des plaisirs de la baignade pour les jeunes et les moins jeunes.<\/p>\n<p class=\"bodytext\">L&rsquo;espace aquatique de l&rsquo;Edelweiss vous garantit des heures de vacances inoubliables.<\/p>\n<ul>\n<li>300m\u00b2 de surface d&rsquo;eau<\/li>\n<li>28\u00b0-30\u00b0C Temp\u00e9rature de l&rsquo;eau<\/li>\n<li>Chute d&rsquo;eau<\/li>\n<li>Jacuzzi<\/li>\n<li>piscine ext\u00e9rieure chauff\u00e9e avec une temp\u00e9rature d&rsquo;eau d&rsquo;environ 35\u00b0C ouverte l&rsquo;apr\u00e8s-midi<\/li>\n<li>Sauna textile pour petits et grands, ouvert tous les jours \u00e0 partir de 15h00<\/li>\n<li><span>Notre espace aquatique est \u00e0 la disposition de nos clients de <\/span><b>7.30 \u00e0 21.00 heures gratuitement !<\/b><\/li>\n<\/ul>\n<p>[\/et_pb_text][\/et_pb_column][et_pb_column type=\u00a0\u00bb2_5&Prime; _builder_version=\u00a0\u00bb4.27.4&Prime; _module_preset=\u00a0\u00bbdefault\u00a0\u00bb global_colors_info=\u00a0\u00bb{}\u00a0\u00bb][et_pb_text _builder_version=\u00a0\u00bb4.27.4&Prime; _module_preset=\u00a0\u00bb064f11a0-6b82-4885-81c2-e85da605fa3c\u00a0\u00bb global_colors_info=\u00a0\u00bb{}\u00a0\u00bb]<\/p>\n<blockquote>\n<p>D\u00e9couvrez l&rsquo;espace aquatique de l&rsquo;Edelweiss, un v\u00e9ritable paradis de d\u00e9tente pour petits et grands.<\/p>\n<p>&nbsp;<\/p>\n<p>un havre de paix o\u00f9 vous pourrez \u00e9chapper au stress quotidien.<\/p>\n<\/blockquote>\n<p>[\/et_pb_text][\/et_pb_column][\/et_pb_row][\/et_pb_section][et_pb_section fb_built=\u00a0\u00bb1&Prime; _builder_version=\u00a0\u00bb4.27.4&Prime; _module_preset=\u00a0\u00bbdefault\u00a0\u00bb global_colors_info=\u00a0\u00bb{}\u00a0\u00bb][et_pb_row column_structure=\u00a0\u00bb1_5,1_5,1_5,1_5,1_5&Prime; _builder_version=\u00a0\u00bb4.27.4&Prime; _module_preset=\u00a0\u00bbdc5c2f5f-8414-453d-b24b-2e466a5de151&Prime; hover_enabled=\u00a0\u00bb0&Prime; global_colors_info=\u00a0\u00bb{}\u00a0\u00bb sticky_enabled=\u00a0\u00bb0&Prime;][et_pb_column type=\u00a0\u00bb1_5&Prime; _builder_version=\u00a0\u00bb4.27.4&Prime; _module_preset=\u00a0\u00bb89ada101-87b1-4fa9-96f4-42f68643ecf8&Prime; global_colors_info=\u00a0\u00bb{}\u00a0\u00bb hover_enabled=\u00a0\u00bb0&Prime; sticky_enabled=\u00a0\u00bb0&Prime;][et_pb_code _builder_version=\u00a0\u00bb4.27.4&Prime; _module_preset=\u00a0\u00bb236727f5-1545-4c4f-8fb2-6b2a93023e65&Prime; admin_label=\u00a0\u00bbPorte-plaquette\u00a0\u00bb hover_enabled=\u00a0\u00bb0&Prime; sticky_enabled=\u00a0\u00bb0&Prime;]<!-- placeholder -->[\/et_pb_code][\/et_pb_column][et_pb_column type=\u00a0\u00bb1_5&Prime; _builder_version=\u00a0\u00bb4.27.4&Prime; _module_preset=\u00a0\u00bbdefault\u00a0\u00bb background_image=\u00a0\u00bbhttps:\/\/www.edelweiss.at\/wp-content\/uploads\/2025\/09\/Aussenpool1-1.jpg\u00a0\u00bb global_colors_info=\u00a0\u00bb{}\u00a0\u00bb][et_pb_code _builder_version=\u00a0\u00bb4.27.4&Prime; _module_preset=\u00a0\u00bb236727f5-1545-4c4f-8fb2-6b2a93023e65&Prime; admin_label=\u00a0\u00bbPorte-plaquette\u00a0\u00bb hover_enabled=\u00a0\u00bb0&Prime; sticky_enabled=\u00a0\u00bb0&Prime;]<!-- placeholder -->[\/et_pb_code][\/et_pb_column][et_pb_column type=\u00a0\u00bb1_5&Prime; _builder_version=\u00a0\u00bb4.27.4&Prime; _module_preset=\u00a0\u00bbdefault\u00a0\u00bb background_image=\u00a0\u00bbhttps:\/\/www.edelweiss.at\/wp-content\/uploads\/2025\/09\/Badeland.Felsen.jpg\u00a0\u00bb global_colors_info=\u00a0\u00bb{}\u00a0\u00bb][et_pb_code _builder_version=\u00a0\u00bb4.27.4&Prime; _module_preset=\u00a0\u00bb236727f5-1545-4c4f-8fb2-6b2a93023e65&Prime; admin_label=\u00a0\u00bbPorte-plaquette\u00a0\u00bb hover_enabled=\u00a0\u00bb0&Prime; sticky_enabled=\u00a0\u00bb0&Prime;]<!-- placeholder -->[\/et_pb_code][\/et_pb_column][et_pb_column type=\u00a0\u00bb1_5&Prime; _builder_version=\u00a0\u00bb4.27.4&Prime; _module_preset=\u00a0\u00bbdefault\u00a0\u00bb background_image=\u00a0\u00bbhttps:\/\/www.edelweiss.at\/wp-content\/uploads\/2025\/09\/Badeland.jpg\u00a0\u00bb global_colors_info=\u00a0\u00bb{}\u00a0\u00bb][et_pb_code _builder_version=\u00a0\u00bb4.27.4&Prime; _module_preset=\u00a0\u00bb236727f5-1545-4c4f-8fb2-6b2a93023e65&Prime; admin_label=\u00a0\u00bbPorte-plaquette\u00a0\u00bb hover_enabled=\u00a0\u00bb0&Prime; sticky_enabled=\u00a0\u00bb0&Prime;]<!-- placeholder -->[\/et_pb_code][\/et_pb_column][et_pb_column type=\u00a0\u00bb1_5&Prime; _builder_version=\u00a0\u00bb4.27.4&Prime; _module_preset=\u00a0\u00bbdefault\u00a0\u00bb background_image=\u00a0\u00bbhttps:\/\/www.edelweiss.at\/wp-content\/uploads\/2025\/09\/Pool-Sauna1.jpg\u00a0\u00bb global_colors_info=\u00a0\u00bb{}\u00a0\u00bb][et_pb_code _builder_version=\u00a0\u00bb4.27.4&Prime; _module_preset=\u00a0\u00bb236727f5-1545-4c4f-8fb2-6b2a93023e65&Prime; admin_label=\u00a0\u00bbPorte-plaquette\u00a0\u00bb hover_enabled=\u00a0\u00bb0&Prime; sticky_enabled=\u00a0\u00bb0&Prime;]<!-- placeholder -->[\/et_pb_code][\/et_pb_column][\/et_pb_row][\/et_pb_section][et_pb_section fb_built=\u00a0\u00bb1&Prime; _builder_version=\u00a0\u00bb4.27.4&Prime; _module_preset=\u00a0\u00bbdefault\u00a0\u00bb background_image=\u00a0\u00bbhttps:\/\/www.edelweiss.at\/wp-content\/uploads\/2025\/09\/Badeland.Whirlpool.jpg\u00a0\u00bb background_position=\u00a0\u00bbtop_center\u00a0\u00bb min_height=\u00a0\u00bb100vh\u00a0\u00bb custom_padding=\u00a0\u00bb0px||||false|false\u00a0\u00bb global_colors_info=\u00a0\u00bb{}\u00a0\u00bb][et_pb_row _builder_version=\u00a0\u00bb4.27.4&Prime; _module_preset=\u00a0\u00bbdefault\u00a0\u00bb custom_margin=\u00a0\u00bb0px||0px||true|false\u00a0\u00bb custom_padding=\u00a0\u00bb0px||||false|false\u00a0\u00bb global_colors_info=\u00a0\u00bb{}\u00a0\u00bb][et_pb_column type=\u00a0\u00bb4_4&Prime; _builder_version=\u00a0\u00bb4.27.4&Prime; _module_preset=\u00a0\u00bbdefault\u00a0\u00bb global_colors_info=\u00a0\u00bb{}\u00a0\u00bb][et_pb_text _builder_version=\u00a0\u00bb4.27.4&Prime; _module_preset=\u00a0\u00bb6f816b85-54bb-465f-83ef-9b2a5de5fa1f\u00a0\u00bb background_color=\u00a0\u00bb#223675&Prime; hover_enabled=\u00a0\u00bb0&Prime; global_colors_info=\u00a0\u00bb{}\u00a0\u00bb sticky_enabled=\u00a0\u00bb0&Prime;]<\/p>\n<p>Monde aquatique<\/p>\n<p>[\/et_pb_text][\/et_pb_column][\/et_pb_row][\/et_pb_section][et_pb_section fb_built=\u00a0\u00bb1&Prime; _builder_version=\u00a0\u00bb4.27.4&Prime; _module_preset=\u00a0\u00bbdefault\u00a0\u00bb background_color=\u00a0\u00bbRGBA(255,255,255,0)\u00a0\u00bb custom_margin=\u00a0\u00bb-150px||0px||false|false\u00a0\u00bb custom_padding=\u00a0\u00bb0px||0px||false|false\u00a0\u00bb global_colors_info=\u00a0\u00bb{}\u00a0\u00bb][et_pb_row column_structure=\u00a0\u00bb1_3,2_3&Prime; use_custom_gutter=\u00a0\u00bbon\u00a0\u00bb gutter_width=\u00a0\u00bb1&Prime; _builder_version=\u00a0\u00bb4.27.4&Prime; _module_preset=\u00a0\u00bbdefault\u00a0\u00bb custom_margin=\u00a0\u00bb0px||0px||false|false\u00a0\u00bb custom_padding=\u00a0\u00bb0px||0px||false|false\u00a0\u00bb global_colors_info=\u00a0\u00bb{}\u00a0\u00bb][et_pb_column type=\u00a0\u00bb1_3&Prime; _builder_version=\u00a0\u00bb4.27.4&Prime; _module_preset=\u00a0\u00bbdefault\u00a0\u00bb global_colors_info=\u00a0\u00bb{}\u00a0\u00bb][et_pb_image src=\u00a0\u00bbhttps:\/\/www.edelweiss.at\/wp-content\/uploads\/2025\/05\/ci-2025-square-blue.svg\u00a0\u00bb title_text=\u00a0\u00bbci-2025-square-blue\u00a0\u00bb _builder_version=\u00a0\u00bb4.27.4&Prime; _module_preset=\u00a0\u00bbdefault\u00a0\u00bb width=\u00a0\u00bb250px\u00a0\u00bb module_alignment=\u00a0\u00bbcenter\u00a0\u00bb height=\u00a0\u00bb250px\u00a0\u00bb custom_margin=\u00a0\u00bb0px|0px|0px|0px|false|false\u00a0\u00bb custom_padding=\u00a0\u00bb0px|0px|0px|0px|false|false\u00a0\u00bb global_colors_info=\u00a0\u00bb{}\u00a0\u00bb][\/et_pb_image][\/et_pb_column][et_pb_column type=\u00a0\u00bb2_3&Prime; _builder_version=\u00a0\u00bb4.27.4&Prime; _module_preset=\u00a0\u00bbdefault\u00a0\u00bb global_colors_info=\u00a0\u00bb{}\u00a0\u00bb][et_pb_text _builder_version=\u00a0\u00bb4.27.4&Prime; _module_preset=\u00a0\u00bbbb216964-205c-407e-95e0-94788f95e2c1&Prime; global_colors_info=\u00a0\u00bb{}\u00a0\u00bb]<\/p>\n<p style=\"text-align: center;\">La plus belle fleur des Alpes.<\/p>\n<p>[\/et_pb_text][\/et_pb_column][\/et_pb_row][\/et_pb_section][et_pb_section fb_built=\u00a0\u00bb1&Prime; disabled_on=\u00a0\u00bbon|off|off\u00a0\u00bb _builder_version=\u00a0\u00bb4.27.4&Prime; _module_preset=\u00a0\u00bbdefault\u00a0\u00bb global_colors_info=\u00a0\u00bb{}\u00a0\u00bb][\/et_pb_section]<\/p>\n","protected":false},"excerpt":{"rendered":"<p>et on se sent revivre Faire du bien \u00e0 son corps, se d\u00e9tendre apr\u00e8s une journ\u00e9e bien remplie, profiter des plaisirs de la baignade pour les jeunes et les moins jeunes. L&rsquo;espace aquatique de l&rsquo;Edelweiss vous garantit des heures de vacances inoubliables. 300m\u00b2 de surface d&rsquo;eau 28\u00b0-30\u00b0C Temp\u00e9rature de l&rsquo;eau Chute d&rsquo;eau Jacuzzi piscine ext\u00e9rieure [&hellip;]<\/p>\n","protected":false},"author":2,"featured_media":0,"parent":0,"menu_order":15,"comment_status":"closed","ping_status":"closed","template":"","meta":{"_et_pb_use_builder":"on","_et_pb_old_content":"","_et_gb_content_width":"","footnotes":""},"class_list":["post-4707","page","type-page","status-publish","hentry"],"_links":{"self":[{"href":"https:\/\/www.edelweiss.at\/fr\/wp-json\/wp\/v2\/pages\/4707","targetHints":{"allow":["GET"]}}],"collection":[{"href":"https:\/\/www.edelweiss.at\/fr\/wp-json\/wp\/v2\/pages"}],"about":[{"href":"https:\/\/www.edelweiss.at\/fr\/wp-json\/wp\/v2\/types\/page"}],"author":[{"embeddable":true,"href":"https:\/\/www.edelweiss.at\/fr\/wp-json\/wp\/v2\/users\/2"}],"replies":[{"embeddable":true,"href":"https:\/\/www.edelweiss.at\/fr\/wp-json\/wp\/v2\/comments?post=4707"}],"version-history":[{"count":9,"href":"https:\/\/www.edelweiss.at\/fr\/wp-json\/wp\/v2\/pages\/4707\/revisions"}],"predecessor-version":[{"id":5424,"href":"https:\/\/www.edelweiss.at\/fr\/wp-json\/wp\/v2\/pages\/4707\/revisions\/5424"}],"wp:attachment":[{"href":"https:\/\/www.edelweiss.at\/fr\/wp-json\/wp\/v2\/media?parent=4707"}],"curies":[{"name":"wp","href":"https:\/\/api.w.org\/{rel}","templated":true}]}}