{"id":6927,"date":"2025-11-27T15:45:50","date_gmt":"2025-11-27T14:45:50","guid":{"rendered":"https:\/\/www.edelweiss.at\/infos\/declaration-de-confidentialite\/"},"modified":"2025-12-11T14:12:56","modified_gmt":"2025-12-11T13:12:56","slug":"declaration-de-confidentialite","status":"publish","type":"page","link":"https:\/\/www.edelweiss.at\/fr\/infos\/declaration-de-confidentialite\/","title":{"rendered":"D\u00e9claration de confidentialit\u00e9"},"content":{"rendered":"<p>[et_pb_section fb_built=\u00a0\u00bb1&Prime; _builder_version=\u00a0\u00bb4.27.4&Prime; _module_preset=\u00a0\u00bbdefault\u00a0\u00bb global_colors_info=\u00a0\u00bb{}\u00a0\u00bb][et_pb_row _builder_version=\u00a0\u00bb4.27.4&Prime; _module_preset=\u00a0\u00bbdefault\u00a0\u00bb global_colors_info=\u00a0\u00bb{}\u00a0\u00bb][et_pb_column type=\u00a0\u00bb4_4&Prime; _builder_version=\u00a0\u00bb4.27.4&Prime; _module_preset=\u00a0\u00bbdefault\u00a0\u00bb global_colors_info=\u00a0\u00bb{}\u00a0\u00bb][et_pb_heading title=\u00a0\u00bbD\u00e9claration de confidentialit\u00e9\u00a0\u00bb _builder_version=\u00a0\u00bb4.27.4&Prime; _module_preset=\u00a0\u00bbdefault\u00a0\u00bb title_font=\u00a0\u00bbOswald||||||||\u00a0\u00bb global_colors_info=\u00a0\u00bb{}\u00a0\u00bb][\/et_pb_heading][\/et_pb_column][\/et_pb_row][et_pb_row _builder_version=\u00a0\u00bb4.27.4&Prime; _module_preset=\u00a0\u00bbdefault\u00a0\u00bb global_colors_info=\u00a0\u00bb{}\u00a0\u00bb][et_pb_column type=\u00a0\u00bb4_4&Prime; _builder_version=\u00a0\u00bb4.27.4&Prime; _module_preset=\u00a0\u00bbdefault\u00a0\u00bb global_colors_info=\u00a0\u00bb{}\u00a0\u00bb][et_pb_text _builder_version=\u00a0\u00bb4.27.5&Prime; _module_preset=\u00a0\u00bbdefault\u00a0\u00bb hover_enabled=\u00a0\u00bb0&Prime; global_colors_info=\u00a0\u00bb{}\u00a0\u00bb sticky_enabled=\u00a0\u00bb0&Prime;]<\/p>\n<div id=\"c124\" class=\"csc-default\">\n<div class=\"csc-header csc-header-n1\">\n<p>Nous vous remercions de la confiance que vous nous accordez et sommes conscients de la responsabilit\u00e9 qui nous incombe de prot\u00e9ger au mieux vos donn\u00e9es. Nous souhaitons donc vous informer des donn\u00e9es que nous collectons lorsque vous utilisez nos produits et services. Nous traitons vos donn\u00e9es personnelles exclusivement dans le cadre des dispositions du r\u00e8glement g\u00e9n\u00e9ral sur la protection des donn\u00e9es (RGPD) et de la loi sur la protection des donn\u00e9es. Nous vous informons ci-apr\u00e8s des principaux aspects du traitement des donn\u00e9es dans le cadre de notre site web.<\/p>\n<p>1. responsable du traitement des donn\u00e9es<\/p>\n<p>Le RGPD oblige notamment les responsables de traitement \u00e0 se conformer aux dispositions du RGPD. Le terme \u00ab\u00a0responsable\u00a0\u00bb d\u00e9signe la personne physique ou morale, l&rsquo;autorit\u00e9 publique, le service ou tout autre organisme qui, seul ou conjointement avec d&rsquo;autres, d\u00e9termine les finalit\u00e9s et les moyens du traitement des donn\u00e9es \u00e0 caract\u00e8re personnel.<\/p>\n<p>Le responsable du traitement des donn\u00e9es en question est :<\/p>\n<p>Famille Gerber GmbH &amp; Co KG<\/p>\n<p>Danielstrasse 7 | A - 6631 Lermoos<\/p>\n<p>Tiroler Zugspitzarena | Autriche<\/p>\n<p>T\u00e9l. : +43(0)5673-2214<\/p>\n<p>Courrier \u00e9lectronique : hotel@edelweiss.at<\/p>\n<p>Num\u00e9ro d&rsquo;enregistrement de la soci\u00e9t\u00e9 : FN7847B<\/p>\n<p>Directeur g\u00e9n\u00e9ral : Daniela Gerber<\/p>\n<p>2. collecte et traitement des donn\u00e9es<\/p>\n<p>Nous traitons les donn\u00e9es personnelles que vous nous communiquez en tant qu&rsquo;utilisateur de notre site web, par exemple dans le cadre d&rsquo;une demande ou d&rsquo;une inscription ou pour conclure un contrat. Dans le cadre d&rsquo;interactions avec notre site web, les donn\u00e9es suivantes peuvent \u00eatre trait\u00e9es :<\/p>\n<p>a) Demande via le formulaire de contact<\/p>\n<p>Lorsque vous nous contactez via notre formulaire de contact, les donn\u00e9es que vous nous communiquez sont trait\u00e9es dans le but de r\u00e9pondre \u00e0 votre demande. Dans ce cas, le traitement des donn\u00e9es est effectu\u00e9 sur la base juridique de l&rsquo;article 6, paragraphe 1, point b) du RGPD.<\/p>\n<p>3. utilisation et traitement ult\u00e9rieur des donn\u00e9es \u00e0 caract\u00e8re personnel<\/p>\n<p>Dans la mesure o\u00f9 vous nous avez communiqu\u00e9 des donn\u00e9es personnelles en tant qu&rsquo;utilisateur de notre site web, nous les utilisons uniquement pour remplir les objectifs respectifs mentionn\u00e9s ci-dessus, par exemple pour r\u00e9pondre \u00e0 votre demande, pour ex\u00e9cuter des contrats et pour l&rsquo;administration technique.<\/p>\n<p>Les donn\u00e9es personnelles ne sont transmises \u00e0 des tiers que si cela est n\u00e9cessaire \u00e0 la r\u00e9alisation des objectifs susmentionn\u00e9s ou \u00e0 des fins de facturation, ou si vous avez donn\u00e9 votre accord pr\u00e9alable en tant qu&rsquo;utilisateur du site. En tant qu&rsquo;utilisateur du site, vous avez le droit de r\u00e9voquer \u00e0 tout moment le consentement que vous avez donn\u00e9, avec effet pour l&rsquo;avenir.<\/p>\n<p>Les donn\u00e9es personnelles enregistr\u00e9es sont supprim\u00e9es si vous retirez votre consentement \u00e0 l&rsquo;enregistrement des donn\u00e9es, si vos donn\u00e9es ne sont plus n\u00e9cessaires \u00e0 la r\u00e9alisation de l&rsquo;objectif poursuivi par l&rsquo;enregistrement ou si votre enregistrement est ou devient ill\u00e9gal pour d&rsquo;autres raisons l\u00e9gales. Les donn\u00e9es n\u00e9cessaires \u00e0 des fins de facturation et de comptabilit\u00e9 ne sont pas affect\u00e9es par une demande de suppression.<\/p>\n<p>4. acc\u00e8s, rectification, suppression<\/p>\n<p>Sur demande \u00e9crite, nous vous informerons volontiers \u00e0 tout moment sur les donn\u00e9es enregistr\u00e9es vous concernant. Vous trouverez nos coordonn\u00e9es au point 1. Responsable du traitement des donn\u00e9es de la pr\u00e9sente d\u00e9claration de confidentialit\u00e9.<\/p>\n<p>Si les donn\u00e9es que nous traitons sont incorrectes, veuillez nous en informer. Nous les rectifierons imm\u00e9diatement et vous en informerons.<\/p>\n<p>Si vous ne souhaitez plus que nous traitions vos donn\u00e9es, nous vous prions de nous le faire savoir de mani\u00e8re informelle. Bien entendu, nous supprimerons imm\u00e9diatement vos donn\u00e9es et vous en informerons. Si des raisons juridiques imp\u00e9rieuses s&rsquo;opposent \u00e0 la suppression, nous vous en informerons imm\u00e9diatement.<\/p>\n<p>5. cookies<\/p>\n<p>Nous utilisons l&rsquo;outil de consentement \u00ab\u00a0Real Cookie Banner\u00a0\u00bb pour g\u00e9rer les cookies et les technologies similaires (pixels de suivi, balises Web, etc.) et les consentements y aff\u00e9rents. Vous trouverez des d\u00e9tails sur le fonctionnement de \u00ab\u00a0Real Cookie Banner\u00a0\u00bb sur <a href=\"https:\/\/devowl.io\/de\/rcb\/datenverarbeitung\/\" rel=\"noopener noreferrer\" target=\"_blank\">https:\/\/devowl.io\/de\/rcb\/datenverarbeitung\/.<\/a><\/p>\n<p>Les bases juridiques du traitement des donn\u00e9es \u00e0 caract\u00e8re personnel dans ce contexte sont l&rsquo;article 6, paragraphe 1, de la loi sur la protection des donn\u00e9es. 1 lit. c du RGPD et l&rsquo;article 6, paragraphe 1, du RGPD. 1 lit. f du RGPD. Notre int\u00e9r\u00eat l\u00e9gitime est de g\u00e9rer les cookies et technologies similaires utilis\u00e9s et les consentements y aff\u00e9rents.<\/p>\n<p>La fourniture des donn\u00e9es personnelles n&rsquo;est ni contractuellement obligatoire ni n\u00e9cessaire \u00e0 la conclusion d&rsquo;un contrat. Vous n&rsquo;\u00eates pas oblig\u00e9 de fournir les donn\u00e9es personnelles. Si vous ne fournissez pas les donn\u00e9es personnelles, nous ne pourrons pas g\u00e9rer vos consentements.<\/p>\n<p>6. Google Maps<\/p>\n<p>Notre site web utilise les fonctions du service de cartographie Google Maps. Le fournisseur de ce service est Google LLC, 1600 Amphitheatre Parkway, Mountain View, CA 94043, \u00c9tats-Unis.<\/p>\n<p>Afin de pouvoir utiliser les fonctions de Google Maps, il est n\u00e9cessaire d&rsquo;enregistrer votre adresse IP. En r\u00e8gle g\u00e9n\u00e9rale, l&rsquo;adresse IP est transmise aux serveurs du fournisseur du service aux \u00c9tats-Unis et y est stock\u00e9e. Nous n&rsquo;avons aucune influence sur ce transfert de donn\u00e9es et sur le traitement ult\u00e9rieur des donn\u00e9es.<\/p>\n<p>L&rsquo;utilisation de Google Maps a pour but et dans l&rsquo;int\u00e9r\u00eat l\u00e9gitime de faciliter la recherche de notre entreprise, et ce sur la base juridique de l&rsquo;article 6, paragraphe 1, point f) du RGPD.<\/p>\n<p>Pour plus d&rsquo;informations sur Google Maps, consultez https:\/\/policies.google.com\/privacy?hl=de<\/p>\n<p>7. plugin Facebook<\/p>\n<p>Notre site utilise des plugins du r\u00e9seau social Facebook, qui est exploit\u00e9 par Facebook Inc, 471 Emerson St., Palo Alto, CA 94301-160, \u00c9tats-Unis. Les plug-ins Facebook sont reconnaissables au logo Facebook ou au bouton \u00ab\u00a0J&rsquo;aime\u00a0\u00bb sur notre site. Vous trouverez un aper\u00e7u des plugins Facebook ici : http:\/\/developers.facebook.com\/docs\/plugins\/.<\/p>\n<p>Lorsque vous visitez notre site web, le plugin Facebook \u00e9tablit une connexion directe entre votre navigateur et les serveurs de Facebook et transmet votre adresse IP \u00e0 Facebook.<\/p>\n<p>Si vous cliquez sur le bouton \u00ab\u00a0J&rsquo;aime\u00a0\u00bb de Facebook sur notre site alors que vous \u00eates connect\u00e9 \u00e0 votre compte Facebook, vous pouvez lier le contenu de notre site \u00e0 votre profil Facebook. Cela permet \u00e0 Facebook d&rsquo;associer la visite de notre site \u00e0 votre compte d&rsquo;utilisateur. Pour \u00e9viter cela, veuillez vous d\u00e9connecter de votre compte Facebook au pr\u00e9alable.<\/p>\n<p>Nous attirons votre attention sur le fait que nous n&rsquo;avons pas connaissance du contenu des donn\u00e9es transmises ni de leur utilisation par Facebook. Pour plus d&rsquo;informations, consultez la politique de confidentialit\u00e9 de Facebook \u00e0 l&rsquo;adresse suivante : http:\/\/de-de.facebook.com\/policy.php<\/p>\n<p>L&rsquo;utilisation des plugins Facebook est faite dans le but et l&rsquo;int\u00e9r\u00eat l\u00e9gitime d&rsquo;am\u00e9liorer nos services et notre site web, et ce sur la base juridique de l&rsquo;article 6, paragraphe 1, point f) du RGPD.<\/p>\n<\/div>\n<\/div>\n<p>[\/et_pb_text][\/et_pb_column][\/et_pb_row][\/et_pb_section][et_pb_section fb_built=\u00a0\u00bb1&Prime; _builder_version=\u00a0\u00bb4.27.4&Prime; _module_preset=\u00a0\u00bbdefault\u00a0\u00bb global_colors_info=\u00a0\u00bb{}\u00a0\u00bb][et_pb_row column_structure=\u00a0\u00bb1_5,1_5,1_5,1_5,1_5&Prime; _builder_version=\u00a0\u00bb4.27.4&Prime; _module_preset=\u00a0\u00bbdc5c2f5f-8414-453d-b24b-2e466a5de151&Prime; min_height=\u00a0\u00bb25vh\u00a0\u00bb global_colors_info=\u00a0\u00bb{}\u00a0\u00bb][et_pb_column type=\u00a0\u00bb1_5&Prime; _builder_version=\u00a0\u00bb4.27.4&Prime; _module_preset=\u00a0\u00bbdefault\u00a0\u00bb background_image=\u00a0\u00bbhttps:\/\/www.edelweiss.at\/wp-content\/uploads\/2025\/10\/Ausblick-mit-Suedbalkon.jpg\u00a0\u00bb global_colors_info=\u00a0\u00bb{}\u00a0\u00bb][et_pb_code admin_label=\u00a0\u00bbPorte-plaquette\u00a0\u00bb _builder_version=\u00a0\u00bb4.27.4&Prime; _module_preset=\u00a0\u00bb236727f5-1545-4c4f-8fb2-6b2a93023e65&Prime; global_colors_info=\u00a0\u00bb{}\u00a0\u00bb]<!-- placeholder -->[\/et_pb_code][\/et_pb_column][et_pb_column type=\u00a0\u00bb1_5&Prime; _builder_version=\u00a0\u00bb4.27.4&Prime; _module_preset=\u00a0\u00bbdefault\u00a0\u00bb background_image=\u00a0\u00bbhttps:\/\/www.edelweiss.at\/wp-content\/uploads\/2025\/09\/Blockhaussauna1.jpg\u00a0\u00bb global_colors_info=\u00a0\u00bb{}\u00a0\u00bb][et_pb_code admin_label=\u00a0\u00bbPorte-plaquette\u00a0\u00bb _builder_version=\u00a0\u00bb4.27.4&Prime; _module_preset=\u00a0\u00bb236727f5-1545-4c4f-8fb2-6b2a93023e65&Prime; global_colors_info=\u00a0\u00bb{}\u00a0\u00bb]<!-- placeholder -->[\/et_pb_code][\/et_pb_column][et_pb_column type=\u00a0\u00bb1_5&Prime; _builder_version=\u00a0\u00bb4.27.4&Prime; _module_preset=\u00a0\u00bbdefault\u00a0\u00bb background_image=\u00a0\u00bbhttps:\/\/www.edelweiss.at\/wp-content\/uploads\/2025\/09\/Silvester2024.jpg\u00a0\u00bb global_colors_info=\u00a0\u00bb{}\u00a0\u00bb][et_pb_code admin_label=\u00a0\u00bbPorte-plaquette\u00a0\u00bb _builder_version=\u00a0\u00bb4.27.4&Prime; _module_preset=\u00a0\u00bb236727f5-1545-4c4f-8fb2-6b2a93023e65&Prime; global_colors_info=\u00a0\u00bb{}\u00a0\u00bb]<!-- placeholder -->[\/et_pb_code][\/et_pb_column][et_pb_column type=\u00a0\u00bb1_5&Prime; _builder_version=\u00a0\u00bb4.27.4&Prime; _module_preset=\u00a0\u00bbdefault\u00a0\u00bb background_image=\u00a0\u00bbhttps:\/\/www.edelweiss.at\/wp-content\/uploads\/2025\/09\/RezeDA.jpg\u00a0\u00bb global_colors_info=\u00a0\u00bb{}\u00a0\u00bb][et_pb_code admin_label=\u00a0\u00bbPorte-plaquette\u00a0\u00bb _builder_version=\u00a0\u00bb4.27.4&Prime; _module_preset=\u00a0\u00bb236727f5-1545-4c4f-8fb2-6b2a93023e65&Prime; global_colors_info=\u00a0\u00bb{}\u00a0\u00bb]<!-- placeholder -->[\/et_pb_code][\/et_pb_column][et_pb_column type=\u00a0\u00bb1_5&Prime; _builder_version=\u00a0\u00bb4.27.4&Prime; _module_preset=\u00a0\u00bbdefault\u00a0\u00bb background_image=\u00a0\u00bbhttps:\/\/www.edelweiss.at\/wp-content\/uploads\/2025\/11\/FH8A6335-e1762271559792.jpg\u00a0\u00bb global_colors_info=\u00a0\u00bb{}\u00a0\u00bb][et_pb_code admin_label=\u00a0\u00bbPorte-plaquette\u00a0\u00bb _builder_version=\u00a0\u00bb4.27.4&Prime; _module_preset=\u00a0\u00bb236727f5-1545-4c4f-8fb2-6b2a93023e65&Prime; global_colors_info=\u00a0\u00bb{}\u00a0\u00bb]<!-- placeholder -->[\/et_pb_code][\/et_pb_column][\/et_pb_row][\/et_pb_section]<\/p>\n","protected":false},"excerpt":{"rendered":"<p>Nous vous remercions de la confiance que vous nous accordez et sommes conscients de la responsabilit\u00e9 qui nous incombe de prot\u00e9ger au mieux vos donn\u00e9es. Nous souhaitons donc vous informer des donn\u00e9es que nous collectons lorsque vous utilisez nos produits et services. Nous traitons vos donn\u00e9es personnelles exclusivement dans le cadre des dispositions du r\u00e8glement [&hellip;]<\/p>\n","protected":false},"author":3,"featured_media":0,"parent":4848,"menu_order":44,"comment_status":"closed","ping_status":"closed","template":"","meta":{"_et_pb_use_builder":"on","_et_pb_old_content":"","_et_gb_content_width":"","footnotes":""},"class_list":["post-6927","page","type-page","status-publish","hentry"],"_links":{"self":[{"href":"https:\/\/www.edelweiss.at\/fr\/wp-json\/wp\/v2\/pages\/6927","targetHints":{"allow":["GET"]}}],"collection":[{"href":"https:\/\/www.edelweiss.at\/fr\/wp-json\/wp\/v2\/pages"}],"about":[{"href":"https:\/\/www.edelweiss.at\/fr\/wp-json\/wp\/v2\/types\/page"}],"author":[{"embeddable":true,"href":"https:\/\/www.edelweiss.at\/fr\/wp-json\/wp\/v2\/users\/3"}],"replies":[{"embeddable":true,"href":"https:\/\/www.edelweiss.at\/fr\/wp-json\/wp\/v2\/comments?post=6927"}],"version-history":[{"count":7,"href":"https:\/\/www.edelweiss.at\/fr\/wp-json\/wp\/v2\/pages\/6927\/revisions"}],"predecessor-version":[{"id":7903,"href":"https:\/\/www.edelweiss.at\/fr\/wp-json\/wp\/v2\/pages\/6927\/revisions\/7903"}],"up":[{"embeddable":true,"href":"https:\/\/www.edelweiss.at\/fr\/wp-json\/wp\/v2\/pages\/4848"}],"wp:attachment":[{"href":"https:\/\/www.edelweiss.at\/fr\/wp-json\/wp\/v2\/media?parent=6927"}],"curies":[{"name":"wp","href":"https:\/\/api.w.org\/{rel}","templated":true}]}}