{"id":4301,"date":"2025-11-20T14:47:07","date_gmt":"2025-11-20T13:47:07","guid":{"rendered":"https:\/\/www.edelweiss.at\/escursioni\/"},"modified":"2025-12-11T14:12:42","modified_gmt":"2025-12-11T13:12:42","slug":"escursioni","status":"publish","type":"page","link":"https:\/\/www.edelweiss.at\/it\/attivita\/escursioni\/","title":{"rendered":"Escursioni"},"content":{"rendered":"<p>[et_pb_section fb_built=&#8221;1&#8243; _builder_version=&#8221;4.27.4&#8243; _module_preset=&#8221;default&#8221; global_colors_info=&#8221;{}&#8221;][et_pb_row _builder_version=&#8221;4.27.4&#8243; _module_preset=&#8221;default&#8221; global_colors_info=&#8221;{}&#8221;][et_pb_column type=&#8221;4_4&#8243; _builder_version=&#8221;4.27.4&#8243; _module_preset=&#8221;default&#8221; global_colors_info=&#8221;{}&#8221;][et_pb_heading title=&#8221;Escursioni nella Zugspitzarena&#8221; _builder_version=&#8221;4.27.4&#8243; _module_preset=&#8221;default&#8221; title_font=&#8221;Oswald||||||||&#8221; global_colors_info=&#8221;{}&#8221;][\/et_pb_heading][\/et_pb_column][\/et_pb_row][et_pb_row column_structure=&#8221;3_5,2_5&#8243; _builder_version=&#8221;4.27.4&#8243; _module_preset=&#8221;default&#8221; global_colors_info=&#8221;{}&#8221;][et_pb_column type=&#8221;3_5&#8243; _builder_version=&#8221;4.27.4&#8243; _module_preset=&#8221;default&#8221; global_colors_info=&#8221;{}&#8221;][et_pb_text _builder_version=&#8221;4.27.4&#8243; _module_preset=&#8221;default&#8221; global_colors_info=&#8221;{}&#8221;]<\/p>\n<div class=\"row\">\n<div class=\"small-12 large-12 columns\">\n<div id=\"c81\" class=\"csc-default\">\n<div class=\"csc-header csc-header-n1\">\n<p>La Tiroler Zugspitzarena offre dolci percorsi a valle con emozionanti viste panoramiche sulle montagne circostanti e impegnativi tour in vetta.<br \/>Le famiglie possono imparare a conoscere la natura giocando sugli emozionanti percorsi avventura, come il Moosles Explorer Trail a Lermoos.  <span style=\"font-size: 17px;\">Pi\u00f9 di 150 itinerari variegati rendono una vacanza estiva nello spettacolare mondo delle Alpi un&#8217;esperienza particolarmente varia.<\/span><\/p>\n<p><a href=\"https:\/\/zugspitzarena.com\/de\/Sommer-Erlebnis\/Wandern-Bergsteigen\/Wanderportal\" target=\"_blank\" rel=\"noopener\">Ulteriori informazioni e suggerimenti sui tour sono disponibili QUI!<\/a><\/p>\n<\/div>\n<\/div>\n<\/div>\n<\/div>\n<p>[\/et_pb_text][et_pb_text _builder_version=&#8221;4.27.4&#8243; _module_preset=&#8221;default&#8221; global_colors_info=&#8221;{}&#8221;]<\/p>\n<div class=\"row\">\n<div class=\"small-12 large-12 columns\">\n<div id=\"c88\" class=\"csc-default\">\n<div>\n<p class=\"bodytext\">L&#8217;Hotel Edelweiss \u00e8 partner della scuola di sport di montagna &#8220;Bergsport Total&#8221;!<br \/>I nostri ospiti possono partecipare gratuitamente al programma di escursioni guidate.<\/p>\n<\/div>\n<\/div>\n<\/div>\n<\/div>\n<div class=\"row\">\n<div class=\"small-12 large-6 columns\">\n<div id=\"c89\" class=\"csc-default\">\n<div>\n<p class=\"bodytext\">Le escursioni di varia difficolt\u00e0 si svolgono dal luned\u00ec al venerd\u00ec.<\/p>\n<\/div>\n<div>\n<p class=\"bodytext\">C&#8217;\u00e8 anche un programma di attivit\u00e0 e avventura per i bambini dai 10 anni in su a prezzo ridotto.<\/p>\n<div>\n<p class=\"bodytext\">Informazioni sul programma di escursioni: http: <a href=\"http:\/\/www.bergsport-total.at\/\" title=\"Apre un link esterno in una nuova finestra\" target=\"_blank\" class=\"external-link-new-window\" rel=\"noopener\">\/\/www.bergsport-total.at<\/a><\/p>\n<\/div>\n<\/div>\n<\/div>\n<\/div>\n<\/div>\n<p>[\/et_pb_text][\/et_pb_column][et_pb_column type=&#8221;2_5&#8243; _builder_version=&#8221;4.27.4&#8243; _module_preset=&#8221;default&#8221; global_colors_info=&#8221;{}&#8221;][et_pb_text _builder_version=&#8221;4.27.4&#8243; _module_preset=&#8221;064f11a0-6b82-4885-81c2-e85da605fa3c&#8221; global_colors_info=&#8221;{}&#8221;]<\/p>\n<blockquote>\n<p>Scopri i sentieri mozzafiato delle montagne e goditi l&#8217;aria fresca e l&#8217;impressionante natura.<\/p>\n<\/blockquote>\n<p>[\/et_pb_text][\/et_pb_column][\/et_pb_row][\/et_pb_section][et_pb_section fb_built=&#8221;1&#8243; _builder_version=&#8221;4.27.4&#8243; _module_preset=&#8221;default&#8221; global_colors_info=&#8221;{}&#8221;][et_pb_row column_structure=&#8221;1_5,1_5,1_5,1_5,1_5&#8243; _builder_version=&#8221;4.27.4&#8243; _module_preset=&#8221;dc5c2f5f-8414-453d-b24b-2e466a5de151&#8243; min_height=&#8221;25vh&#8221; hover_enabled=&#8221;0&#8243; global_colors_info=&#8221;{}&#8221; sticky_enabled=&#8221;0&#8243;][et_pb_column type=&#8221;1_5&#8243; _builder_version=&#8221;4.27.4&#8243; _module_preset=&#8221;default&#8221; background_image=&#8221;https:\/\/www.edelweiss.at\/wp-content\/uploads\/2025\/11\/Wandern-GrubigsteincZABT_C.-Jorda-5.jpg&#8221; global_colors_info=&#8221;{}&#8221;][et_pb_code admin_label=&#8221;Segnaposto&#8221; _builder_version=&#8221;4.27.4&#8243; _module_preset=&#8221;236727f5-1545-4c4f-8fb2-6b2a93023e65&#8243; global_colors_info=&#8221;{}&#8221; theme_builder_area=&#8221;post_content&#8221;]<!-- placeholder -->[\/et_pb_code][\/et_pb_column][et_pb_column type=&#8221;1_5&#8243; _builder_version=&#8221;4.27.4&#8243; _module_preset=&#8221;default&#8221; background_image=&#8221;https:\/\/www.edelweiss.at\/wp-content\/uploads\/2025\/11\/Wandern-GrubigsteincZABT_C.-Jorda-25.jpg&#8221; global_colors_info=&#8221;{}&#8221;][et_pb_code admin_label=&#8221;Segnaposto&#8221; _builder_version=&#8221;4.27.4&#8243; _module_preset=&#8221;236727f5-1545-4c4f-8fb2-6b2a93023e65&#8243; global_colors_info=&#8221;{}&#8221; theme_builder_area=&#8221;post_content&#8221;]<!-- placeholder -->[\/et_pb_code][\/et_pb_column][et_pb_column type=&#8221;1_5&#8243; _builder_version=&#8221;4.27.4&#8243; _module_preset=&#8221;default&#8221; background_image=&#8221;https:\/\/www.edelweiss.at\/wp-content\/uploads\/2025\/11\/Wassererlebnisweg-EhrwaldcZABT_C.-Jorda-1.jpg&#8221; global_colors_info=&#8221;{}&#8221;][et_pb_code admin_label=&#8221;Segnaposto&#8221; _builder_version=&#8221;4.27.4&#8243; _module_preset=&#8221;236727f5-1545-4c4f-8fb2-6b2a93023e65&#8243; global_colors_info=&#8221;{}&#8221; theme_builder_area=&#8221;post_content&#8221;]<!-- placeholder -->[\/et_pb_code][\/et_pb_column][et_pb_column type=&#8221;1_5&#8243; _builder_version=&#8221;4.27.4&#8243; _module_preset=&#8221;default&#8221; background_image=&#8221;https:\/\/www.edelweiss.at\/wp-content\/uploads\/2025\/11\/Wassererlebnisweg-EhrwaldcZABT_C.-Jorda-51.jpg&#8221; global_colors_info=&#8221;{}&#8221;][et_pb_code admin_label=&#8221;Segnaposto&#8221; _builder_version=&#8221;4.27.4&#8243; _module_preset=&#8221;236727f5-1545-4c4f-8fb2-6b2a93023e65&#8243; global_colors_info=&#8221;{}&#8221; theme_builder_area=&#8221;post_content&#8221;]<!-- placeholder -->[\/et_pb_code][\/et_pb_column][et_pb_column type=&#8221;1_5&#8243; _builder_version=&#8221;4.27.4&#8243; _module_preset=&#8221;default&#8221; background_image=&#8221;https:\/\/www.edelweiss.at\/wp-content\/uploads\/2025\/11\/Wassererlebnisweg-EhrwaldcZABT_C.-Jorda-8.jpg&#8221; global_colors_info=&#8221;{}&#8221;][et_pb_code admin_label=&#8221;Segnaposto&#8221; _builder_version=&#8221;4.27.4&#8243; _module_preset=&#8221;236727f5-1545-4c4f-8fb2-6b2a93023e65&#8243; global_colors_info=&#8221;{}&#8221; theme_builder_area=&#8221;post_content&#8221;]<!-- placeholder -->[\/et_pb_code][\/et_pb_column][\/et_pb_row][\/et_pb_section][et_pb_section fb_built=&#8221;1&#8243; _builder_version=&#8221;4.27.4&#8243; _module_preset=&#8221;default&#8221; background_image=&#8221;https:\/\/www.edelweiss.at\/wp-content\/uploads\/2025\/11\/Wandern-GrubigsteincZABT_C.-Jorda-22.jpg&#8221; background_position=&#8221;top_center&#8221; min_height=&#8221;100vh&#8221; custom_padding=&#8221;0px||||false|false&#8221; global_colors_info=&#8221;{}&#8221;][et_pb_row _builder_version=&#8221;4.27.4&#8243; _module_preset=&#8221;default&#8221; custom_margin=&#8221;0px||0px||true|false&#8221; custom_padding=&#8221;0px||||false|false&#8221; global_colors_info=&#8221;{}&#8221;][et_pb_column type=&#8221;4_4&#8243; _builder_version=&#8221;4.27.4&#8243; _module_preset=&#8221;default&#8221; global_colors_info=&#8221;{}&#8221;][et_pb_text _builder_version=&#8221;4.27.4&#8243; _module_preset=&#8221;6f816b85-54bb-465f-83ef-9b2a5de5fa1f&#8221; global_colors_info=&#8221;{}&#8221;]<\/p>\n<p>ESCURSIONI ESTIVE<\/p>\n<p>[\/et_pb_text][\/et_pb_column][\/et_pb_row][\/et_pb_section][et_pb_section fb_built=&#8221;1&#8243; _builder_version=&#8221;4.27.4&#8243; _module_preset=&#8221;default&#8221; background_color=&#8221;RGBA(255,255,255,0)&#8221; custom_margin=&#8221;-150px||0px||false|false&#8221; custom_padding=&#8221;0px||0px||false|false&#8221; global_colors_info=&#8221;{}&#8221;][et_pb_row column_structure=&#8221;1_3,2_3&#8243; use_custom_gutter=&#8221;on&#8221; gutter_width=&#8221;1&#8243; _builder_version=&#8221;4.27.4&#8243; _module_preset=&#8221;default&#8221; custom_margin=&#8221;0px||0px||false|false&#8221; custom_padding=&#8221;0px||0px||false|false&#8221; global_colors_info=&#8221;{}&#8221;][et_pb_column type=&#8221;1_3&#8243; _builder_version=&#8221;4.27.4&#8243; _module_preset=&#8221;default&#8221; global_colors_info=&#8221;{}&#8221;][et_pb_image src=&#8221;https:\/\/www.edelweiss.at\/wp-content\/uploads\/2025\/09\/ci-2025-square-green.svg&#8221; title_text=&#8221;ci-2025-quadro-verde&#8221; _builder_version=&#8221;4.27.4&#8243; _module_preset=&#8221;default&#8221; width=&#8221;250px&#8221; module_alignment=&#8221;center&#8221; height=&#8221;250px&#8221; custom_margin=&#8221;0px|0px|0px|0px|false|false&#8221; custom_padding=&#8221;0px|0px|0px|0px|false|false&#8221; global_colors_info=&#8221;{}&#8221;][\/et_pb_image][\/et_pb_column][et_pb_column type=&#8221;2_3&#8243; _builder_version=&#8221;4.27.4&#8243; _module_preset=&#8221;default&#8221; global_colors_info=&#8221;{}&#8221;][et_pb_text _builder_version=&#8221;4.27.4&#8243; _module_preset=&#8221;bb216964-205c-407e-95e0-94788f95e2c1&#8243; dvmd_acat_aria_hidden=&#8221;on&#8221; dvmd_acat_aria_hidden_selector=&#8221;.et_pb_text_inner&#8221; global_colors_info=&#8221;{}&#8221;]<\/p>\n<p style=\"text-align: center;\">Il fiore pi\u00f9 bello delle Alpi.<\/p>\n<p>[\/et_pb_text][\/et_pb_column][\/et_pb_row][\/et_pb_section][et_pb_section fb_built=&#8221;1&#8243; _builder_version=&#8221;4.27.4&#8243; _module_preset=&#8221;default&#8221; global_colors_info=&#8221;{}&#8221;][et_pb_row column_structure=&#8221;1_2,1_2&#8243; _builder_version=&#8221;4.27.4&#8243; _module_preset=&#8221;default&#8221; max_width=&#8221;80%&#8221; global_colors_info=&#8221;{}&#8221;][et_pb_column type=&#8221;1_2&#8243; _builder_version=&#8221;4.27.4&#8243; _module_preset=&#8221;default&#8221; global_colors_info=&#8221;{}&#8221;][et_pb_text quote_border_color=&#8221;#806C47&#8243; _builder_version=&#8221;4.27.4&#8243; _module_preset=&#8221;default&#8221; quote_font=&#8221;Aboreto|300|||||||&#8221; quote_text_color=&#8221;#806C47&#8243; global_colors_info=&#8221;{}&#8221;]<\/p>\n<blockquote>\n<p>I prati fioriti, il ruscello ai margini del sentiero: non \u00e8 una prospettiva idilliaca, no. il nostro programma estivo.<\/p>\n<\/blockquote>\n<p>[\/et_pb_text][et_pb_text _builder_version=&#8221;4.27.4&#8243; _module_preset=&#8221;default&#8221; global_colors_info=&#8221;{}&#8221;]<\/p>\n<p>Scopri la bellezza della natura facendo escursioni con la famiglia in paesaggi incontaminati. Godetevi l&#8217;aria fresca e i panorami mozzafiato mentre attraversate insieme boschi pittoreschi e dolci colline. Lascia che i bambini esplorino le meraviglie della natura e collezionino ricordi che dureranno per tutta la vita. Che si tratti di sentieri facili o di percorsi avventurosi, qui tutti troveranno l&#8217;esperienza giusta. Fai una pausa accanto a un ruscello scintillante o su un prato soleggiato e goditi un picnic all&#8217;aria aperta. La natura incontaminata offre la cornice perfetta per momenti indimenticabili in famiglia. Vieni a provare la gioia delle escursioni nella natura, dove ogni avventura racconta nuove storie.<\/p>\n<p><strong>Con noi. All&#8217;Edelweiss.<\/strong><\/p>\n<p>&nbsp;<\/p>\n<p>[\/et_pb_text][\/et_pb_column][et_pb_column type=&#8221;1_2&#8243; _builder_version=&#8221;4.27.4&#8243; _module_preset=&#8221;default&#8221; global_colors_info=&#8221;{}&#8221;][et_pb_image src=&#8221;https:\/\/www.edelweiss.at\/wp-content\/uploads\/2025\/11\/Wassererlebnisweg-EhrwaldcZABT_C.-Jorda-61.jpg&#8221; title_text=&#8221;Sentiero avventura acquatico di Ehrwald(c)ZABT_C. Jorda (61)&#8221; _builder_version=&#8221;4.27.4&#8243; _module_preset=&#8221;default&#8221; global_colors_info=&#8221;{}&#8221;][\/et_pb_image][\/et_pb_column][\/et_pb_row][\/et_pb_section]<\/p>\n","protected":false},"excerpt":{"rendered":"<p>La Tiroler Zugspitzarena offre dolci percorsi a valle con emozionanti viste panoramiche sulle montagne circostanti e impegnativi tour in vetta.Le famiglie possono imparare a conoscere la natura giocando sugli emozionanti percorsi avventura, come il Moosles Explorer Trail a Lermoos. Pi\u00f9 di 150 itinerari variegati rendono una vacanza estiva nello spettacolare mondo delle Alpi un&#8217;esperienza particolarmente [&hellip;]<\/p>\n","protected":false},"author":2,"featured_media":0,"parent":4751,"menu_order":28,"comment_status":"closed","ping_status":"closed","template":"","meta":{"_et_pb_use_builder":"on","_et_pb_old_content":"","_et_gb_content_width":"","footnotes":""},"class_list":["post-4301","page","type-page","status-publish","hentry"],"_links":{"self":[{"href":"https:\/\/www.edelweiss.at\/it\/wp-json\/wp\/v2\/pages\/4301","targetHints":{"allow":["GET"]}}],"collection":[{"href":"https:\/\/www.edelweiss.at\/it\/wp-json\/wp\/v2\/pages"}],"about":[{"href":"https:\/\/www.edelweiss.at\/it\/wp-json\/wp\/v2\/types\/page"}],"author":[{"embeddable":true,"href":"https:\/\/www.edelweiss.at\/it\/wp-json\/wp\/v2\/users\/2"}],"replies":[{"embeddable":true,"href":"https:\/\/www.edelweiss.at\/it\/wp-json\/wp\/v2\/comments?post=4301"}],"version-history":[{"count":2,"href":"https:\/\/www.edelweiss.at\/it\/wp-json\/wp\/v2\/pages\/4301\/revisions"}],"predecessor-version":[{"id":5618,"href":"https:\/\/www.edelweiss.at\/it\/wp-json\/wp\/v2\/pages\/4301\/revisions\/5618"}],"up":[{"embeddable":true,"href":"https:\/\/www.edelweiss.at\/it\/wp-json\/wp\/v2\/pages\/4751"}],"wp:attachment":[{"href":"https:\/\/www.edelweiss.at\/it\/wp-json\/wp\/v2\/media?parent=4301"}],"curies":[{"name":"wp","href":"https:\/\/api.w.org\/{rel}","templated":true}]}}