{"id":4394,"date":"2025-11-21T14:39:48","date_gmt":"2025-11-21T13:39:48","guid":{"rendered":"https:\/\/www.edelweiss.at\/bicicletta-e-bicicletta\/"},"modified":"2025-12-11T14:12:45","modified_gmt":"2025-12-11T13:12:45","slug":"bicicletta-e-bicicletta","status":"publish","type":"page","link":"https:\/\/www.edelweiss.at\/it\/attivita\/bicicletta-e-bicicletta\/","title":{"rendered":"Bicicletta e bicicletta"},"content":{"rendered":"<p>[et_pb_section fb_built=&#8221;1&#8243; _builder_version=&#8221;4.27.4&#8243; _module_preset=&#8221;default&#8221; global_colors_info=&#8221;{}&#8221;][et_pb_row _builder_version=&#8221;4.27.4&#8243; _module_preset=&#8221;default&#8221; global_colors_info=&#8221;{}&#8221;][et_pb_column type=&#8221;4_4&#8243; _builder_version=&#8221;4.27.4&#8243; _module_preset=&#8221;default&#8221; global_colors_info=&#8221;{}&#8221;][et_pb_heading title=&#8221;Mountain bike&#8221; _builder_version=&#8221;4.27.4&#8243; _module_preset=&#8221;default&#8221; title_font=&#8221;Oswald||||||||&#8221; global_colors_info=&#8221;{}&#8221;][\/et_pb_heading][\/et_pb_column][\/et_pb_row][et_pb_row column_structure=&#8221;3_5,2_5&#8243; _builder_version=&#8221;4.27.4&#8243; _module_preset=&#8221;default&#8221; global_colors_info=&#8221;{}&#8221;][et_pb_column type=&#8221;3_5&#8243; _builder_version=&#8221;4.27.4&#8243; _module_preset=&#8221;default&#8221; global_colors_info=&#8221;{}&#8221;][et_pb_text _builder_version=&#8221;4.27.4&#8243; _module_preset=&#8221;default&#8221; global_colors_info=&#8221;{}&#8221;]<\/p>\n<div>\n<div id=\"c81\">\n<div>\n<div class=\"row\">\n<div class=\"small-12 large-12 columns\">\n<div id=\"c105\" class=\"csc-default\">\n<p class=\"bodytext\">Il versante tirolese della Zugspitze \u00e8 una &#8220;Approved Bike Area&#8221; nella categoria Tour &amp; Trail, quindi una delle destinazioni per mountain bike riconosciute da &#8220;Mountain Bike Holidays&#8221;. Questo marchio di qualit\u00e0 certificato dal T\u00dcV garantisce:<\/p>\n<ul>\n<li>Almeno 20 tour elaborati di diversi livelli<\/li>\n<li>Trasporto in bicicletta con<span> <\/span><a href=\"https:\/\/zugspitzarena.com\/verkehrsmittel\" target=\"_blank\" rel=\"noopener\">trasporto pubblico<\/a><span> <\/span>o<span> <\/span><a href=\"https:\/\/zugspitzarena.com\/de\/Sommer-Erlebnis\/Bergbahnen\" target=\"_blank\" rel=\"noopener\">ferrovie di montagna<\/a> <\/li>\n<li>Eccellente esperienza di consulenza<\/li>\n<\/ul>\n<p class=\"bodytext\">Scopri la regione in bicicletta e lasciati sorprendere da una nuova prospettiva.<br \/>Ci sono oltre<span> <\/span><a href=\"https:\/\/zugspitzarena.com\/de\/Sommer-Erlebnis\/Biken\/Biketouren\" title=\"Tour in bicicletta nella TZA\" target=\"_blank\" class=\"external-link-new-window\" rel=\"noopener\">100 tour in diverse classi di difficolt\u00e0<\/a><span> <\/span>per te.<\/p>\n<\/div>\n<\/div>\n<\/div>\n<div class=\"row\">\n<div class=\"small-12 large-6 columns\">\n<div id=\"c106\" class=\"csc-default\">\n<p class=\"bodytext\">I professionisti di &#8220;Bikeguiding Zugspitzarena&#8221; offrono tour guidati in tre diversi livelli di difficolt\u00e0 da gioved\u00ec a marted\u00ec (mercoled\u00ec giorno di riposo).  <\/p>\n<\/div>\n<\/div>\n<div class=\"small-12 large-6 columns\">\n<div id=\"c107\" class=\"csc-default\">\n<p class=\"bodytext\">Gli ospiti dell&#8217;Hotel Edelweiss ricevono tariffe scontate per le escursioni con &#8220;Bikeguiding Zusgspitzarena&#8221;.<\/p>\n<p class=\"bodytext\">Puoi trovare maggiori informazioni su<span> <\/span><a href=\"http:\/\/www.bikeguiding.at\/\" title=\"Apre un link esterno in una nuova finestra\" target=\"_blank\" class=\"external-link-new-window\" rel=\"noopener\">www.bikeguiding.at!<\/a><\/p>\n<\/div>\n<\/div>\n<\/div>\n<\/div>\n<\/div>\n<\/div>\n<p>[\/et_pb_text][\/et_pb_column][et_pb_column type=&#8221;2_5&#8243; _builder_version=&#8221;4.27.4&#8243; _module_preset=&#8221;default&#8221; global_colors_info=&#8221;{}&#8221;][et_pb_text _builder_version=&#8221;4.27.4&#8243; _module_preset=&#8221;064f11a0-6b82-4885-81c2-e85da605fa3c&#8221; global_colors_info=&#8221;{}&#8221;]<\/p>\n<blockquote>\n<p>I percorsi della nostra regione vengono ampliati ogni anno e siamo lieti di aver ricevuto molti riconoscimenti come regione ciclistica.<\/p>\n<\/blockquote>\n<p>[\/et_pb_text][\/et_pb_column][\/et_pb_row][\/et_pb_section][et_pb_section fb_built=&#8221;1&#8243; _builder_version=&#8221;4.27.4&#8243; _module_preset=&#8221;default&#8221; global_colors_info=&#8221;{}&#8221;][et_pb_row column_structure=&#8221;1_5,1_5,1_5,1_5,1_5&#8243; _builder_version=&#8221;4.27.4&#8243; _module_preset=&#8221;dc5c2f5f-8414-453d-b24b-2e466a5de151&#8243; min_height=&#8221;25vh&#8221; hover_enabled=&#8221;0&#8243; global_colors_info=&#8221;{}&#8221; sticky_enabled=&#8221;0&#8243;][et_pb_column type=&#8221;1_5&#8243; _builder_version=&#8221;4.27.4&#8243; _module_preset=&#8221;default&#8221; background_image=&#8221;https:\/\/www.edelweiss.at\/wp-content\/uploads\/2025\/11\/Mountainbike_Auffahrt_02.jpg&#8221; global_colors_info=&#8221;{}&#8221;][et_pb_code admin_label=&#8221;Segnaposto&#8221; _builder_version=&#8221;4.27.4&#8243; _module_preset=&#8221;236727f5-1545-4c4f-8fb2-6b2a93023e65&#8243; global_colors_info=&#8221;{}&#8221; theme_builder_area=&#8221;post_content&#8221;]<!-- placeholder -->[\/et_pb_code][\/et_pb_column][et_pb_column type=&#8221;1_5&#8243; _builder_version=&#8221;4.27.4&#8243; _module_preset=&#8221;default&#8221; background_image=&#8221;https:\/\/www.edelweiss.at\/wp-content\/uploads\/2025\/11\/Mountainbike_Am_See_01.jpg&#8221; global_colors_info=&#8221;{}&#8221;][et_pb_code admin_label=&#8221;Segnaposto&#8221; _builder_version=&#8221;4.27.4&#8243; _module_preset=&#8221;236727f5-1545-4c4f-8fb2-6b2a93023e65&#8243; global_colors_info=&#8221;{}&#8221; theme_builder_area=&#8221;post_content&#8221;]<!-- placeholder -->[\/et_pb_code][\/et_pb_column][et_pb_column type=&#8221;1_5&#8243; _builder_version=&#8221;4.27.4&#8243; _module_preset=&#8221;default&#8221; background_image=&#8221;https:\/\/www.edelweiss.at\/wp-content\/uploads\/2025\/11\/Mountainbike_Abfahrt_04.jpg&#8221; global_colors_info=&#8221;{}&#8221;][et_pb_code admin_label=&#8221;Segnaposto&#8221; _builder_version=&#8221;4.27.4&#8243; _module_preset=&#8221;236727f5-1545-4c4f-8fb2-6b2a93023e65&#8243; global_colors_info=&#8221;{}&#8221; theme_builder_area=&#8221;post_content&#8221;]<!-- placeholder -->[\/et_pb_code][\/et_pb_column][et_pb_column type=&#8221;1_5&#8243; _builder_version=&#8221;4.27.4&#8243; _module_preset=&#8221;default&#8221; background_image=&#8221;https:\/\/www.edelweiss.at\/wp-content\/uploads\/2025\/11\/Mountainbike_Abfahrt_05.jpg&#8221; global_colors_info=&#8221;{}&#8221;][et_pb_code admin_label=&#8221;Segnaposto&#8221; _builder_version=&#8221;4.27.4&#8243; _module_preset=&#8221;236727f5-1545-4c4f-8fb2-6b2a93023e65&#8243; global_colors_info=&#8221;{}&#8221; theme_builder_area=&#8221;post_content&#8221;]<!-- placeholder -->[\/et_pb_code][\/et_pb_column][et_pb_column type=&#8221;1_5&#8243; _builder_version=&#8221;4.27.4&#8243; _module_preset=&#8221;default&#8221; background_image=&#8221;https:\/\/www.edelweiss.at\/wp-content\/uploads\/2025\/11\/Mountainbike_Auffahrt_01.jpg&#8221; global_colors_info=&#8221;{}&#8221;][et_pb_code admin_label=&#8221;Segnaposto&#8221; _builder_version=&#8221;4.27.4&#8243; _module_preset=&#8221;236727f5-1545-4c4f-8fb2-6b2a93023e65&#8243; global_colors_info=&#8221;{}&#8221; theme_builder_area=&#8221;post_content&#8221;]<!-- placeholder -->[\/et_pb_code][\/et_pb_column][\/et_pb_row][\/et_pb_section][et_pb_section fb_built=&#8221;1&#8243; _builder_version=&#8221;4.27.4&#8243; _module_preset=&#8221;default&#8221; background_image=&#8221;https:\/\/www.edelweiss.at\/wp-content\/uploads\/2025\/11\/Mountainbike_Rast_03.jpg&#8221; background_position=&#8221;bottom_center&#8221; min_height=&#8221;100vh&#8221; custom_padding=&#8221;0px||||false|false&#8221; global_colors_info=&#8221;{}&#8221;][et_pb_row _builder_version=&#8221;4.27.4&#8243; _module_preset=&#8221;default&#8221; custom_margin=&#8221;0px||0px||true|false&#8221; custom_padding=&#8221;0px||||false|false&#8221; global_colors_info=&#8221;{}&#8221;][et_pb_column type=&#8221;4_4&#8243; _builder_version=&#8221;4.27.4&#8243; _module_preset=&#8221;default&#8221; global_colors_info=&#8221;{}&#8221;][et_pb_text _builder_version=&#8221;4.27.4&#8243; _module_preset=&#8221;6f816b85-54bb-465f-83ef-9b2a5de5fa1f&#8221; global_colors_info=&#8221;{}&#8221;]<\/p>\n<p>Bicicletta Eldorado<\/p>\n<p>[\/et_pb_text][\/et_pb_column][\/et_pb_row][\/et_pb_section][et_pb_section fb_built=&#8221;1&#8243; _builder_version=&#8221;4.27.4&#8243; _module_preset=&#8221;default&#8221; background_color=&#8221;RGBA(255,255,255,0)&#8221; custom_margin=&#8221;-150px||0px||false|false&#8221; custom_padding=&#8221;0px||0px||false|false&#8221; global_colors_info=&#8221;{}&#8221;][et_pb_row column_structure=&#8221;1_3,2_3&#8243; use_custom_gutter=&#8221;on&#8221; gutter_width=&#8221;1&#8243; _builder_version=&#8221;4.27.4&#8243; _module_preset=&#8221;default&#8221; custom_margin=&#8221;0px||0px||false|false&#8221; custom_padding=&#8221;0px||0px||false|false&#8221; global_colors_info=&#8221;{}&#8221;][et_pb_column type=&#8221;1_3&#8243; _builder_version=&#8221;4.27.4&#8243; _module_preset=&#8221;default&#8221; global_colors_info=&#8221;{}&#8221;][et_pb_image src=&#8221;https:\/\/www.edelweiss.at\/wp-content\/uploads\/2025\/09\/ci-2025-square-green.svg&#8221; title_text=&#8221;ci-2025-quadro-verde&#8221; _builder_version=&#8221;4.27.4&#8243; _module_preset=&#8221;default&#8221; width=&#8221;250px&#8221; module_alignment=&#8221;center&#8221; height=&#8221;250px&#8221; custom_margin=&#8221;0px|0px|0px|0px|false|false&#8221; custom_padding=&#8221;0px|0px|0px|0px|false|false&#8221; global_colors_info=&#8221;{}&#8221;][\/et_pb_image][\/et_pb_column][et_pb_column type=&#8221;2_3&#8243; _builder_version=&#8221;4.27.4&#8243; _module_preset=&#8221;default&#8221; global_colors_info=&#8221;{}&#8221;][et_pb_text _builder_version=&#8221;4.27.4&#8243; _module_preset=&#8221;bb216964-205c-407e-95e0-94788f95e2c1&#8243; dvmd_acat_aria_hidden=&#8221;on&#8221; dvmd_acat_aria_hidden_selector=&#8221;.et_pb_text_inner&#8221; global_colors_info=&#8221;{}&#8221;]<\/p>\n<p style=\"text-align: center;\">Il fiore pi\u00f9 bello delle Alpi.<\/p>\n<p>[\/et_pb_text][\/et_pb_column][\/et_pb_row][\/et_pb_section][et_pb_section fb_built=&#8221;1&#8243; _builder_version=&#8221;4.27.4&#8243; _module_preset=&#8221;default&#8221; global_colors_info=&#8221;{}&#8221;][et_pb_row column_structure=&#8221;1_2,1_2&#8243; _builder_version=&#8221;4.27.4&#8243; _module_preset=&#8221;default&#8221; max_width=&#8221;80%&#8221; global_colors_info=&#8221;{}&#8221;][et_pb_column type=&#8221;1_2&#8243; _builder_version=&#8221;4.27.4&#8243; _module_preset=&#8221;default&#8221; global_colors_info=&#8221;{}&#8221;][et_pb_text quote_border_color=&#8221;#806C47&#8243; _builder_version=&#8221;4.27.4&#8243; _module_preset=&#8221;default&#8221; quote_font=&#8221;Aboreto|300|||||||&#8221; quote_text_color=&#8221;#806C47&#8243; global_colors_info=&#8221;{}&#8221;]<\/p>\n<blockquote>\n<p>Scopri la regione dall&#8217;alto in bicicletta<\/p>\n<\/blockquote>\n<p>[\/et_pb_text][et_pb_text _builder_version=&#8221;4.27.4&#8243; _module_preset=&#8221;default&#8221; global_colors_info=&#8221;{}&#8221;]<\/p>\n<p>Scopri il divertimento e la libert\u00e0 di percorrere i sentieri della Tiroler Zugspitzarena, da solo o con una guida esperta. I vari percorsi offrono qualcosa per tutti, dalle salite pi\u00f9 dolci alle discese pi\u00f9 impegnative.<\/p>\n<p>Goditi la vista spettacolare delle maestose montagne e della natura incontaminata mentre vivi nuove avventure a ogni pedalata. Lasciati contagiare dall&#8217;entusiasmo mentre cavalchi attraverso fitte foreste e rocce scoscese.<\/p>\n<p>Che tu esplori i sentieri da solo o in compagnia di una guida, ogni momento sar\u00e0 un&#8217;esperienza indimenticabile piena di gioia e vicinanza alla natura.<\/p>\n<p>[\/et_pb_text][\/et_pb_column][et_pb_column type=&#8221;1_2&#8243; _builder_version=&#8221;4.27.4&#8243; _module_preset=&#8221;default&#8221; global_colors_info=&#8221;{}&#8221;][et_pb_image src=&#8221;https:\/\/www.edelweiss.at\/wp-content\/uploads\/2025\/11\/Mountainbike_Rast_01.jpg&#8221; title_text=&#8221;Mountainbike_Rast_01&#8243; _builder_version=&#8221;4.27.4&#8243; _module_preset=&#8221;default&#8221; global_colors_info=&#8221;{}&#8221;][\/et_pb_image][\/et_pb_column][\/et_pb_row][\/et_pb_section]<\/p>\n","protected":false},"excerpt":{"rendered":"<p>Il versante tirolese della Zugspitze \u00e8 una &#8220;Approved Bike Area&#8221; nella categoria Tour &amp; Trail, quindi una delle destinazioni per mountain bike riconosciute da &#8220;Mountain Bike Holidays&#8221;. Questo marchio di qualit\u00e0 certificato dal T\u00dcV garantisce: Almeno 20 tour elaborati di diversi livelli Trasporto in bicicletta con trasporto pubblico o ferrovie di montagna Eccellente esperienza di [&hellip;]<\/p>\n","protected":false},"author":2,"featured_media":0,"parent":4751,"menu_order":31,"comment_status":"closed","ping_status":"closed","template":"","meta":{"_et_pb_use_builder":"on","_et_pb_old_content":"","_et_gb_content_width":"","footnotes":""},"class_list":["post-4394","page","type-page","status-publish","hentry"],"_links":{"self":[{"href":"https:\/\/www.edelweiss.at\/it\/wp-json\/wp\/v2\/pages\/4394","targetHints":{"allow":["GET"]}}],"collection":[{"href":"https:\/\/www.edelweiss.at\/it\/wp-json\/wp\/v2\/pages"}],"about":[{"href":"https:\/\/www.edelweiss.at\/it\/wp-json\/wp\/v2\/types\/page"}],"author":[{"embeddable":true,"href":"https:\/\/www.edelweiss.at\/it\/wp-json\/wp\/v2\/users\/2"}],"replies":[{"embeddable":true,"href":"https:\/\/www.edelweiss.at\/it\/wp-json\/wp\/v2\/comments?post=4394"}],"version-history":[{"count":2,"href":"https:\/\/www.edelweiss.at\/it\/wp-json\/wp\/v2\/pages\/4394\/revisions"}],"predecessor-version":[{"id":5636,"href":"https:\/\/www.edelweiss.at\/it\/wp-json\/wp\/v2\/pages\/4394\/revisions\/5636"}],"up":[{"embeddable":true,"href":"https:\/\/www.edelweiss.at\/it\/wp-json\/wp\/v2\/pages\/4751"}],"wp:attachment":[{"href":"https:\/\/www.edelweiss.at\/it\/wp-json\/wp\/v2\/media?parent=4394"}],"curies":[{"name":"wp","href":"https:\/\/api.w.org\/{rel}","templated":true}]}}