{"id":4751,"date":"2025-10-30T10:26:53","date_gmt":"2025-10-30T09:26:53","guid":{"rendered":"https:\/\/www.edelweiss.at\/attivita\/"},"modified":"2025-12-11T14:31:55","modified_gmt":"2025-12-11T13:31:55","slug":"attivita","status":"publish","type":"page","link":"https:\/\/www.edelweiss.at\/it\/attivita\/","title":{"rendered":"Attivit\u00e0"},"content":{"rendered":"<p>[et_pb_section fb_built=&#8221;1&#8243; _builder_version=&#8221;4.27.4&#8243; _module_preset=&#8221;default&#8221; global_colors_info=&#8221;{}&#8221;][et_pb_row _builder_version=&#8221;4.27.4&#8243; _module_preset=&#8221;default&#8221; global_colors_info=&#8221;{}&#8221;][et_pb_column type=&#8221;4_4&#8243; _builder_version=&#8221;4.27.4&#8243; _module_preset=&#8221;default&#8221; global_colors_info=&#8221;{}&#8221;][et_pb_heading title=&#8221;In forma e divertente&#8221; _builder_version=&#8221;4.27.4&#8243; _module_preset=&#8221;default&#8221; title_font=&#8221;Oswald||||||||&#8221; global_colors_info=&#8221;{}&#8221;][\/et_pb_heading][\/et_pb_column][\/et_pb_row][et_pb_row column_structure=&#8221;3_5,2_5&#8243; _builder_version=&#8221;4.27.4&#8243; _module_preset=&#8221;default&#8221; global_colors_info=&#8221;{}&#8221;][et_pb_column type=&#8221;3_5&#8243; _builder_version=&#8221;4.27.4&#8243; _module_preset=&#8221;default&#8221; global_colors_info=&#8221;{}&#8221;][et_pb_text _builder_version=&#8221;4.27.4&#8243; _module_preset=&#8221;default&#8221; global_colors_info=&#8221;{}&#8221;]<\/p>\n<div class=\"row\">\n<div class=\"small-12 large-12 columns\">\n<div id=\"c81\" class=\"csc-default\">\n<div class=\"csc-header csc-header-n1\">\n<h2 class=\"csc-firstHeader\">Bellezza, sport e vitalit\u00e0<\/h2>\n<\/div>\n<\/div>\n<\/div>\n<\/div>\n<div>\n<div id=\"c82\">\n<p>Tutto ci\u00f2 che ha un effetto positivo su corpo, mente e anima \u00e8 in offerta. Puoi rimettere in forma il tuo corpo per affrontare nuovi compiti nella nostra sala fitness interna.<\/p>\n<p>In combinazione con un massaggio rilassante o una visita alla zona balneare, potrai iniziare una nuova giornata di avventure pieno di energia.<\/p>\n<\/div>\n<\/div>\n<p>[\/et_pb_text][et_pb_text _builder_version=&#8221;4.27.4&#8243; _module_preset=&#8221;default&#8221; global_colors_info=&#8221;{}&#8221;]<\/p>\n<h2>Attivit\u00e0 estive e invernali<span style=\"font-size: 17px;\"><\/span><\/h2>\n<p><span style=\"font-size: 17px;\">In estate, le montagne circostanti e i sentieri escursionistici ti invitano a godere della natura incontaminata e della fresca aria alpina. Che si tratti di escursioni a piedi, in bicicletta o semplicemente di rilassarsi al sole, il paesaggio offre innumerevoli opportunit\u00e0 di avventura e relax. In inverno, la regione si trasforma in un paradiso degli sport invernali, dove potrai sciare o fare snowboard su piste perfette, mentre accoglienti rifugi offrono una meritata pausa con specialit\u00e0 regionali. In qualsiasi stagione, l&#8217;Edelweiss \u00e8 il luogo ideale per vivere esperienze indimenticabili nel bel mezzo delle imponenti Alpi tirolesi.  <\/span><\/p>\n<p><span><\/span><\/p>\n<p>[\/et_pb_text][\/et_pb_column][et_pb_column type=&#8221;2_5&#8243; _builder_version=&#8221;4.27.4&#8243; _module_preset=&#8221;default&#8221; global_colors_info=&#8221;{}&#8221;][et_pb_text _builder_version=&#8221;4.27.4&#8243; _module_preset=&#8221;064f11a0-6b82-4885-81c2-e85da605fa3c&#8221; global_colors_info=&#8221;{}&#8221;]<\/p>\n<blockquote>\n<p><span>Scopri la variet\u00e0 di attivit\u00e0 di Edelweiss durante i caldi mesi estivi e le nevose giornate invernali.  <\/span><\/p>\n<\/blockquote>\n<p>[\/et_pb_text][\/et_pb_column][\/et_pb_row][\/et_pb_section][et_pb_section fb_built=&#8221;1&#8243; _builder_version=&#8221;4.27.4&#8243; _module_preset=&#8221;default&#8221; global_colors_info=&#8221;{}&#8221;][et_pb_row column_structure=&#8221;1_5,1_5,1_5,1_5,1_5&#8243; _builder_version=&#8221;4.27.4&#8243; _module_preset=&#8221;dc5c2f5f-8414-453d-b24b-2e466a5de151&#8243; min_height=&#8221;25vh&#8221; hover_enabled=&#8221;0&#8243; global_colors_info=&#8221;{}&#8221; sticky_enabled=&#8221;0&#8243;][et_pb_column type=&#8221;1_5&#8243; _builder_version=&#8221;4.27.4&#8243; _module_preset=&#8221;default&#8221; background_image=&#8221;https:\/\/www.edelweiss.at\/wp-content\/uploads\/2025\/11\/Klettern-am-WasserfallcZABT_C.-Jorda-19.jpg&#8221; global_colors_info=&#8221;{}&#8221;][et_pb_code admin_label=&#8221;Segnaposto&#8221; _builder_version=&#8221;4.27.4&#8243; _module_preset=&#8221;236727f5-1545-4c4f-8fb2-6b2a93023e65&#8243; global_colors_info=&#8221;{}&#8221; theme_builder_area=&#8221;post_content&#8221;]<!-- placeholder -->[\/et_pb_code][\/et_pb_column][et_pb_column type=&#8221;1_5&#8243; _builder_version=&#8221;4.27.4&#8243; _module_preset=&#8221;default&#8221; background_image=&#8221;https:\/\/www.edelweiss.at\/wp-content\/uploads\/2025\/11\/Monsterroller-BiberwiercZABT_C.-Jorda-1.jpg&#8221; global_colors_info=&#8221;{}&#8221;][et_pb_code admin_label=&#8221;Segnaposto&#8221; _builder_version=&#8221;4.27.4&#8243; _module_preset=&#8221;236727f5-1545-4c4f-8fb2-6b2a93023e65&#8243; global_colors_info=&#8221;{}&#8221; theme_builder_area=&#8221;post_content&#8221;]<!-- placeholder -->[\/et_pb_code][\/et_pb_column][et_pb_column type=&#8221;1_5&#8243; _builder_version=&#8221;4.27.4&#8243; _module_preset=&#8221;default&#8221; background_image=&#8221;https:\/\/www.edelweiss.at\/wp-content\/uploads\/2025\/11\/Ponoefen-EhrwaldcZABT_C.-Jorda-8.jpg&#8221; global_colors_info=&#8221;{}&#8221;][et_pb_code admin_label=&#8221;Segnaposto&#8221; _builder_version=&#8221;4.27.4&#8243; _module_preset=&#8221;236727f5-1545-4c4f-8fb2-6b2a93023e65&#8243; global_colors_info=&#8221;{}&#8221; theme_builder_area=&#8221;post_content&#8221;]<!-- placeholder -->[\/et_pb_code][\/et_pb_column][et_pb_column type=&#8221;1_5&#8243; _builder_version=&#8221;4.27.4&#8243; _module_preset=&#8221;default&#8221; background_image=&#8221;https:\/\/www.edelweiss.at\/wp-content\/uploads\/2025\/11\/Skifahren-FamiliecTZA_C.-Jorda-15.jpg&#8221; global_colors_info=&#8221;{}&#8221;][et_pb_code admin_label=&#8221;Segnaposto&#8221; _builder_version=&#8221;4.27.4&#8243; _module_preset=&#8221;236727f5-1545-4c4f-8fb2-6b2a93023e65&#8243; global_colors_info=&#8221;{}&#8221; theme_builder_area=&#8221;post_content&#8221;]<!-- placeholder -->[\/et_pb_code][\/et_pb_column][et_pb_column type=&#8221;1_5&#8243; _builder_version=&#8221;4.27.4&#8243; _module_preset=&#8221;default&#8221; background_image=&#8221;https:\/\/www.edelweiss.at\/wp-content\/uploads\/2025\/11\/Langlaufen-BerwangcTZA_C.-Jorda-40.jpg&#8221; global_colors_info=&#8221;{}&#8221;][et_pb_code admin_label=&#8221;Segnaposto&#8221; _builder_version=&#8221;4.27.4&#8243; _module_preset=&#8221;236727f5-1545-4c4f-8fb2-6b2a93023e65&#8243; global_colors_info=&#8221;{}&#8221; theme_builder_area=&#8221;post_content&#8221;]<!-- placeholder -->[\/et_pb_code][\/et_pb_column][\/et_pb_row][\/et_pb_section][et_pb_section fb_built=&#8221;1&#8243; _builder_version=&#8221;4.27.4&#8243; _module_preset=&#8221;default&#8221; background_image=&#8221;https:\/\/www.edelweiss.at\/wp-content\/uploads\/2025\/11\/Wassererlebnisweg-EhrwaldcZABT_C.-Jorda-42.jpg&#8221; background_position=&#8221;top_center&#8221; min_height=&#8221;100vh&#8221; custom_padding=&#8221;0px||||false|false&#8221; global_colors_info=&#8221;{}&#8221;][et_pb_row _builder_version=&#8221;4.27.4&#8243; _module_preset=&#8221;default&#8221; custom_margin=&#8221;0px||0px||true|false&#8221; custom_padding=&#8221;0px||||false|false&#8221; global_colors_info=&#8221;{}&#8221;][et_pb_column type=&#8221;4_4&#8243; _builder_version=&#8221;4.27.4&#8243; _module_preset=&#8221;default&#8221; global_colors_info=&#8221;{}&#8221;][et_pb_text _builder_version=&#8221;4.27.4&#8243; _module_preset=&#8221;6f816b85-54bb-465f-83ef-9b2a5de5fa1f&#8221; global_colors_info=&#8221;{}&#8221;]<\/p>\n<p>ESTATE.<\/p>\n<p>[\/et_pb_text][\/et_pb_column][\/et_pb_row][\/et_pb_section][et_pb_section fb_built=&#8221;1&#8243; _builder_version=&#8221;4.27.4&#8243; _module_preset=&#8221;default&#8221; background_color=&#8221;RGBA(255,255,255,0)&#8221; custom_margin=&#8221;-150px||0px||false|false&#8221; custom_padding=&#8221;0px||0px||false|false&#8221; global_colors_info=&#8221;{}&#8221;][et_pb_row column_structure=&#8221;1_3,2_3&#8243; use_custom_gutter=&#8221;on&#8221; gutter_width=&#8221;1&#8243; _builder_version=&#8221;4.27.4&#8243; _module_preset=&#8221;default&#8221; custom_margin=&#8221;0px||0px||false|false&#8221; custom_padding=&#8221;0px||0px||false|false&#8221; global_colors_info=&#8221;{}&#8221;][et_pb_column type=&#8221;1_3&#8243; _builder_version=&#8221;4.27.4&#8243; _module_preset=&#8221;default&#8221; global_colors_info=&#8221;{}&#8221;][et_pb_image src=&#8221;https:\/\/www.edelweiss.at\/wp-content\/uploads\/2025\/09\/ci-2025-square-green.svg&#8221; title_text=&#8221;ci-2025-quadro-verde&#8221; _builder_version=&#8221;4.27.4&#8243; _module_preset=&#8221;default&#8221; width=&#8221;250px&#8221; module_alignment=&#8221;center&#8221; height=&#8221;250px&#8221; custom_margin=&#8221;0px|0px|0px|0px|false|false&#8221; custom_padding=&#8221;0px|0px|0px|0px|false|false&#8221; global_colors_info=&#8221;{}&#8221;][\/et_pb_image][\/et_pb_column][et_pb_column type=&#8221;2_3&#8243; _builder_version=&#8221;4.27.4&#8243; _module_preset=&#8221;default&#8221; global_colors_info=&#8221;{}&#8221;][et_pb_text _builder_version=&#8221;4.27.4&#8243; _module_preset=&#8221;bb216964-205c-407e-95e0-94788f95e2c1&#8243; dvmd_acat_aria_hidden=&#8221;on&#8221; dvmd_acat_aria_hidden_selector=&#8221;.et_pb_text_inner&#8221; global_colors_info=&#8221;{}&#8221;]<\/p>\n<p style=\"text-align: center;\">Il fiore pi\u00f9 bello delle Alpi.<\/p>\n<p>[\/et_pb_text][\/et_pb_column][\/et_pb_row][\/et_pb_section][et_pb_section fb_built=&#8221;1&#8243; disabled_on=&#8221;on|off|off&#8221; _builder_version=&#8221;4.27.4&#8243; _module_preset=&#8221;default&#8221; global_colors_info=&#8221;{}&#8221;][et_pb_row column_structure=&#8221;1_5,1_5,1_5,1_5,1_5&#8243; _builder_version=&#8221;4.27.4&#8243; _module_preset=&#8221;dc5c2f5f-8414-453d-b24b-2e466a5de151&#8243; min_height=&#8221;25vh&#8221; hover_enabled=&#8221;0&#8243; global_colors_info=&#8221;{}&#8221; sticky_enabled=&#8221;0&#8243;][et_pb_column type=&#8221;1_5&#8243; _builder_version=&#8221;4.27.4&#8243; _module_preset=&#8221;default&#8221; background_image=&#8221;https:\/\/www.edelweiss.at\/wp-content\/uploads\/2025\/11\/Moosle\u00b4s-ZauberwaldcZABT_C.-Jorda-8.jpg&#8221; global_colors_info=&#8221;{}&#8221;][et_pb_code admin_label=&#8221;Segnaposto&#8221; _builder_version=&#8221;4.27.4&#8243; _module_preset=&#8221;236727f5-1545-4c4f-8fb2-6b2a93023e65&#8243; global_colors_info=&#8221;{}&#8221; theme_builder_area=&#8221;post_content&#8221;]<!-- placeholder -->[\/et_pb_code][\/et_pb_column][et_pb_column type=&#8221;1_5&#8243; _builder_version=&#8221;4.27.4&#8243; _module_preset=&#8221;default&#8221; background_image=&#8221;https:\/\/www.edelweiss.at\/wp-content\/uploads\/2025\/11\/Heiterwanger-SeecZABT_C.-Jorda-16.jpg&#8221; global_colors_info=&#8221;{}&#8221;][et_pb_code admin_label=&#8221;Segnaposto&#8221; _builder_version=&#8221;4.27.4&#8243; _module_preset=&#8221;236727f5-1545-4c4f-8fb2-6b2a93023e65&#8243; global_colors_info=&#8221;{}&#8221; theme_builder_area=&#8221;post_content&#8221;]<!-- placeholder -->[\/et_pb_code][\/et_pb_column][et_pb_column type=&#8221;1_5&#8243; _builder_version=&#8221;4.27.4&#8243; _module_preset=&#8221;default&#8221; background_image=&#8221;https:\/\/www.edelweiss.at\/wp-content\/uploads\/2025\/11\/Sommerrodeln-BiberwiercZABT_C.-Jorda-17.jpg&#8221; global_colors_info=&#8221;{}&#8221;][et_pb_code admin_label=&#8221;Segnaposto&#8221; _builder_version=&#8221;4.27.4&#8243; _module_preset=&#8221;236727f5-1545-4c4f-8fb2-6b2a93023e65&#8243; global_colors_info=&#8221;{}&#8221; theme_builder_area=&#8221;post_content&#8221;]<!-- placeholder -->[\/et_pb_code][\/et_pb_column][et_pb_column type=&#8221;1_5&#8243; _builder_version=&#8221;4.27.4&#8243; _module_preset=&#8221;default&#8221; background_image=&#8221;https:\/\/www.edelweiss.at\/wp-content\/uploads\/2025\/11\/Wandern-GrubigsteincZABT_C.-Jorda-22.jpg&#8221; global_colors_info=&#8221;{}&#8221;][et_pb_code admin_label=&#8221;Segnaposto&#8221; _builder_version=&#8221;4.27.4&#8243; _module_preset=&#8221;236727f5-1545-4c4f-8fb2-6b2a93023e65&#8243; global_colors_info=&#8221;{}&#8221; theme_builder_area=&#8221;post_content&#8221;]<!-- placeholder -->[\/et_pb_code][\/et_pb_column][et_pb_column type=&#8221;1_5&#8243; _builder_version=&#8221;4.27.4&#8243; _module_preset=&#8221;default&#8221; background_image=&#8221;https:\/\/www.edelweiss.at\/wp-content\/uploads\/2025\/11\/Streichelzoo-BichlbachcZABT_C.-Jorda-54.jpg&#8221; global_colors_info=&#8221;{}&#8221;][et_pb_code admin_label=&#8221;Segnaposto&#8221; _builder_version=&#8221;4.27.4&#8243; _module_preset=&#8221;236727f5-1545-4c4f-8fb2-6b2a93023e65&#8243; global_colors_info=&#8221;{}&#8221; theme_builder_area=&#8221;post_content&#8221;]<!-- placeholder -->[\/et_pb_code][\/et_pb_column][\/et_pb_row][\/et_pb_section][et_pb_section fb_built=&#8221;1&#8243; _builder_version=&#8221;4.27.4&#8243; _module_preset=&#8221;default&#8221; global_colors_info=&#8221;{}&#8221;][et_pb_row column_structure=&#8221;1_2,1_2&#8243; _builder_version=&#8221;4.27.4&#8243; _module_preset=&#8221;default&#8221; max_width=&#8221;80%&#8221; global_colors_info=&#8221;{}&#8221;][et_pb_column type=&#8221;1_2&#8243; _builder_version=&#8221;4.27.4&#8243; _module_preset=&#8221;default&#8221; global_colors_info=&#8221;{}&#8221;][et_pb_text quote_border_color=&#8221;#806C47&#8243; _builder_version=&#8221;4.27.4&#8243; _module_preset=&#8221;default&#8221; quote_font=&#8221;Aboreto|300|||||||&#8221; quote_text_color=&#8221;#806C47&#8243; global_colors_info=&#8221;{}&#8221;]<\/p>\n<blockquote>\n<p>L&#8217;estate Edelweiss - un&#8217;oasi di relax - lascia che la magia delle Alpi agisca su di te.<\/p>\n<p>&nbsp;<\/p>\n<p>Saremo lieti di darti presto il benvenuto.<\/p>\n<\/blockquote>\n<p>[\/et_pb_text][et_pb_text _builder_version=&#8221;4.27.4&#8243; _module_preset=&#8221;default&#8221; global_colors_info=&#8221;{}&#8221;]<\/p>\n<p>Scopri la vasta gamma di attivit\u00e0 estive a Lermoos e dintorni, dove i raggi del sole bagnano le montagne di una luce magica e i laghi cristallini ti invitano a rinfrescarti. Che tu voglia esplorare gli spettacolari sentieri escursionistici che attraversano prati lussureggianti e fitte foreste o goderti un giro in bicicletta all&#8217;aria aperta, qui troverai l&#8217;avventura giusta per ogni gusto. L&#8217;impressionante scenario della Zugspitze ti ispirer\u00e0 ogni giorno mentre ti godrai le numerose opzioni per il tempo libero. Trascorri giornate indimenticabili facendo arrampicata, parapendio o semplicemente rilassandoti nella natura e sperimenta come l&#8217;estate a Lermoos ti riempia il cuore con tutte le sue gioie e attivit\u00e0. Vieni a trovarci a Edelweiss e lasciati ispirare dalla rinfrescante diversit\u00e0 delle Alpi tirolesi.<\/p>\n<p>[\/et_pb_text][\/et_pb_column][et_pb_column type=&#8221;1_2&#8243; _builder_version=&#8221;4.27.4&#8243; _module_preset=&#8221;default&#8221; global_colors_info=&#8221;{}&#8221;][et_pb_image src=&#8221;https:\/\/www.edelweiss.at\/wp-content\/uploads\/2025\/11\/Wassererlebnisweg-EhrwaldcZABT_C.-Jorda-16.jpg&#8221; title_text=&#8221;Sentiero avventura acquatico di Ehrwald(c)ZABT_C. Jorda (16)&#8221; _builder_version=&#8221;4.27.4&#8243; _module_preset=&#8221;default&#8221; global_colors_info=&#8221;{}&#8221;][\/et_pb_image][\/et_pb_column][\/et_pb_row][\/et_pb_section][et_pb_section fb_built=&#8221;1&#8243; _builder_version=&#8221;4.27.4&#8243; _module_preset=&#8221;default&#8221; background_image=&#8221;https:\/\/www.edelweiss.at\/wp-content\/uploads\/2025\/11\/Winterwandern-PonoefencTZA_C.-Jorda-30.jpg&#8221; min_height=&#8221;100vh&#8221; custom_padding=&#8221;0px||||false|false&#8221; global_colors_info=&#8221;{}&#8221;][et_pb_row _builder_version=&#8221;4.27.4&#8243; _module_preset=&#8221;default&#8221; custom_margin=&#8221;0px||0px||true|false&#8221; custom_padding=&#8221;0px||||false|false&#8221; global_colors_info=&#8221;{}&#8221;][et_pb_column type=&#8221;4_4&#8243; _builder_version=&#8221;4.27.4&#8243; _module_preset=&#8221;default&#8221; global_colors_info=&#8221;{}&#8221;][et_pb_text _builder_version=&#8221;4.27.4&#8243; _module_preset=&#8221;90899926-d1a3-4ce5-92e9-229688670262&#8243; global_colors_info=&#8221;{}&#8221;]<\/p>\n<p>Inverno<\/p>\n<p>[\/et_pb_text][\/et_pb_column][\/et_pb_row][\/et_pb_section][et_pb_section fb_built=&#8221;1&#8243; _builder_version=&#8221;4.27.4&#8243; _module_preset=&#8221;default&#8221; background_color=&#8221;RGBA(255,255,255,0)&#8221; custom_margin=&#8221;-150px||0px||false|false&#8221; custom_padding=&#8221;0px||0px||false|false&#8221; global_colors_info=&#8221;{}&#8221;][et_pb_row column_structure=&#8221;1_3,2_3&#8243; use_custom_gutter=&#8221;on&#8221; gutter_width=&#8221;1&#8243; _builder_version=&#8221;4.27.4&#8243; _module_preset=&#8221;default&#8221; custom_margin=&#8221;0px||0px||false|false&#8221; custom_padding=&#8221;0px||0px||false|false&#8221; global_colors_info=&#8221;{}&#8221;][et_pb_column type=&#8221;1_3&#8243; _builder_version=&#8221;4.27.4&#8243; _module_preset=&#8221;default&#8221; global_colors_info=&#8221;{}&#8221;][et_pb_image src=&#8221;https:\/\/www.edelweiss.at\/wp-content\/uploads\/2025\/05\/ci-2025-square-blue.svg&#8221; title_text=&#8221;ci-2025-quadrato-blu&#8221; _builder_version=&#8221;4.27.4&#8243; _module_preset=&#8221;default&#8221; width=&#8221;250px&#8221; module_alignment=&#8221;center&#8221; height=&#8221;250px&#8221; custom_margin=&#8221;0px|0px|0px|0px|false|false&#8221; custom_padding=&#8221;0px|0px|0px|0px|false|false&#8221; global_colors_info=&#8221;{}&#8221;][\/et_pb_image][\/et_pb_column][et_pb_column type=&#8221;2_3&#8243; _builder_version=&#8221;4.27.4&#8243; _module_preset=&#8221;default&#8221; global_colors_info=&#8221;{}&#8221;][et_pb_text _builder_version=&#8221;4.27.4&#8243; _module_preset=&#8221;bb216964-205c-407e-95e0-94788f95e2c1&#8243; global_colors_info=&#8221;{}&#8221;]<\/p>\n<p style=\"text-align: center;\">Il fiore pi\u00f9 bello delle Alpi.<\/p>\n<p>[\/et_pb_text][\/et_pb_column][\/et_pb_row][\/et_pb_section][et_pb_section fb_built=&#8221;1&#8243; disabled_on=&#8221;on|off|off&#8221; _builder_version=&#8221;4.27.4&#8243; _module_preset=&#8221;default&#8221; global_colors_info=&#8221;{}&#8221;][et_pb_row column_structure=&#8221;1_5,1_5,1_5,1_5,1_5&#8243; _builder_version=&#8221;4.27.4&#8243; _module_preset=&#8221;dc5c2f5f-8414-453d-b24b-2e466a5de151&#8243; min_height=&#8221;25vh&#8221; hover_enabled=&#8221;0&#8243; global_colors_info=&#8221;{}&#8221; sticky_enabled=&#8221;0&#8243;][et_pb_column type=&#8221;1_5&#8243; _builder_version=&#8221;4.27.4&#8243; _module_preset=&#8221;default&#8221; background_image=&#8221;https:\/\/www.edelweiss.at\/wp-content\/uploads\/2025\/11\/SkifahrencTZA_C-Jorda-221.jpg&#8221; global_colors_info=&#8221;{}&#8221;][et_pb_code admin_label=&#8221;Segnaposto&#8221; _builder_version=&#8221;4.27.4&#8243; _module_preset=&#8221;236727f5-1545-4c4f-8fb2-6b2a93023e65&#8243; global_colors_info=&#8221;{}&#8221; theme_builder_area=&#8221;post_content&#8221;]<!-- placeholder -->[\/et_pb_code][\/et_pb_column][et_pb_column type=&#8221;1_5&#8243; _builder_version=&#8221;4.27.4&#8243; _module_preset=&#8221;default&#8221; background_image=&#8221;https:\/\/www.edelweiss.at\/wp-content\/uploads\/2025\/11\/SkifahrencTZA_C-Jorda-262.jpg&#8221; global_colors_info=&#8221;{}&#8221;][et_pb_code admin_label=&#8221;Segnaposto&#8221; _builder_version=&#8221;4.27.4&#8243; _module_preset=&#8221;236727f5-1545-4c4f-8fb2-6b2a93023e65&#8243; global_colors_info=&#8221;{}&#8221; theme_builder_area=&#8221;post_content&#8221;]<!-- placeholder -->[\/et_pb_code][\/et_pb_column][et_pb_column type=&#8221;1_5&#8243; _builder_version=&#8221;4.27.4&#8243; _module_preset=&#8221;default&#8221; background_image=&#8221;https:\/\/www.edelweiss.at\/wp-content\/uploads\/2025\/11\/Skifahren-FamiliecTZA_C.-Jorda-68.jpg&#8221; global_colors_info=&#8221;{}&#8221;][et_pb_code admin_label=&#8221;Segnaposto&#8221; _builder_version=&#8221;4.27.4&#8243; _module_preset=&#8221;236727f5-1545-4c4f-8fb2-6b2a93023e65&#8243; global_colors_info=&#8221;{}&#8221; theme_builder_area=&#8221;post_content&#8221;]<!-- placeholder -->[\/et_pb_code][\/et_pb_column][et_pb_column type=&#8221;1_5&#8243; _builder_version=&#8221;4.27.4&#8243; _module_preset=&#8221;default&#8221; background_image=&#8221;https:\/\/www.edelweiss.at\/wp-content\/uploads\/2025\/11\/PferdeschlittenfahrtcTZA_C.-Jorda-17.jpg&#8221; global_colors_info=&#8221;{}&#8221;][et_pb_code admin_label=&#8221;Segnaposto&#8221; _builder_version=&#8221;4.27.4&#8243; _module_preset=&#8221;236727f5-1545-4c4f-8fb2-6b2a93023e65&#8243; global_colors_info=&#8221;{}&#8221; theme_builder_area=&#8221;post_content&#8221;]<!-- placeholder -->[\/et_pb_code][\/et_pb_column][et_pb_column type=&#8221;1_5&#8243; _builder_version=&#8221;4.27.4&#8243; _module_preset=&#8221;default&#8221; background_image=&#8221;https:\/\/www.edelweiss.at\/wp-content\/uploads\/2025\/09\/Winter3.jpg&#8221; global_colors_info=&#8221;{}&#8221;][et_pb_code admin_label=&#8221;Segnaposto&#8221; _builder_version=&#8221;4.27.4&#8243; _module_preset=&#8221;236727f5-1545-4c4f-8fb2-6b2a93023e65&#8243; global_colors_info=&#8221;{}&#8221; theme_builder_area=&#8221;post_content&#8221;]<!-- placeholder -->[\/et_pb_code][\/et_pb_column][\/et_pb_row][\/et_pb_section][et_pb_section fb_built=&#8221;1&#8243; _builder_version=&#8221;4.27.4&#8243; _module_preset=&#8221;default&#8221; global_colors_info=&#8221;{}&#8221;][et_pb_row column_structure=&#8221;1_2,1_2&#8243; _builder_version=&#8221;4.27.4&#8243; _module_preset=&#8221;default&#8221; max_width=&#8221;80%&#8221; global_colors_info=&#8221;{}&#8221;][et_pb_column type=&#8221;1_2&#8243; _builder_version=&#8221;4.27.4&#8243; _module_preset=&#8221;default&#8221; global_colors_info=&#8221;{}&#8221;][et_pb_text quote_border_color=&#8221;#806C47&#8243; _builder_version=&#8221;4.27.4&#8243; _module_preset=&#8221;default&#8221; quote_font=&#8221;Aboreto|300|||||||&#8221; quote_text_color=&#8221;#806C47&#8243; global_colors_info=&#8221;{}&#8221;]<\/p>\n<blockquote>\n<p>Immagina come la neve fresca scricchiola sotto i tuoi sci.<\/p>\n<p>&nbsp;<\/p>\n<p>Oppure puoi goderti la tranquillit\u00e0 della natura con un&#8217;escursione invernale attraverso le foreste innevate.  <\/p>\n<\/blockquote>\n<p>[\/et_pb_text][et_pb_text _builder_version=&#8221;4.27.4&#8243; _module_preset=&#8221;default&#8221; global_colors_info=&#8221;{}&#8221;]<\/p>\n<p>Vivi l&#8217;inverno a Edelweiss, dove le piste da sci innevate e le affascinanti escursioni invernali rinfrancano l&#8217;anima. Nel mezzo delle maestose Alpi tirolesi, troverai un luogo che unisce tranquillit\u00e0 e avventura. Lasciati incantare dalla limpida aria di montagna e dalla vista dei paesaggi scintillanti mentre ti diverti con noi.<\/p>\n<p>[\/et_pb_text][et_pb_text _builder_version=&#8221;4.27.4&#8243; _module_preset=&#8221;default&#8221; global_colors_info=&#8221;{}&#8221;]Scopri lo splendore invernale del paesaggio tirolese con un&#8217;indimenticabile escursione con le racchette da neve che ti porter\u00e0 attraverso campi di neve scintillanti e boschi incantevoli. Senti l&#8217;aria fresca di montagna e goditi la tranquillit\u00e0 della natura mentre scopri nuove prospettive a ogni passo. Per un&#8217;avventura davvero speciale, ti consigliamo il nostro trekking con i lama, dove potrai conoscere da vicino questi dolci animali. Questi fedeli compagni rendono la tua escursione un&#8217;esperienza unica e aggiungono un tocco speciale al tuo tempo in montagna. E se sei alla ricerca di una pausa romantica, allora un giro in carrozza attraverso il paesaggio invernale innevato \u00e8 proprio quello che fa per te. Lasciati incantare dal dolce suono degli zoccoli e dalla fresca aria invernale mentre ti godi la bellezza delle Alpi tirolesi accoccolato in un&#8217;accogliente coperta. Vieni a trovarci e lasciati ispirare da queste magiche esperienze.[\/et_pb_text][\/et_pb_column][et_pb_column type=&#8221;1_2&#8243; _builder_version=&#8221;4.27.4&#8243; _module_preset=&#8221;default&#8221; global_colors_info=&#8221;{}&#8221;][et_pb_image src=&#8221;https:\/\/www.edelweiss.at\/wp-content\/uploads\/2025\/11\/Schneeschuhwandern-Kelmen-und-BerwangcTZA_C.-Jorda-138.jpg&#8221; title_text=&#8221;Escursioni con le ciaspole a Kelmen e Berwang(c)TZA_C. Jorda (138)&#8221; _builder_version=&#8221;4.27.4&#8243; _module_preset=&#8221;default&#8221; global_colors_info=&#8221;{}&#8221;][\/et_pb_image][\/et_pb_column][\/et_pb_row][\/et_pb_section]<\/p>\n","protected":false},"excerpt":{"rendered":"<p>Bellezza, sport e vitalit\u00e0 Tutto ci\u00f2 che ha un effetto positivo su corpo, mente e anima \u00e8 in offerta. Puoi rimettere in forma il tuo corpo per affrontare nuovi compiti nella nostra sala fitness interna. In combinazione con un massaggio rilassante o una visita alla zona balneare, potrai iniziare una nuova giornata di avventure pieno [&hellip;]<\/p>\n","protected":false},"author":4,"featured_media":0,"parent":0,"menu_order":24,"comment_status":"closed","ping_status":"closed","template":"","meta":{"_et_pb_use_builder":"on","_et_pb_old_content":"","_et_gb_content_width":"","footnotes":""},"class_list":["post-4751","page","type-page","status-publish","hentry"],"_links":{"self":[{"href":"https:\/\/www.edelweiss.at\/it\/wp-json\/wp\/v2\/pages\/4751","targetHints":{"allow":["GET"]}}],"collection":[{"href":"https:\/\/www.edelweiss.at\/it\/wp-json\/wp\/v2\/pages"}],"about":[{"href":"https:\/\/www.edelweiss.at\/it\/wp-json\/wp\/v2\/types\/page"}],"author":[{"embeddable":true,"href":"https:\/\/www.edelweiss.at\/it\/wp-json\/wp\/v2\/users\/4"}],"replies":[{"embeddable":true,"href":"https:\/\/www.edelweiss.at\/it\/wp-json\/wp\/v2\/comments?post=4751"}],"version-history":[{"count":12,"href":"https:\/\/www.edelweiss.at\/it\/wp-json\/wp\/v2\/pages\/4751\/revisions"}],"predecessor-version":[{"id":8058,"href":"https:\/\/www.edelweiss.at\/it\/wp-json\/wp\/v2\/pages\/4751\/revisions\/8058"}],"wp:attachment":[{"href":"https:\/\/www.edelweiss.at\/it\/wp-json\/wp\/v2\/media?parent=4751"}],"curies":[{"name":"wp","href":"https:\/\/api.w.org\/{rel}","templated":true}]}}